{"id":95,"date":"2019-07-26T04:33:53","date_gmt":"2019-07-26T02:33:53","guid":{"rendered":"https:\/\/www.neznamo.cz\/genealogie\/?page_id=95"},"modified":"2019-07-26T04:33:53","modified_gmt":"2019-07-26T02:33:53","slug":"odkazy-archivy-polsko","status":"publish","type":"page","link":"https:\/\/www.neznamo.cz\/genealogie\/odkazy-archivy-polsko\/","title":{"rendered":"Archivy Polsko"},"content":{"rendered":"<!-- Beginning of Link Library Output --><div id='linklist1' class='linklist'><!-- Div Linklist -->\n<div class=\"LinkLibraryCat LinkLibraryCat5 level0\"><!-- Div Category -->\n\t<ul>\n<li><strong><a href=\"http:\/\/agad.gov.pl\/\" id=\"link-746\" class=\"track_this_link  featured\" rel=\"noopener noreferrer nofollow\" target=\"_blank\">AGAD &#8211; Archiwum G\u0142\u00f3wne Akt Dawnych<\/a><\/strong>\n<br \/>Przechowuje wytworzone do 1918 r. akta w\u0142adz centralnych i cz\u0119\u015bciowo prowincjonalnych oraz archiwa rodzin o znaczeniu og\u00f3lnopolskim.\n<br \/><em>Aktualizace: 29. 11. 2019, 18:44<\/em><br \/>\u00a0<\/li>\n<li><strong><a href=\"http:\/\/www.agad.gov.pl\/inwentarze\/testy.html\" id=\"link-749\" class=\"track_this_link  featured\" rel=\"noopener noreferrer nofollow\" target=\"_blank\">AGAD &#8211; Ksi\u0119gi metrykalne z&nbsp;zasobu AGAD on-line<\/a><\/strong>\n<br \/>Rozcestn\u00edk k digitalizovan\u00fdm matrik\u00e1m ulo\u017een\u00fdm v AGAD )Archiwum G\u0142\u00f3wne Akt Dawnych). Je t\u0159eba zn\u00e1t vyzn\u00e1n\u00ed a oblast.\n<br \/><em>Aktualizace: 10. 8. 2019, 7:16<\/em><br \/>\u00a0<\/li>\n<li><strong><a href=\"http:\/\/agad.gov.pl\/?page_id=1599\" id=\"link-748\" class=\"track_this_link  featured\" rel=\"noopener noreferrer nofollow\" target=\"_blank\">AGAD &#8211; Spis zespo\u0142\u00f3w<\/a><\/strong>\n<br \/>Seznam fond\u016f, z nich\u017e mnoho odkaz\u016f vede rovnou na str\u00e1nku, kde je mo\u017en\u00e9 si prohl\u00e9dnout bu\u010f invent\u00e1\u0159 nebo rovnou digitalizovan\u00e9 archiv\u00e1lie z dan\u00e9ho fondu.\n<br \/><em>Aktualizace: 10. 8. 2019, 7:15<\/em><br \/>\u00a0<\/li>\n<li><strong><a href=\"https:\/\/siliusradicum.pl\/ksiegi-metrykalne\/\" id=\"link-769\" class=\"track_this_link  featured\" rel=\"noopener noreferrer nofollow\" target=\"_blank\">Ksi\u0119gi metrykalne z&nbsp;zasob\u00f3w Archiwum Pa\u0144stwowego w Katowicach<\/a><\/strong>\n<br \/>G\u00f3rno\u015bl\u0105skie Towarszystwo Genealogiczne \u201cSilius Radicum\u201d zve\u0159ej\u0148uje matri\u010dn\u00ed knihy ze St\u00e1tn\u00edho archivu v Katovic\u00edch. Pr\u016fb\u011b\u017en\u011b tak\u00e9 zpracov\u00e1vaj\u00ed indexy k matrik\u00e1m (menu &quot;Metryki i indexy&quot; &gt; &quot;Indexy metryk&quot;.)\n<br \/><em>Aktualizace: 11. 8. 2019, 3:01<\/em><br \/>\u00a0<\/li>\n<li><strong><a href=\"https:\/\/www.szukajwarchiwach.gov.pl\/\" id=\"link-683\" class=\"track_this_link  featured\" rel=\"noopener noreferrer nofollow\" target=\"_blank\">Szukaj w Archiwach nov\u00e1 verze<\/a><\/strong>\n<br \/>Nov\u00e1 verze hlavn\u00edho polsk\u00e9ho port\u00e1lu pro zve\u0159ej\u0148ov\u00e1n\u00ed v\u0161ech digitalizovan\u00fdch materi\u00e1l\u016f slou\u017e\u00ed z\u00e1rove\u0148 jako p\u0159ehled fond\u016f i jednotliv\u00fdch materi\u00e1l\u016f v t\u011bchto fondech. Oproti star\u00e9 verzi umo\u017e\u0148uje archiv\u016fm p\u0159id\u00e1vat materi\u00e1ly i informace o fondech pr\u016fb\u011b\u017en\u011b. Bohu\u017eel m\u00e1 mnohem hor\u0161\u00ed prohl\u00ed\u017ee\u010d sken\u016f, ale na druhou stranu umo\u017e\u0148uje stahov\u00e1n\u00ed cel\u00fdch digitalizovan\u00fdch materi\u00e1l\u016f (nap\u0159. matri\u010dn\u00ed knihu), a to zat\u00edm bez registrace.\n<br \/><em>Aktualizace: 29. 11. 2019, 19:24<\/em><br \/>\u00a0<\/li>\n<li><strong><a href=\"http:\/\/www.aan.gov.pl\/p,11,zasob-aan\" id=\"link-751\" class=\"track_this_link \" rel=\"noopener noreferrer nofollow\" target=\"_blank\">AAN &#8211; Archiwum Akt Nowych<\/a><\/strong>\n<br \/>Przechowuje wytworzone po 1918 r. akta w\u0142adz centralnych, instytucji i stowarzysze\u0144 o charakterze og\u00f3lnopolskim, spu\u015bcizny po wybitnych dzia\u0142aczach politycznych i spo\u0142ecznych. Odkaz vede na informaci o fondech.\n<br \/><em>Aktualizace: 10. 8. 2019, 7:17<\/em><br \/>\u00a0<\/li>\n<li><strong><a href=\"http:\/\/www.wbc.poznan.pl\/publication\/44646\" id=\"link-1104\" class=\"track_this_link \" rel=\"noopener noreferrer nofollow\" target=\"_blank\">Akta grodzkie i&nbsp;ziemskie Lw\u00f3w<\/a><\/strong>\n<br \/>Akta grodzkie i ziemskie z czas\u00f3w Rzeczypospolitej Polskiej z archiwum tak zwanego bernardy\u0144skiego we Lwowie w skutek fundacyi \u015bp. Alexandra hr. Stadnickiego. Wyd. staraniem Galicyjskiego Wydzia\u0142u Krajowego.T.1-24. Wielkopolska Biblioteka Cyfrowa.\n<br \/><em>Aktualizace: 20. 8. 2019, 5:06<\/em><br \/>\u00a0<\/li>\n<li><strong><a href=\"https:\/\/upjp2.edu.pl\/uniwersytet\/jednostki-poza--i-miedzywydzialowe\/archiwum-abpa-eugeniusza-baziaka-w-krakowie\/archiwum-arcybiskupa-eu-1.html\" id=\"link-1075\" class=\"track_this_link \" rel=\"noopener noreferrer nofollow\" target=\"_blank\">Archiwum abpa Eugeniusza Baziaka w Krakowie<\/a><\/strong>\n<br \/>Archiv pe\u010duje o archiv\u00e1lie, kter\u00e9 se poda\u0159ilo zachr\u00e1nit z p\u016fvodn\u00edho archivu arcidiec\u00e9ze lvovsk\u00e9 (archidiecezja lwowska) tedy obvody lwowski, iwanofrankiwski, tarnopolski a czerniowiecki. Sou\u010d\u00e1st\u00ed jsou tak\u00e9 matriky, jejich\u017e digitalizace se p\u0159ipravuje. Invent\u00e1\u0159 matrik lze st\u00e1hnout se str\u00e1nky archivu (je v doln\u00ed \u010d\u00e1sti: &quot;inwentarz_ksiag_metrykalnych_-_2019.pdf&quot;).\n<br \/><em>Aktualizace: 7. 5. 2022, 23:36<\/em><br \/>\u00a0<\/li>\n<li><strong><a href=\"http:\/\/www.archiwum.diecezja.torun.pl\/\" id=\"link-733\" class=\"track_this_link \" rel=\"noopener noreferrer nofollow\" target=\"_blank\">Archiwum Akt Dawnych Diecezji Toru\u0144skiej<\/a><\/strong>\n<br \/>Na zas\u00f3b toru\u0144skiego archiwum sk\u0142ada si\u0119 113 zespo\u0142\u00f3w archiwalnych, w kt\u00f3rych znajduje si\u0119 1158 ksi\u0105g metrykalnych. Archiv prov\u00e1d\u00ed placen\u00e9 re\u0161er\u0161e (kwerendy).\n<br \/><em>Aktualizace: 10. 8. 2019, 5:02<\/em><br \/>\u00a0<\/li>\n<li><strong><a href=\"https:\/\/archiwum.diecezja.lublin.pl\/\" id=\"link-716\" class=\"track_this_link \" rel=\"noopener noreferrer nofollow\" target=\"_blank\">Archiwum Archidiecezjalne Lubelskie<\/a><\/strong>\n<br \/>Osobne zespo\u0142y przechowywane w archiwum archidiecezjalnym tworz\u0105... duplikaty ksi\u0105g metrykalnych z poszczeg\u00f3lnych parafii archidiecezji lubelskiej od 1946 roku. Informaci o tom, kde se nach\u00e1zej\u00ed star\u0161\u00ed matriky jsem nena\u0161la.\n<br \/><em>Aktualizace: 10. 8. 2019, 3:55<\/em><br \/>\u00a0<\/li>\n<li><strong><a href=\"https:\/\/www.diecezja.gda.pl\/instytucje-25162\/archiwum-archidiecezji-gdanskiej-25184\" id=\"link-712\" class=\"track_this_link \" rel=\"noopener noreferrer nofollow\" target=\"_blank\">Archiwum Archidiecezjalne w Gda\u0144sku<\/a><\/strong>\n<br \/>Je zve\u0159ejn\u011bn pouze kontakt, seznam fond\u016f chyb\u00ed.\n<br \/><em>Aktualizace: 6. 2. 2021, 11:41<\/em><br \/>\u00a0<\/li>\n<li><strong><a href=\"http:\/\/www.archiwum.archidiecezja.pl\/pl\/katalog-on-line.html\" id=\"link-713\" class=\"track_this_link \" rel=\"noopener noreferrer nofollow\" target=\"_blank\">Archiwum Archidiecezjalne w Gnie\u017anie<\/a><\/strong>\n<br \/>Akta parafialne: ksi\u0119gi metrykalne ochrzczonych (libri baptisatorum), za\u015blubionych (libri copulatorum) oraz zmar\u0142ych (libri mortuorum), najstarsze z nich pochodz\u0105 z ko\u0144ca XVI wieku. Zbi\u00f3r ten zosta\u0142 ca\u0142kowicie zmikrofilmowany. Jazykov\u00e9 verze str\u00e1nky: polsky, anglicky, n\u011bmecky. Odkaz vede na katalog matrik.\n<br \/><em>Aktualizace: 10. 8. 2019, 3:43<\/em><br \/>\u00a0<\/li>\n<li><strong><a href=\"https:\/\/archiwum.archidiecezjakatowicka.pl\/pl\/index\/databases\" id=\"link-714\" class=\"track_this_link \" rel=\"noopener noreferrer nofollow\" target=\"_blank\">Archiwum Archidiecezjalne w Katowicach<\/a><\/strong>\n<br \/>Archiv poskytuje placenou slu\u017ebu genealogick\u00e9 re\u0161er\u0161e (kwerenda genealogiczna). Mnoho matrik maj\u00ed digitalizovan\u00fdch, ale jsou dostupn\u00e9 k prohl\u00ed\u017een\u00ed pouze v badateln\u011b archivu. Jazykov\u00e9 verze str\u00e1nky: polsky, anglicky, n\u011bmecky. Odkaz vede na vyhled\u00e1v\u00e1n\u00ed v datab\u00e1zi archiv\u00e1li\u00ed.\n<br \/><em>Aktualizace: 21. 11. 2020, 20:28<\/em><br \/>\u00a0<\/li>\n<li><strong><a href=\"https:\/\/archiwum.diecezja.pl\/kopie-ksiag-metrykalnych\/\" id=\"link-1073\" class=\"track_this_link \" rel=\"noopener noreferrer nofollow\" target=\"_blank\">Archiwum Archidiecezjalne w Krakowie &#8211; Poszukiwanie przodk\u00f3w<\/a><\/strong>\n<br \/>Z\u00e1kladn\u00ed informace o hled\u00e1n\u00ed p\u0159edk\u016f na \u00fazem\u00ed arcidiec\u00e9ze i s pot\u0159ebn\u00fdmi odkazy\n<br \/><em>Aktualizace: 20. 8. 2019, 2:29<\/em><br \/>\u00a0<\/li>\n<li><strong><a href=\"https:\/\/archiwum.diecezja.pl\/wp-content\/uploads\/sites\/2\/2019\/03\/SPIS-METRYK-aktualny.pdf\" id=\"link-1074\" class=\"track_this_link \" rel=\"noopener noreferrer nofollow\" target=\"_blank\">Archiwum Archidiecezjalne w Krakowie &#8211; Spis kopii ksi\u0105g metrykalnych<\/a><\/strong>\n<br \/>Seznam duplik\u00e1t\u016f matri\u010dn\u00edch knih, kter\u00e9 jsou dostupn\u00e9 v archivu je v PDF.\n<br \/><em>Aktualizace: 20. 8. 2019, 2:30<\/em><br \/>\u00a0<\/li>\n<li><strong><a href=\"http:\/\/archidiecezja.lodz.pl\/archiwum\/\" id=\"link-717\" class=\"track_this_link \" rel=\"noopener noreferrer nofollow\" target=\"_blank\">Archiwum Archidiecezjalne w \u0141odzi<\/a><\/strong>\n<br \/>Akta parafii i klasztor\u00f3w z obszaru diecezji \u0142\u00f3dzkiej z czasu przynale\u017cno\u015bci ich do archidiecezji gnie\u017anie\u0144skiej, a potem archidiecezji warszawskiej i diecezji w\u0142oc\u0142awskiej (XV-XX w.). Zmikrofilmowano ksi\u0119gi metrykalne (od zaistnienia ksi\u0105g do 1900 r.).\n<br \/><em>Aktualizace: 10. 8. 2019, 3:58<\/em><br \/>\u00a0<\/li>\n<li><strong><a href=\"http:\/\/aap.poznan.pl\/\" id=\"link-719\" class=\"track_this_link \" rel=\"noopener noreferrer nofollow\" target=\"_blank\">Archiwum Archidiecezjalne w Poznaniu<\/a><\/strong>\n<br \/>Zbiory Specjalne: Zbiory metrykalne. Jazykov\u00e9 verze str\u00e1nky: polsky, anglicky, n\u011bmecky. Odkaz vede na str\u00e1nku z\u00e1kladn\u00edch informaci o vyhled\u00e1n\u00ed archiv\u00e1li\u00ed (v\u010detn\u011b matrik) s odkazem do datab\u00e1ze (AAPoz).\n<br \/><em>Aktualizace: 10. 8. 2019, 4:07<\/em><br \/>\u00a0<\/li>\n<li><strong><a href=\"http:\/\/www.archiwum.szczecin.pl\/?id=28\" id=\"link-720\" class=\"track_this_link \" rel=\"noopener noreferrer nofollow\" target=\"_blank\">Archiwum Archidiecezjalne w Szczecinie<\/a><\/strong>\n<br \/>W sk\u0142ad zasobu Archiwum Archidiecezjalnego w Szczecinie wchodz\u0105 archiwa wytworzone przez instytucje (urz\u0119dy) ko\u015bcielne na terenie Archidiecezji Szczeci\u0144sko-Kamie\u0144skiej wzgl\u0119dnie przez te instytucje odziedziczone, otrzymane lub nabyte. Archiv poskytuje placenou slu\u017ebu genealogick\u00e9 re\u0161er\u0161e (kwerenda genealogiczna). Odkaz vede na seznam matrik.\n<br \/><em>Aktualizace: 10. 8. 2019, 4:13<\/em><br \/>\u00a0<\/li>\n<li><strong><a href=\"https:\/\/archiwum.mkw.pl\/zasob\/\" id=\"link-721\" class=\"track_this_link \" rel=\"noopener noreferrer nofollow\" target=\"_blank\">Archiwum Archidiecezjalne Warszawskie<\/a><\/strong>\n<br \/>Odkaz vede na str\u00e1nku s p\u0159ehledem dostupn\u00fdch matrik (po kliknut\u00ed na n\u00e1zev se otev\u0159e PDF soubor). V\u011bt\u0161ina matrik se nach\u00e1z\u00ed pod n\u00e1zvem &quot;Tabela ksi\u0105g metrykalnych&quot;. Archiv re\u0161er\u0161e pravd\u011bpodobn\u011b neprov\u00e1n\u00ed.\n<br \/><em>Aktualizace: 6. 2. 2021, 11:43<\/em><br \/>\u00a0<\/li>\n<li><strong><a href=\"http:\/\/www.archidiecezja.wroc.pl\/index.php?option=com_content&#038;view=article&#038;id=223&#038;Itemid=247\" id=\"link-722\" class=\"track_this_link \" rel=\"noopener noreferrer nofollow\" target=\"_blank\">Archiwum Archidiecezjalne we Wroc\u0142awiu<\/a><\/strong>\n<br \/>Je zve\u0159ejn\u011bn pouze kontakt, seznam fond\u016f chyb\u00ed.\n<br \/><em>Aktualizace: 10. 8. 2019, 4:19<\/em><br \/>\u00a0<\/li>\n<li><strong><a href=\"http:\/\/www.aacz.czestochowa.pl\/\" id=\"link-711\" class=\"track_this_link \" rel=\"noopener noreferrer nofollow\" target=\"_blank\">Archiwum Archidiecezji Cz\u0119stochowskiej<\/a><\/strong>\n<br \/>Ksi\u0119gi metrykalne (sygn. KM) zawieraj\u0105 5016 wolumin\u00f3w, kt\u00f3re pochodz\u0105 ze 126 parafii terytorialnie nale\u017c\u0105cych po 1925 roku do diecezji cz\u0119stochowskiej oraz 3 parafii z archidiecezji \u0142\u00f3dzkiej i 2 parafii diecezji w\u0142oc\u0142awskiej. Zesp\u00f3\u0142 ksi\u0105g metrykalnych obejmuje okres od ko\u0144ca XVI wieku, a\u017c do drugiej wojny \u015bwiatowej.\n<br \/><em>Aktualizace: 10. 8. 2019, 3:34<\/em><br \/>\u00a0<\/li>\n<li><strong><a href=\"http:\/\/archwarmia.pl\/instytucje\/archiwum-archidiecezji-warminskiej\/\" id=\"link-718\" class=\"track_this_link \" rel=\"noopener noreferrer nofollow\" target=\"_blank\">Archiwum Archidiecezji Warmi\u0144skiej w Olsztynie<\/a><\/strong>\n<br \/>Je zve\u0159ejn\u011bn pouze kontakt, seznam fond\u016f chyb\u00ed.\n<br \/><em>Aktualizace: 10. 8. 2019, 4:01<\/em><br \/>\u00a0<\/li>\n<li><strong><a href=\"http:\/\/www.archiwum.diecezja.kielce.pl\/\" id=\"link-724\" class=\"track_this_link \" rel=\"noopener noreferrer nofollow\" target=\"_blank\">Archiwum Diecezjalne w Kielcach<\/a><\/strong>\n<br \/>Je zve\u0159ejn\u011bn pouze kontakt, seznam fond\u016f chyb\u00ed. vypad\u00e1 to, \u017ee jsou str\u00e1nky p\u0159ipraven\u00e9 na p\u0159id\u00e1v\u00e1n\u00ed dal\u0161\u00edch informac\u00ed.\n<br \/><em>Aktualizace: 10. 8. 2019, 4:29<\/em><br \/>\u00a0<\/li>\n<li><strong><a href=\"http:\/\/archiwum.diecezja.opole.pl\/digitalizacja\" id=\"link-1520\" class=\"track_this_link \" rel=\"noopener noreferrer nofollow\" target=\"_blank\">Archiwum Diecezjalne w Opolu &#8211; Digitalizacja<\/a><\/strong>\n<br \/>P\u0159\u00edstup k digitalizovan\u00fdm matrik\u00e1m farnost\u00ed spadaj\u00edc\u00edch pod opolskou diec\u00e9zi. \u010citeln\u00e9 pozitivy jsou p\u0159\u00edstupn\u00e9 z odkazu &quot;Kopie u\u017cytkowe&quot; (z odkazu &quot;Kopie wzorcowe&quot; jsou dostupn\u00e9 negativy). Aplikace na prohl\u00ed\u017een\u00ed sken\u016f neexistuje, prohl\u00ed\u017e\u00ed se jednotliv\u00e9 obr\u00e1zky jako v internetov\u00e9 dob\u011b kamenn\u00e9. Seznam matrik je dostupn\u00fd z odkazu v \u00favodu str\u00e1nky &quot;Spis poszczeg\u00f3lnych ksi\u0105g znajduje si\u0119 Tutaj&quot;. Skeny by snad m\u011bly b\u00fdt letos p\u0159eneseny do nov\u00e9 verze port\u00e1lu Szukaj w archiwach.\n<br \/><em>Aktualizace: 21. 2. 2020, 5:29<\/em><br \/>\u00a0<\/li>\n<li><strong><a href=\"https:\/\/archiwumplock.pl\/uslugi-archiwalne\/\" id=\"link-2070\" class=\"track_this_link \" rel=\"noopener noreferrer nofollow\" target=\"_blank\">Archiwum Diecezjalne w P\u0142ocku<\/a><\/strong>\n<br \/>Odkaz vede rovnou na str\u00e1nku s objedn\u00e1vkou re\u0161er\u0161e v matrik\u00e1ch nebo term\u00ednu do badatelny, cen\u00edk je na str\u00e1nce tak\u00e9.\n<br \/><em>Aktualizace: 2. 2. 2022, 17:59<\/em><br \/>\u00a0<\/li>\n<li><strong><a href=\"https:\/\/diecezja.rzeszow.pl\/archiwum-diecezjalne\/\" id=\"link-730\" class=\"track_this_link \" rel=\"noopener noreferrer nofollow\" target=\"_blank\">Archiwum Diecezjalne w Rzeszowie<\/a><\/strong>\n<br \/>Jsou zve\u0159ejn\u011bny pouze z\u00e1kladn\u00ed informace, popis fond\u016f chyb\u00ed. Archiv re\u0161er\u0161e pravd\u011bpodobn\u011b neprov\u00e1n\u00ed.\n<br \/><em>Aktualizace: 6. 2. 2021, 11:46<\/em><br \/>\u00a0<\/li>\n<li><strong><a href=\"https:\/\/diecezja.siedlce.pl\/instytucje\/archiwum-diecezjalne\/\" id=\"link-731\" class=\"track_this_link \" rel=\"noopener noreferrer nofollow\" target=\"_blank\">Archiwum Diecezjalne w Siedlcach<\/a><\/strong>\n<br \/>Je zve\u0159ejn\u011bn pouze kontakt, seznam fond\u016f chyb\u00ed.\n<br \/><em>Aktualizace: 10. 8. 2019, 4:51<\/em><br \/>\u00a0<\/li>\n<li><strong><a href=\"http:\/\/archiwum.diecezja.tarnow.pl\/\" id=\"link-732\" class=\"track_this_link \" rel=\"noopener noreferrer nofollow\" target=\"_blank\">Archiwum Diecezjalne w Tarnowie<\/a><\/strong>\n<br \/>Archiv se star\u00e1 o matri\u010dn\u00ed knihy z t\u011bchto diec\u00e9z\u00ed: diecezja tarnowska, diecezja sandomierska, diecezja rzeszowska. Archiv prov\u00e1d\u00ed placen\u00e9 re\u0161er\u0161e (kwerendy).\n<br \/><em>Aktualizace: 2. 5. 2021, 13:34<\/em><br \/>\u00a0<\/li>\n<li><strong><a href=\"http:\/\/www.archiwum.diecezjazg.pl\/index.php\/zasoby-archiwalne\/\" id=\"link-739\" class=\"track_this_link \" rel=\"noopener noreferrer nofollow\" target=\"_blank\">Archiwum Diecezjalne w Zielonej G\u00f3rze<\/a><\/strong>\n<br \/>Odkaz vede na seznam archiv\u00e1li\u00ed v\u010detn\u011b matrik \u0159\u00edmskokatolick\u00fdch i civiln\u00edch. U n\u011bkter\u00fdch polo\u017eek vede odkaz na podrobnosti (nap\u0159. p\u0159esn\u00fd seznam matrik). Archiv neprov\u00e1d\u00ed re\u0161er\u0161e.\n<br \/><em>Aktualizace: 10. 8. 2019, 5:35<\/em><br \/>\u00a0<\/li>\n<li><strong><a href=\"https:\/\/diecezja.waw.pl\/instytucje\/archiwum-diecezjalne\" id=\"link-734\" class=\"track_this_link \" rel=\"noopener noreferrer nofollow\" target=\"_blank\">Archiwum Diecezjalne Warszawsko-Praskie<\/a><\/strong>\n<br \/>Archiwum udost\u0119pnia dokumenty, od kt\u00f3rych wytworzenia up\u0142yn\u0119\u0142o 50 lat. Dla ksi\u0105g metrykalnych i stanu cywilnego okres ten wynosi stosownie: dla ksi\u0105g Chrzt\u00f3w \u2013 100 lat, ma\u0142\u017ce\u0144stw \u2013 80 lat, zgon\u00f3w \u2013 50 lat. Na str\u00e1nce je za odkazem &quot;spisem zasob\u00f3w&quot; seznam fond\u016f v PDF. Archiv re\u0161er\u0161e pravd\u011bpodobn\u011b neprov\u00e1n\u00ed.\n<br \/><em>Aktualizace: 29. 11. 2019, 18:48<\/em><br \/>\u00a0<\/li>\n<li><strong><a href=\"https:\/\/archiwum.diecezja.elblag.pl\/\" id=\"link-723\" class=\"track_this_link \" rel=\"noopener noreferrer nofollow\" target=\"_blank\">Archiwum Diecezji Elbl\u0105skiej<\/a><\/strong>\n<br \/>Jsou zve\u0159ejn\u011bny pouze z\u00e1kladn\u00ed informace s \u010d\u00e1ste\u010dn\u00fdmi uk\u00e1zkami fond\u016f.\n<br \/><em>Aktualizace: 6. 2. 2021, 11:48<\/em><br \/>\u00a0<\/li>\n<li><strong><a href=\"http:\/\/www.archiwum.koszalin.opoka.org.pl\/ksiegi.html\" id=\"link-725\" class=\"track_this_link \" rel=\"noopener noreferrer nofollow\" target=\"_blank\">Archiwum Diecezji Koszali\u0144sko-Ko\u0142obrzeskiej<\/a><\/strong>\n<br \/>Archiv opatruje matriky \u0159\u00edmskokatolick\u00e9 i evangelick\u00e9. Odkaz vede na rozcestn\u00edk k seznam\u016fm matrik. Archiv re\u0161er\u0161e pravd\u011bpodobn\u011b neprov\u00e1n\u00ed.\n<br \/><em>Aktualizace: 10. 8. 2019, 4:34<\/em><br \/>\u00a0<\/li>\n<li><strong><a href=\"https:\/\/www.diecezja-pelplin.pl\/instytucje\/archiwum-diecezjalne\" id=\"link-727\" class=\"track_this_link \" rel=\"noopener noreferrer nofollow\" target=\"_blank\">Archiwum Diecezji Pelpli\u0144skiej<\/a><\/strong>\n<br \/>Jsou zve\u0159ejn\u011bny pouze z\u00e1kladn\u00ed informace s \u010d\u00e1ste\u010dn\u00fdm popisem fond\u016f (matriky nejsou p\u0159esn\u011b specifikov\u00e1ny, ale na str\u00e1nce &quot;PTG Pomorskie Towarzystwo Genealogiczne&quot; jsou zve\u0159ej\u0148ov\u00e1ny dokonce p\u0159epsan\u00e9 indexy knih). Archiv re\u0161er\u0161e pravd\u011bpodobn\u011b neprov\u00e1n\u00ed.\n<br \/><em>Aktualizace: 10. 8. 2019, 4:47<\/em><br \/>\u00a0<\/li>\n<li><strong><a href=\"https:\/\/www.diecezja.swidnica.pl\/instytucje\/archiwum-diecezjane.html\" id=\"link-1896\" class=\"track_this_link \" rel=\"noopener noreferrer nofollow\" target=\"_blank\">Archiwum Diecezji \u015awidnickiej<\/a><\/strong>\n<br \/>Na str\u00e1nce je pouze zve\u0159ejn\u011bno p\u0159\u00edjmen\u00ed referenta.\n<br \/><em>Aktualizace: 2. 5. 2021, 13:32<\/em><br \/>\u00a0<\/li>\n<li><strong><a href=\"http:\/\/bonifratrzy-archiwum.pl\/index.php\/content,,44,1\/\" id=\"link-742\" class=\"track_this_link \" rel=\"noopener noreferrer nofollow\" target=\"_blank\">Archiwum i&nbsp;Biblioteka OO. Bonifratr\u00f3w w Cieszynie<\/a><\/strong>\n<br \/>Archiv z\u0159ejm\u011b nespravuje matriky, ale na\u0161la jsem digitalizovan\u00e9 nemocni\u010dn\u00ed a \u00famrtn\u00ed protokoly z r\u016fzn\u00fdch let v podob\u011b datov\u011b velk\u00fdch PDF soubor\u016f. Odkaz vede na seznam takto digitalizovan\u00fdch materi\u00e1l\u016f.\n<br \/><em>Aktualizace: 10. 8. 2019, 5:45<\/em><br \/>\u00a0<\/li>\n<li><strong><a href=\"https:\/\/archibial.pl\/instytucje\/archiwum-i-muzeum-archidiecezjalne\/\" id=\"link-709\" class=\"track_this_link \" rel=\"noopener noreferrer nofollow\" target=\"_blank\">Archiwum i&nbsp;Muzeum Archidiecezjalne w Bia\u0142ymstoku<\/a><\/strong>\n<br \/>Archiwum Metryczne udost\u0119pnia ksi\u0119gi do poszukiwa\u0144 dla cel\u00f3w genealogicznych w czwartki i pi\u0105tki w godz. 9.30-12.00 po uprzednim kontakcie telefonicznym. Ponadto nieodzowna jest znajomo\u015b\u0107 j\u0119zyka rosyjskiego, gdy\u017c wiele metryk jest spisanych w tym j\u0119zyku. W poszukiwaniach genealogicznych mo\u017cna korzysta\u0107 z ksi\u0105g metrycznych maj\u0105cych wi\u0119cej ni\u017c 100 lat. Archiwum Metryczne posiada odpisy ksi\u0105g metrycznych (w sumie 1 041 wolumin\u00f3w) od 1865 r. do roku bie\u017c\u0105cego. Odpisy s\u0105 u\u0142o\u017cone wed\u0142ug nast\u0119puj\u0105cych dekanat\u00f3w: Dekanat Bia\u0142ystok - 430 ksi\u0105g; Dekanat Korycin - 64 ksi\u0119gi; Dekanat Krynki - 81 ksi\u0105g; Dekanat Knyszyn - 93 ksi\u0119gi; Dekanat D\u0105browa Bia\u0142ostocka - 74 ksi\u0119gi; Dekanat Sok\u00f3\u0142ka - 182 ksi\u0119gi; Dekanat Grodno - (1865-1937) - 92 ksi\u0119gi; Dekanat \u0141unna - (1922-1937) - 25 ksi\u0105g.\n<br \/><em>Aktualizace: 29. 11. 2019, 18:49<\/em><br \/>\u00a0<\/li>\n<li><strong><a href=\"http:\/\/archiwumkresowe.pl\/\" id=\"link-740\" class=\"track_this_link \" rel=\"noopener noreferrer nofollow\" target=\"_blank\">Archiwum Kresowe<\/a><\/strong>\n<br \/>Przy Archiwum Diecezjalnym w Zielonej G\u00f3rze powo\u0142ane zosta\u0142o Archiwum Kresowe. Stanowi odr\u0119bny dzia\u0142 archiwalny Archiwum Diecezjalnego w Zielonej G\u00f3rze. Gromadzi i udost\u0119pnia materia\u0142y dotycz\u0105ce przesz\u0142o\u015bci Kresowian mieszkaj\u0105cych na terenie diecezji zielonog\u00f3rsko-gorzowskiej a tak\u017ce niemieckiego dziedzictwa obszaru na kt\u00f3rym zamieszkali.\n<br \/><em>Aktualizace: 29. 11. 2019, 18:49<\/em><br \/>\u00a0<\/li>\n<li><strong><a href=\"https:\/\/ank.gov.pl\/co-robimy\/zasob-i-udostepnianie\/informacje-o-archiwaliach\/zbiory-online\/\" id=\"link-774\" class=\"track_this_link \" rel=\"noopener noreferrer nofollow\" target=\"_blank\">Archiwum Narodowe w Krakowie &#8211; Zbiory online<\/a><\/strong>\n<br \/>Str\u00e1nka se seznamem digitalizovan\u00fdch fond\u016f St\u00e1tn\u00edho archivu v Krakov\u011b s odkazy na jednotliv\u00e9 materi\u00e1ly.\n<br \/><em>Aktualizace: 11. 8. 2019, 3:44<\/em><br \/>\u00a0<\/li>\n<li><strong><a href=\"http:\/\/www.mogila.cystersi.pl\/index.php?option=com_content&#038;view=category&#038;layout=blog&#038;id=41&#038;Itemid=136\" id=\"link-743\" class=\"track_this_link \" rel=\"noopener noreferrer nofollow\" target=\"_blank\">Archiwum oo. Cysters\u00f3w w Mogile<\/a><\/strong>\n<br \/>Jsou zve\u0159ejn\u011bny pouze z\u00e1kladn\u00ed informace, seznam fond\u016f chyb\u00ed.\n<br \/><em>Aktualizace: 10. 8. 2019, 5:48<\/em><br \/>\u00a0<\/li>\n<li><strong><a href=\"http:\/\/www.franciszkanie-warszawa.pl\/?page_id=3716\" id=\"link-744\" class=\"track_this_link \" rel=\"noopener noreferrer nofollow\" target=\"_blank\">Archiwum oo. Franciszkan\u00f3w w Warszawie<\/a><\/strong>\n<br \/>Str\u00e1nka je jednoduch\u00e1, ale obsahuje i z\u00e1kladn\u00ed informace o fondech - nutno &quot;rozkliknout&quot; poli\u017eku &quot;Zas\u00f3b Archivum&quot;, kter\u00e1 je trochu n\u00ed\u017ee na str\u00e1nce. Archiv z\u0159ejm\u011b nepe\u010duje o matriky.\n<br \/><em>Aktualizace: 10. 8. 2019, 5:52<\/em><br \/>\u00a0<\/li>\n<li><strong><a href=\"https:\/\/www.katowice.ap.gov.pl\/p,95,zbiory-online\" id=\"link-775\" class=\"track_this_link \" rel=\"noopener noreferrer nofollow\" target=\"_blank\">Archiwum Pa\u0144stwowe w Katowicach &#8211; Zbiory online<\/a><\/strong>\n<br \/>Str\u00e1nka s rozcestn\u00edkem k seznam\u016fm digitalizovan\u00fdch fond\u016f St\u00e1tn\u00edho archivu v Katovic\u00edch. Seznamy fond\u016f obsahuj\u00ed tak\u00e9 odkazy na jednotliv\u00e9 materi\u00e1ly.\n<br \/><em>Aktualizace: 11. 8. 2019, 3:50<\/em><br \/>\u00a0<\/li>\n<li><strong><a href=\"http:\/\/lublin.ap.gov.pl\/zasob\/zbiory-online\/\" id=\"link-776\" class=\"track_this_link \" rel=\"noopener noreferrer nofollow\" target=\"_blank\">Archiwum Pa\u0144stwowe w Lublinie &#8211; Zbiory online<\/a><\/strong>\n<br \/>Str\u00e1nka s rozcestn\u00edkem k seznam\u016fm digitalizovan\u00fdch fond\u016f St\u00e1tn\u00edho archivu v Liblin\u011b. Seznamy fond\u016f obsahuj\u00ed tak\u00e9 odkazy na jednotliv\u00e9 materi\u00e1ly.\n<br \/><em>Aktualizace: 11. 8. 2019, 3:57<\/em><br \/>\u00a0<\/li>\n<li><strong><a href=\"http:\/\/www.przemysl.ap.gov.pl\/skany\/\" id=\"link-777\" class=\"track_this_link \" rel=\"noopener noreferrer nofollow\" target=\"_blank\">Archiwum Pa\u0144stwowe w Przemy\u015blu &#8211; Wyszukiwarka materia\u0142\u00f3w zdigitalizowanych<\/a><\/strong>\n<br \/>Aplikace pro zve\u0159ej\u0148ov\u00e1n\u00ed digitalizovan\u00fdch materi\u00e1l\u016f St\u00e1tn\u00edho archivu v P\u0159emy\u0161li. N\u00e1zev obce se p\u00ed\u0161e do &quot;Opis jednostki&quot;. Zve\u0159ej\u0148uje hlavn\u011b katastr\u00e1ln\u00ed mapy a dokumenty (nap\u0159. parceln\u00ed protokoly), ale i jin\u00e9 materi\u00e1ly, v\u010detn\u011b n\u011bkter\u00fdch matrik.\n<br \/><em>Aktualizace: 11. 8. 2019, 5:51<\/em><br \/>\u00a0<\/li>\n<li><strong><a href=\"http:\/\/www.rzeszow.ap.gov.pl\/zasob-i-udostepnianie\/informacje-o-archiwaliach\/\" id=\"link-779\" class=\"track_this_link \" rel=\"noopener noreferrer nofollow\" target=\"_blank\">Archiwum Pa\u0144stwowe w Rzeszowie &#8211; Udost\u0119pnianie zasobu<\/a><\/strong>\n<br \/>St\u00e1tn\u00ed archiv v \u0158e\u0161ov\u011b - informace pro \u017eadatele o re\u0161er\u0161e.\n<br \/><em>Aktualizace: 6. 2. 2021, 11:53<\/em><br \/>\u00a0<\/li>\n<li><strong><a href=\"https:\/\/www.siedlce.ap.gov.pl\/p,65,udostepnianie-zasobow\" id=\"link-785\" class=\"track_this_link \" rel=\"noopener noreferrer nofollow\" target=\"_blank\">Archiwum Pa\u0144stwowe w Siedlcach &#8211; Udost\u0119pnianie zasob\u00f3w<\/a><\/strong>\n<br \/>St\u00e1tn\u00ed archiv v Siedlc\u00edch - informace o tom, kde a jak je mo\u017en\u00e9 prohl\u00ed\u017eet archiv\u00e1lie a jak lze \u017e\u00e1dat o re\u0161er\u0161e.\n<br \/><em>Aktualizace: 6. 2. 2021, 11:57<\/em><br \/>\u00a0<\/li>\n<li><strong><a href=\"https:\/\/www.szczecin.ap.gov.pl\/iCmsModuleArchPublic\/showDocuments\/nrap\/65\" id=\"link-2375\" class=\"track_this_link \" rel=\"noopener noreferrer nofollow\" target=\"_blank\">Archiwum Pa\u0144stwowe w Szczecinie &#8211; Materia\u0142y zdigitalizowane<\/a><\/strong>\n<br \/>Str\u00e1nka s vyhled\u00e1vac\u00edm formul\u00e1\u0159em k digitalizovan\u00fdm fond\u016fm St\u00e1tn\u00edho archivu ve \u0160t\u011bt\u00edn\u011b (Stettin), a to v\u010detn\u011b matrik. Prohl\u00ed\u017een\u00ed materi\u00e1l\u016f je \u0159e\u0161eno velmi ne\u0161\u0165astn\u011b.\n<br \/><em>Aktualizace: 23. 1. 2023, 20:40<\/em><br \/>\u00a0<\/li>\n<li><strong><a href=\"https:\/\/www.ap.wroc.pl\/lista-opublikowanych-skanow\" id=\"link-787\" class=\"track_this_link \" rel=\"noopener noreferrer nofollow\" target=\"_blank\">Archiwum Pa\u0144stwowe w Wroc\u0142awiu &#8211; Lista opublikowanych skan\u00f3w<\/a><\/strong>\n<br \/>Str\u00e1nka se seznamem digitalizovan\u00fdch fond\u016f St\u00e1tn\u00edho archivu ve Vratislavi s odkazy na jednotliv\u00e9 materi\u00e1ly. Pod tento archiv spad\u00e1 tak\u00e9 Kladsko.\n<br \/><em>Aktualizace: 29. 11. 2019, 18:50<\/em><br \/>\u00a0<\/li>\n<li><strong><a href=\"http:\/\/www.cmjw.pl\/zbiory-cyfrowe\/\" id=\"link-689\" class=\"track_this_link \" rel=\"noopener noreferrer nofollow\" target=\"_blank\">Centralne Muzeum Je\u0144c\u00f3w Wojennych<\/a><\/strong>\n<br \/>Polsk\u00e9 Centr\u00e1ln\u00ed muzeum v\u00e1le\u010dn\u00fdch zajatc\u016f zve\u0159ejnilo dva fondy z II. sv\u011btov\u00e9 v\u00e1lky, kter\u00e9 mohou pomoci hledat zajatce (vojensk\u00e9 i civiln\u00ed) s polsk\u00fdm ob\u010danstv\u00edm: &quot;Deutsches Rotes Kreuz. Pr\u00e4sidium&quot; a &quot;Wehrmachtauskunftstelle f\u00fcr Kriegerverluste und Kriegsgefangene&quot;.\n<br \/><em>Aktualizace: 9. 8. 2019, 3:58<\/em><br \/>\u00a0<\/li>\n<li><strong><a href=\"https:\/\/caak.upjp2.edu.pl\/\" id=\"link-2222\" class=\"track_this_link \" rel=\"noopener noreferrer nofollow\" target=\"_blank\">Cyfrowe Archiwum Archidiecezji Krakowskiej<\/a><\/strong>\n<br \/>Port\u00e1l, kter\u00fd by m\u011bl zve\u0159ej\u0148ovat digitalizovan\u00e9 materi\u00e1ly (v\u010detn\u011b matri\u010dn\u00edch knih) z n\u011bkter\u00fdch polsk\u00fdch c\u00edrkevn\u00edch archiv\u016f, v\u010detn\u011b archivu ze Lvova. Jedn\u00e1 se o tyto archivy: Archiwum Archidiecezji Lwowskiej (tzw. Archiwum im. Arcybiskupa Eugeniusza Baziaka), Archiwum Kurii Metropolitalnej w Krakowie a Archiwum Diecezji Bielsko-\u017bywieckiej. Aktu\u00e1ln\u011b (\u00fanor 2023) je zve\u0159ejn\u011bno mno\u017estv\u00ed matrik z Archiwum Diecezji Bielsko-\u017bywieckiej (v\u010detn\u011b matrik T\u011b\u0161\u00edna). Na matriky z dal\u0161\u00edch archiv\u016f si budeme muset po\u010dkat (mo\u017en\u00e1 i dost dlouho).\n<br \/><em>Aktualizace: 27. 2. 2023, 16:30<\/em><br \/>\u00a0<\/li>\n<li><strong><a href=\"https:\/\/www.familysearch.org\/search\/collection\/4110912\" id=\"link-2246\" class=\"track_this_link \" rel=\"noopener noreferrer nofollow\" target=\"_blank\">Deutschland, Preu\u00dfen, Ostpreu\u00dfen, Katholische und Lutherisch Kirchenb\u00fccher, 1551-1992<\/a><\/strong>\n<br \/>Na FamilySearch lze nyn\u00ed vyhled\u00e1vat v datab\u00e1zi matri\u010dn\u00edch z\u00e1znam\u016f katolick\u00fdch a luter\u00e1nsk\u00fdch c\u00edrkv\u00ed v Polsku a N\u011bmecku pro V\u00fdchodn\u00ed Prusko (zahrnovalo \u00fazem\u00ed, kter\u00e9 se nyn\u00ed nach\u00e1z\u00ed v Polsku, v Litv\u011b a v Kaliningradsk\u00e9 oblasti Ruska). \u0158\u00edmskokatolick\u00e9 matriky jsou ve v\u00fdsledc\u00edch vyhled\u00e1v\u00e1n\u00ed uvedeny jako luter\u00e1nsk\u00e9 (to je obvykl\u00e1 bolest port\u00e1lu). K n\u011bkter\u00fdm sken\u016fm se d\u00e1 dostat pouze po p\u0159ihl\u00e1\u0161en\u00ed z mormonsk\u00fdch center.\n<br \/><em>Aktualizace: 22. 6. 2022, 4:10<\/em><br \/>\u00a0<\/li>\n<li><strong><a href=\"https:\/\/www.familysearch.org\/search\/image\/index?owc=QVHX-3VZ%3A180600901%3Fcc%3D1910265\" id=\"link-1484\" class=\"track_this_link \" rel=\"noopener noreferrer nofollow\" target=\"_blank\">Duplik\u00e1ty matrik z\u00e1padn\u00ed \u010d\u00e1sti Ukrajiny 1600-1937<\/a><\/strong>\n<br \/>Digitalizovan\u00e9 matriky na FamilySearch se tv\u00e1\u0159\u00ed jako \u0159eckokatolick\u00e9, ale jsou zde sm\u00edch\u00e1ny s \u0159\u00edmskokatolick\u00fdmi (v seznamu je nelze rozli\u0161it). Jde pouze o \u010d\u00e1st \u00fazem\u00ed, ur\u010dit\u011b Hali\u010d. Lw\u00f3w je t\u0159eba hledat pod Lemberg.\n<br \/><em>Aktualizace: 17. 1. 2020, 10:26<\/em><br \/>\u00a0<\/li>\n<li><strong><a href=\"https:\/\/www.pbc.rzeszow.pl\/dlibra\/publication\/2403\/edition\/2240\" id=\"link-1053\" class=\"track_this_link \" rel=\"noopener noreferrer nofollow\" target=\"_blank\">Ekstrakty metrykalne w Archiwum Diecezjalnem Przemyskiem<\/a><\/strong>\n<br \/>Invent\u00e1\u0159 duplik\u00e1t\u016f matrik, kter\u00e9 by m\u011bly b\u00fdt v arcidiecezn\u00edm archivu v Przemy\u015blu. Za\u010d\u00ednaj\u00ed rokem 1826. V \u00favodu je text o historii po\u0159izov\u00e1n\u00ed matri\u010dn\u00edch duplik\u00e1t\u016f v hali\u010di (pota\u017emo v cel\u00e9m R-U).\n<br \/><em>Aktualizace: 19. 8. 2019, 4:47<\/em><br \/>\u00a0<\/li>\n<li><strong><a href=\"https:\/\/www.familysearch.org\/\" id=\"link-202\" class=\"track_this_link \" rel=\"noopener noreferrer nofollow\" target=\"_blank\">FamilySearch<\/a><\/strong>\n<br \/>Mno\u017estv\u00ed digitalizovan\u00fdch archivn\u00edch materi\u00e1l\u016f z cel\u00e9ho sv\u011bta, \u010dlenov\u00e9 str\u00e1nek postupn\u011b indexuj\u00ed. Pro prohl\u00ed\u017een\u00ed sken\u016f je t\u0159eba se zdarma registrovat.\n<br \/><em>Aktualizace: 19. 8. 2019, 3:05<\/em><br \/>\u00a0<\/li>\n<li><strong><a href=\"https:\/\/www.genealogiawarchiwach.pl\/\" id=\"link-815\" class=\"track_this_link \" rel=\"noopener noreferrer nofollow\" target=\"_blank\">Genealogia w archiwach<\/a><\/strong>\n<br \/>Wsp\u00f3lny projekt genealogiczny Archiw\u00f3w Pa\u0144stwowych w Toruniu i Bydgoszczy dla mieszka\u0144c\u00f3w wojew\u00f3dztwa kujawsko-pomorskiego. Digitalizacja akt metrykalnych i stworzenie swobodnego, uproszczonego dost\u0119pu do nich z dowolnego miejsca na \u015bwiecie. Mo\u017cliwo\u015b\u0107 odtwarzania drzewa genealogicznego swojej rodziny poprzez wyszukiwanie akt\u00f3w urodze\u0144, ma\u0142\u017ce\u0144stw i zgon\u00f3w w internecie. Szansa na aktywny udzia\u0142 w indeksacji zeskanowanych akt metrykalnych dla wszystkich zainteresowanych.\n<br \/><em>Aktualizace: 12. 8. 2019, 2:39<\/em><br \/>\u00a0<\/li>\n<li><strong><a href=\"https:\/\/www.geshergalicia.org\/inventories\/\" id=\"link-896\" class=\"track_this_link \" rel=\"noopener noreferrer nofollow\" target=\"_blank\">Gesher Galicia Inventories<\/a><\/strong>\n<br \/>Neziskov\u00e1 organizace Gesher Galicia vytv\u00e1\u0159\u00ed rozs\u00e1hl\u00e9 invent\u00e1\u0159e dostupn\u00fdch archivn\u00edch materi\u00e1l\u016f, v\u010detn\u011b p\u0159\u00edm\u00fdch odkaz\u016f na archiv\u00e1lie. Odkaz vede na rozcestn\u00edk podle m\u00edsta ulo\u017een\u00ed archiv\u00e1li\u00ed.\n<br \/><em>Aktualizace: 13. 8. 2019, 6:15<\/em><br \/>\u00a0<\/li>\n<li><strong><a href=\"https:\/\/www.jri-poland.org\/\" id=\"link-2537\" class=\"track_this_link \" rel=\"noopener noreferrer nofollow\" target=\"_blank\">JRI Poland<\/a><\/strong>\n<br \/>Neziskov\u00e1 organizace, v n\u00ed\u017e dobrovoln\u00edci tvo\u0159\u00ed rozs\u00e1hlou online datab\u00e1zi dochovan\u00fdch z\u00e1znam\u016f o \u017eivot\u011b \u017did\u016f v Polsku. Jej\u00ed datab\u00e1ze jsou ide\u00e1ln\u00edm v\u00fdchodiskem pro celosv\u011btovou \u017eidovskou komunitu pro hled\u00e1n\u00ed sv\u00fdch rodinn\u00fdch ko\u0159en\u016f v Polsku.\n<br \/><em>Aktualizace: 13. 2. 2024, 18:14<\/em><br \/>\u00a0<\/li>\n<li><strong><a href=\"https:\/\/zbc.ksiaznica.szczecin.pl\/\/dlibra\/metadatasearch?action=AdvancedSearchAction&#038;type=-3&#038;val1=Type:ksi%C4%99ga+metrykalna\" id=\"link-786\" class=\"track_this_link \" rel=\"noopener noreferrer nofollow\" target=\"_blank\">Ksi\u0105\u017cnica Pomorska<\/a><\/strong>\n<br \/>Sb\u00edrka digitalizovan\u00fdch matri\u010dn\u00edch knih Pomo\u0159anska.\n<br \/><em>Aktualizace: 11. 8. 2019, 5:30<\/em><br \/>\u00a0<\/li>\n<li><strong><a href=\"https:\/\/muzeumprotestantyzmu.luteranie.pl\/index.php\/zasoby-cyfrowe\/zasoby-archiwalne\" id=\"link-1663\" class=\"track_this_link \" rel=\"noopener noreferrer nofollow\" target=\"_blank\">Ksi\u0119gi chrzt\u00f3w parafii ewangelicko-augsburskiej w Cieszynie<\/a><\/strong>\n<br \/>Digitalizovan\u00e9 matriky evangelick\u00e9 c\u00edrkve augsbursk\u00e9ho vyzn\u00e1n\u00ed (luter\u00e1ni) z farnosti v T\u011b\u0161\u00edn\u011b na str\u00e1nk\u00e1ch muzea protestantismu (Muzeum protestantyzmu). Indexy k matrik\u00e1m i n\u011bkter\u00e9 matriky jsou dostupn\u00e9 pouze v muzeu. Matriky zahrnuj\u00ed i \u00fazem\u00ed na na\u0161\u00ed stran\u011b hranice.\n<br \/><em>Aktualizace: 22. 7. 2020, 19:40<\/em><br \/>\u00a0<\/li>\n<li><strong><a href=\"https:\/\/www.agad.gov.pl\/inwentarze\/Kprze437x.xml\" id=\"link-809\" class=\"track_this_link \" rel=\"noopener noreferrer nofollow\" target=\"_blank\">Ksi\u0119gi metrykalne parafii wyznania rzymskokatolickiego z&nbsp;diecezji przemyskiej, 1590, 1600-1943<\/a><\/strong>\n<br \/>Digitalizovan\u00e9 matriky na AGAD.\n<br \/><em>Aktualizace: 12. 8. 2019, 1:55<\/em><br \/>\u00a0<\/li>\n<li><strong><a href=\"https:\/\/www.sbc.org.pl\/dlibra\/results?q=Parafii+Cieszynie&#038;action=SimpleSearchAction&#038;type=-6&#038;p=0\" id=\"link-1082\" class=\"track_this_link \" rel=\"noopener noreferrer nofollow\" target=\"_blank\">Matri\u010dn\u00ed knihy farnosti evangelicko-augsbursk\u00e9ho vyzn\u00e1n\u00ed v&nbsp;T\u011b\u0161\u00edn\u011b<\/a><\/strong>\n<br \/>Digitalizovan\u00e9 matriky jsou zve\u0159ejn\u011bny v digit\u00e1ln\u00ed knihovn\u011b \u015al\u0105ska Biblioteka Cyfrowa. Odkaz vede na v\u00fdsledek vyhled\u00e1v\u00e1n\u00ed podle kl\u00ed\u010dov\u00fdch slov Parafii + Cieszynie. V knihovn\u011b se ned\u00e1 t\u0159\u00eddit a dost \u0161patn\u011b se filtruje podle kl\u00ed\u010dov\u00fdch slov (nejsou stejn\u00e9 u t\u00e9m\u011b\u0159 toto\u017en\u00fdch dokument\u016f), je proto mo\u017en\u00e9, \u017ee se tam ukr\u00fdvaj\u00ed i jin\u00e9 genealogicky zaj\u00edmav\u00e9 materi\u00e1ly. Knihu lze prohl\u00ed\u017eet online (jejich aplikace je dob\u0159e pou\u017eiteln\u00e1) nebo st\u00e1hnout v DjVu (pro n\u00e1sledn\u00e9 prohl\u00ed\u017een\u00ed je t\u0159eba m\u00edt n\u011bjak\u00fd n\u011bjak\u00fd prohl\u00ed\u017ee\u010d tohoto form\u00e1tu).\n<br \/><em>Aktualizace: 20. 8. 2019, 3:55<\/em><br \/>\u00a0<\/li>\n<li><strong><a href=\"https:\/\/www.monasterium.net\/mom\/fonds\" id=\"link-314\" class=\"track_this_link \" rel=\"noopener noreferrer nofollow\" target=\"_blank\">Monasterium<\/a><\/strong>\n<br \/>Hled\u00e1n\u00ed digitalizovan\u00fdch v\u00fdznamn\u011bj\u0161\u00edch materi\u00e1l\u016f z fond\u016f r\u016fzn\u00fdch evropsk\u00fdch archiv\u016f (v\u010detn\u011b \u010desk\u00fdch).\n<br \/><em>Aktualizace: 29. 7. 2019, 3:37<\/em><br \/>\u00a0<\/li>\n<li><strong><a href=\"https:\/\/diecezja.zamojskolubaczowska.pl\/kuria\/muzeum-i-archiwum-diecezjalne\" id=\"link-738\" class=\"track_this_link \" rel=\"noopener noreferrer nofollow\" target=\"_blank\">Muzeum i&nbsp;Archiwum Diecezjalne w Zamo\u015bciu<\/a><\/strong>\n<br \/>Je zve\u0159ejn\u011bn pouze kontakt, seznam fond\u016f chyb\u00ed.\n<br \/><em>Aktualizace: 10. 8. 2019, 5:25<\/em><br \/>\u00a0<\/li>\n<li><strong><a href=\"https:\/\/www.nac.gov.pl\/\" id=\"link-752\" class=\"track_this_link \" rel=\"noopener noreferrer nofollow\" target=\"_blank\">NAC &#8211; Narodowe Archiwum Cyfrowe<\/a><\/strong>\n<br \/>Przechowuje dokumentacje foto- i fonograficzn\u0105 oraz filmow\u0105 powsta\u0142\u0105 od pocz\u0105tk\u00f3w XX w.\n<br \/><em>Aktualizace: 10. 8. 2019, 7:18<\/em><br \/>\u00a0<\/li>\n<li><strong><a href=\"https:\/\/www.archiwa.gov.pl\/pl\/\" id=\"link-1055\" class=\"track_this_link \" rel=\"noopener noreferrer nofollow\" target=\"_blank\">Naczelna Dyrekcja Archiw\u00f3w Pa\u0144stwowych<\/a><\/strong>\n<br \/>Hlavn\u00ed strana Vrchn\u00edho \u0159editelstv\u00ed st\u00e1tn\u00edch archiv\u016f v Polsku. Obsahuje mimo jin\u00e9 odkazy na online katalogy a dal\u0161\u00ed samostatn\u00e9 archivn\u00ed projekty.\n<br \/><em>Aktualizace: 19. 8. 2019, 5:05<\/em><br \/>\u00a0<\/li>\n<li><strong><a href=\"https:\/\/indeksy.net\/\" id=\"link-770\" class=\"track_this_link \" rel=\"noopener noreferrer nofollow\" target=\"_blank\">Nov\u00e1 GenBaza (indeksy.net)<\/a><\/strong>\n<br \/>Dal\u0161\u00ed z projekt\u016f, kter\u00fd zve\u0159ej\u0148uje matri\u010dn\u00ed knihy ze St\u00e1tn\u00edch archiv\u016f v Polsku. Od roku 2022 funguje v nov\u00e9 podob\u011b na nov\u00e9 adrese, ale st\u00e1le zve\u0159ej\u0148uje matri\u010dn\u00ed knihy, kter\u00e9 by jinak nebyly online. Sou\u010d\u00e1st\u00ed jsou t\u0159i projekty indexace matrik podle jednotliv\u00fdch oblast\u00ed.\n<br \/><em>Aktualizace: 19. 2. 2022, 20:00<\/em><br \/>\u00a0<\/li>\n<li><strong><a href=\"https:\/\/pamiecbliskich.com\/materialy\/\" id=\"link-1048\" class=\"track_this_link \" rel=\"noopener noreferrer nofollow\" target=\"_blank\">Pami\u0119\u0107 Bliskich &#8211; Inwentarze archiwum historyczne we Lwowie<\/a><\/strong>\n<br \/>Rozcestn\u00edk k jednotliv\u00fdm invent\u00e1\u0159\u016fm nejen matrik, ale i dal\u0161\u00edch archivn\u00edch fond\u016f ze Lvova a okol\u00ed. Je na webu s nab\u00eddkou genealogick\u00fdch slu\u017eeb, kter\u00fd v\u016fbec neidentifikuje firmu (ned\u016fv\u011bryhodn\u00e9).\n<br \/><em>Aktualizace: 29. 11. 2019, 19:17<\/em><br \/>\u00a0<\/li>\n<li><strong><a href=\"https:\/\/www.parafia.ochotnica.pl\/pl\/94139\/0\/Metryki_urodzonych_w_Ochotnicy.html\" id=\"link-2027\" class=\"track_this_link \" rel=\"noopener noreferrer nofollow\" target=\"_blank\">Parafia pw. Znalezienia Krzy\u017ca \u015bwi\u0119tego w Ochotnicy Dolnej &#8211; matri\u010dn\u00ed knihy<\/a><\/strong>\n<br \/>Digitalizovan\u00e9 matriky farnosti &quot;Parafia pw. Znalezienia Krzy\u017ca \u015bwi\u0119tego w Ochotnicy Dolnej&quot; (d\u0159\u00edve z\u00e1padn\u00ed \u010d\u00e1st Hali\u010de, dnes gmina Ochotnica Dolna, powiat nowotarski, wojew\u00f3dztwo ma\u0142opolskie) z let 1784 a\u017e 1911.\n<br \/><em>Aktualizace: 24. 10. 2021, 22:09<\/em><br \/>\u00a0<\/li>\n<li><strong><a href=\"https:\/\/przodkowiezcieszyna.blogspot.com\/search\/label\/ksi%C4%99gi%20metrykalne\" id=\"link-1474\" class=\"track_this_link \" rel=\"noopener noreferrer nofollow\" target=\"_blank\">Przodkowie z&nbsp;Cieszyna &#8211; ksi\u0119gi metrykalne<\/a><\/strong>\n<br \/>Seri\u00e1l \u010dl\u00e1nk\u016f o tom, kde hledat matriky na T\u011b\u0161\u00ednsku (v \u010cR i v Polsku). Velmi n\u00e1pomocn\u00e9.\n<br \/><em>Aktualizace: 27. 12. 2019, 18:53<\/em><br \/>\u00a0<\/li>\n<li><strong><a href=\"https:\/\/pomoce.lubgens.eu\/viewpage.php?page_id=9\" id=\"link-1483\" class=\"track_this_link \" rel=\"noopener noreferrer nofollow\" target=\"_blank\">Rozcestn\u00edk s&nbsp;odkazy na&nbsp;matri\u010dn\u00ed knihy Lublina a&nbsp;okol\u00ed<\/a><\/strong>\n<br \/>Zve\u0159ejn\u011bno na lubgens.eu, odkazy vedou na starou verzi szukajwarchiwach.\n<br \/><em>Aktualizace: 17. 1. 2020, 9:48<\/em><br \/>\u00a0<\/li>\n<li><strong><a href=\"http:\/\/www.mikeburger.com\/rzeszow.html\" id=\"link-907\" class=\"track_this_link \" rel=\"noopener noreferrer nofollow\" target=\"_blank\">Search Rzesz\u00f3w Vital Records<\/a><\/strong>\n<br \/>Vyhled\u00e1v\u00e1n\u00ed v indexech matrik n\u011bkter\u00fdch farnost\u00ed z oblasti kolem m\u011bsta Rzesz\u00f3w.\n<br \/><em>Aktualizace: 14. 8. 2019, 2:41<\/em><br \/>\u00a0<\/li>\n<li><strong><a href=\"https:\/\/www.archiwa.gov.pl\/pl\/o-nas\/archiwa-pa%C5%84stwowe\/archiwa-pa%C5%84stwowe\" id=\"link-768\" class=\"track_this_link \" rel=\"noopener noreferrer nofollow\" target=\"_blank\">Sie\u0107 archiw\u00f3w pa\u0144stwowych<\/a><\/strong>\n<br \/>Seznam polsk\u00fdch st\u00e1tn\u00edch archiv\u016f (Archiwum pa\u0144stwowe) s odkazy na jejich weby.\n<br \/><em>Aktualizace: 11. 8. 2019, 2:51<\/em><br \/>\u00a0<\/li>\n<li><strong><a href=\"https:\/\/www.sbc.org.pl\/dlibra\/collectiondescription\/127?dirids=127&#038;language=pl\" id=\"link-771\" class=\"track_this_link \" rel=\"noopener noreferrer nofollow\" target=\"_blank\">\u015al\u0105ska Biblioteka Cyfrowa &#8211; Archiwum Pa\u0144stwowe w Katowicach<\/a><\/strong>\n<br \/>Digitalizovan\u00e9 materi\u00e1ly, v\u010detn\u011b n\u011bkter\u00fdch matrik, ze St\u00e1tn\u00edho archivu v katovic\u00edch.\n<br \/><em>Aktualizace: 11. 8. 2019, 3:30<\/em><br \/>\u00a0<\/li>\n<li><strong><a href=\"https:\/\/www.sbc.org.pl\/dlibra\/results?action=AdvancedSearchAction&#038;type=-3&#038;val1=Subject:ksi%C4%99gi+metrykalne\" id=\"link-811\" class=\"track_this_link \" rel=\"noopener noreferrer nofollow\" target=\"_blank\">\u015al\u0105ska Biblioteka Cyfrowa \u2013 ksi\u0119gi metrykalne<\/a><\/strong>\n<br \/>Digitalizovan\u00e9 matriky v digit\u00e1ln\u00ed knihovn\u011b \u015al\u0105ska Biblioteka Cyfrowa.\n<br \/><em>Aktualizace: 12. 8. 2019, 2:34<\/em><br \/>\u00a0<\/li>\n<li><strong><a href=\"https:\/\/www.sbc.org.pl\/dlibra\/results?action=AdvancedSearchAction&#038;type=-3&#038;val1=Type:r%C4%99kopis\" id=\"link-812\" class=\"track_this_link \" rel=\"noopener noreferrer nofollow\" target=\"_blank\">\u015al\u0105ska Biblioteka Cyfrowa \u2013 r\u0119kopisy<\/a><\/strong>\n<br \/>Digitalizovan\u00e9 r\u016fzn\u00e9 rukou psan\u00e9 archiv\u00e1lie (krom\u011b matrik) v digit\u00e1ln\u00ed knihovn\u011b \u015al\u0105ska Biblioteka Cyfrowa.\n<br \/><em>Aktualizace: 12. 8. 2019, 2:34<\/em><br \/>\u00a0<\/li>\n<li><strong><a href=\"https:\/\/www.szukajwarchiwach.gov.pl\/wyszukiwanie-akt-metrykalnych\" id=\"link-2228\" class=\"track_this_link \" rel=\"noopener noreferrer nofollow\" target=\"_blank\">Szukaj w Archiwach &#8211; vyhled\u00e1v\u00e1n\u00ed pouze v&nbsp;matrik\u00e1ch<\/a><\/strong>\n<br \/>Speci\u00e1ln\u00ed aplikace port\u00e1lu Szukaj w Archiwach, kter\u00e1 omezuje vyhled\u00e1n\u00ed pouze na matri\u010dn\u00ed knihy (Wyszukiwanie akt metrykalnych). Nenajdete-li po\u017eadovanou matriku podle n\u00e1zvu obce, doporu\u010duji vyhled\u00e1vat podle n\u00e1zvu farnosti.\n<br \/><em>Aktualizace: 28. 5. 2022, 21:02<\/em><br \/>\u00a0<\/li>\n\t<\/ul>\n<\/div><!-- Div End Category -->\n<script type='text\/javascript'>\njQuery(document).ready(function()\n{\njQuery('.arrow-up').hide();\njQuery('#linklist1 a.track_this_link').click(function() {\nlinkid = this.id;\nlinkid = linkid.substring(5);\npath = '';\njQuery.ajax( {    type: 'POST',    url: 'https:\/\/www.neznamo.cz\/genealogie\/wp-admin\/admin-ajax.php',     data: { action: 'link_library_tracker',             _ajax_nonce: '965a04d8ae',             id:linkid, xpath:path }     });\nreturn true;\n});\njQuery('#linklist1 .expandlinks').click(function() {\ntarget = '.' + jQuery(this).attr('id');\nsubcattarget = '.' + jQuery(this).attr('data-subcat');\nif ( jQuery( target ).is(':visible') ) {\njQuery(target).slideUp();\njQuery(subcattarget).slideToggle();\njQuery(this).children('img').attr('src', 'https:\/\/www.neznamo.cz\/genealogie\/wp-content\/plugins\/link-library\/icons\/expand-32.png');\n} else {\njQuery(target).slideDown();\njQuery(subcattarget).slideToggle();\njQuery(this).children('img').attr('src', 'https:\/\/www.neznamo.cz\/genealogie\/wp-content\/plugins\/link-library\/icons\/collapse-32.png');\n}\n});\njQuery('#linklist1 .linklistcatclass').click(function() {\njQuery(this).siblings('.expandlinks').click();\n});\njQuery('#linklist1 .linklistcatnamedesc').click(function() {\njQuery(this).siblings('.expandlinks').click();\n});\n});\n<\/script>\n<\/div><!-- Div Linklist -->\n<!-- End of Link Library Output -->\n\n\n","protected":false},"excerpt":{"rendered":"","protected":false},"author":1,"featured_media":0,"parent":0,"menu_order":0,"comment_status":"closed","ping_status":"closed","template":"","meta":{"footnotes":""},"class_list":["post-95","page","type-page","status-publish","hentry"],"featured_image_urls_v2":{"full":"","thumbnail":"","medium":"","medium_large":"","large":"","1536x1536":"","2048x2048":"","twentyseventeen-featured-image":"","twentyseventeen-thumbnail-avatar":""},"post_excerpt_stackable_v2":"<p>AGAD &#8211; Archiwum G\u0142\u00f3wne Akt Dawnych Przechowuje wytworzone do&nbsp;1918 r. akta w\u0142adz centralnych i&nbsp;cz\u0119\u015bciowo prowincjonalnych oraz archiwa rodzin o&nbsp;znaczeniu og\u00f3lnopolskim. Aktualizace: 29.&nbsp;11.&nbsp;2019, 18:44\u00a0 AGAD &#8211; Ksi\u0119gi metrykalne z&nbsp;zasobu AGAD on-line Rozcestn\u00edk k&nbsp;digitalizovan\u00fdm matrik\u00e1m ulo\u017een\u00fdm v&nbsp;AGAD )Archiwum G\u0142\u00f3wne Akt Dawnych). Je t\u0159eba zn\u00e1t vyzn\u00e1n\u00ed a&nbsp;oblast. Aktualizace: 10.&nbsp;8.&nbsp;2019, 7:16\u00a0 AGAD &#8211; Spis zespo\u0142\u00f3w Seznam fond\u016f, z&nbsp;nich\u017e mnoho odkaz\u016f vede rovnou na&nbsp;str\u00e1nku, kde je mo\u017en\u00e9 si prohl\u00e9dnout bu\u010f invent\u00e1\u0159 nebo rovnou digitalizovan\u00e9 archiv\u00e1lie z&nbsp;dan\u00e9ho fondu. Aktualizace: 10.&nbsp;8.&nbsp;2019, 7:15\u00a0 Ksi\u0119gi metrykalne z&nbsp;zasob\u00f3w Archiwum Pa\u0144stwowego w Katowicach G\u00f3rno\u015bl\u0105skie Towarszystwo Genealogiczne&hellip;<\/p>\n","category_list_v2":"","author_info_v2":{"name":"Monika","url":"https:\/\/www.neznamo.cz\/genealogie\/author\/monika\/"},"comments_num_v2":"0 comments","_links":{"self":[{"href":"https:\/\/www.neznamo.cz\/genealogie\/wp-json\/wp\/v2\/pages\/95","targetHints":{"allow":["GET"]}}],"collection":[{"href":"https:\/\/www.neznamo.cz\/genealogie\/wp-json\/wp\/v2\/pages"}],"about":[{"href":"https:\/\/www.neznamo.cz\/genealogie\/wp-json\/wp\/v2\/types\/page"}],"author":[{"embeddable":true,"href":"https:\/\/www.neznamo.cz\/genealogie\/wp-json\/wp\/v2\/users\/1"}],"replies":[{"embeddable":true,"href":"https:\/\/www.neznamo.cz\/genealogie\/wp-json\/wp\/v2\/comments?post=95"}],"version-history":[{"count":0,"href":"https:\/\/www.neznamo.cz\/genealogie\/wp-json\/wp\/v2\/pages\/95\/revisions"}],"wp:attachment":[{"href":"https:\/\/www.neznamo.cz\/genealogie\/wp-json\/wp\/v2\/media?parent=95"}],"curies":[{"name":"wp","href":"https:\/\/api.w.org\/{rel}","templated":true}]}}