{"id":254,"date":"2019-07-28T04:32:59","date_gmt":"2019-07-28T02:32:59","guid":{"rendered":"https:\/\/www.neznamo.cz\/genealogie\/?page_id=254"},"modified":"2019-07-28T04:32:59","modified_gmt":"2019-07-28T02:32:59","slug":"odkazy-historie-polsko","status":"publish","type":"page","link":"https:\/\/www.neznamo.cz\/genealogie\/odkazy-historie-polsko\/","title":{"rendered":"Historie Polsko"},"content":{"rendered":"<!-- Beginning of Link Library Output --><div id='linklist1' class='linklist'><!-- Div Linklist -->\n<div class=\"LinkLibraryCat LinkLibraryCat26 level0\"><!-- Div Category -->\n\t<ul>\n<li><strong><a href=\"http:\/\/www.wbc.poznan.pl\/publication\/44646\" id=\"link-1104\" class=\"track_this_link \" rel=\"noopener noreferrer nofollow\" target=\"_blank\">Akta grodzkie i&nbsp;ziemskie Lw\u00f3w<\/a><\/strong>\n<br \/>Akta grodzkie i ziemskie z czas\u00f3w Rzeczypospolitej Polskiej z archiwum tak zwanego bernardy\u0144skiego we Lwowie w skutek fundacyi \u015bp. Alexandra hr. Stadnickiego. Wyd. staraniem Galicyjskiego Wydzia\u0142u Krajowego.T.1-24. Wielkopolska Biblioteka Cyfrowa.\n<br \/><em>Aktualizace: 20. 8. 2019, 5:06<\/em><br \/>\u00a0<\/li>\n<li><strong><a href=\"http:\/\/www.lvivcenter.org\/pl\/\" id=\"link-1011\" class=\"track_this_link \" rel=\"noopener noreferrer nofollow\" target=\"_blank\">Centrum historii miejskiej Europy \u015arodkowo-Wschodniej<\/a><\/strong>\n<br \/>Str\u00e1nka p\u0159edev\u0161\u00edm o historii Lvova v pol\u0161tin\u011b, ukrajin\u0161tin\u011b a angli\u010dtin\u011b.\n<br \/><em>Aktualizace: 18. 8. 2019, 5:14<\/em><br \/>\u00a0<\/li>\n<li><strong><a href=\"https:\/\/zbrodniawolynska.pl\/zw1\/form\/247,Baza-Ofiar-zbrodni-wolynskiej.html\" id=\"link-1654\" class=\"track_this_link \" rel=\"noopener noreferrer nofollow\" target=\"_blank\">Datab\u00e1ze ob\u011bt\u00ed Voly\u0148sk\u00e9ho masakru (Rze\u017a wo\u0142y\u0144ska) v&nbsp;letech 1943 a\u017e 1944<\/a><\/strong>\n<br \/>Datab\u00e1ze, kter\u00e1 se nach\u00e1z\u00ed na port\u00e1lu zbrodniawolynska.pl, nyn\u00ed obsahuje asi 17 tis\u00edc osob, z nich je 252 \u010desk\u00e9 n\u00e1rodnosti (pr\u00e1v\u011b na jejich v\u00fdpis vede odkaz). Str\u00e1nky jsou v pol\u0161tin\u011b, angli\u010dtin\u011b a ukrajin\u0161tin\u011b, lze filtrovat podle r\u016fzn\u00fdch krit\u00e9ri\u00ed (nejen podle p\u0159\u00edjmen\u00ed; n\u011bkter\u00e9 ob\u011bti jsou bez p\u0159\u00edjmen\u00ed, ur\u010den\u00e9 t\u0159eba pr\u00e1v\u011b pouze n\u00e1rodnost\u00ed).\n<br \/><em>Aktualizace: 6. 2. 2021, 12:10<\/em><br \/>\u00a0<\/li>\n<li><strong><a href=\"http:\/\/dir.icm.edu.pl\/pl\/\" id=\"link-1117\" class=\"track_this_link \" rel=\"noopener noreferrer nofollow\" target=\"_blank\">DIR &#8211; Zasoby polskie<\/a><\/strong>\n<br \/>Digit\u00e1ln\u00ed knihovna Var\u0161avsk\u00e9 univerzity je cenn\u00fdm zdrojem literatury vhodn\u00e9 i pro hled\u00e1n\u00ed p\u0159edk\u016f.\n<br \/><em>Aktualizace: 20. 8. 2019, 19:34<\/em><br \/>\u00a0<\/li>\n<li><strong><a href=\"http:\/\/www.hiu.cas.cz\/cs\/nakladatelstvi\/publikace-v-elektronicke-podobe.ep\/\" id=\"link-1571\" class=\"track_this_link \" rel=\"noopener noreferrer nofollow\" target=\"_blank\">Elektronick\u00e9 publikace nakladatelstv\u00ed Historick\u00e9ho \u00fastavu AV<\/a><\/strong>\n<br \/>Obsahuje voln\u011b dostupn\u00e9 (v PDF) star\u0161\u00ed ro\u010dn\u00edky \u010dasopis\u016f (nap\u0159\u00edklad \u010cesk\u00fd \u010dasopis historick\u00fd) a n\u011bkter\u00e9 monografie.\n<br \/><em>Aktualizace: 1. 4. 2020, 22:40<\/em><br \/>\u00a0<\/li>\n<li><strong><a href=\"https:\/\/vesmir.cz\/cz\/casopis\/archiv-casopisu\/1995\/cislo-9\/historie-morovych-epidemii.html\" id=\"link-670\" class=\"track_this_link \" rel=\"noopener noreferrer nofollow\" target=\"_blank\">Historie morov\u00fdch epidemi\u00ed<\/a><\/strong>\n<br \/>\u010cl\u00e1nek v \u010dasopise Vesm\u00edr s p\u0159ehledem morov\u00fdch epidemi\u00ed v Evrop\u011b tak, jak \u0161ly rok za rokem.\n<br \/><em>Aktualizace: 8. 8. 2019, 4:31<\/em><br \/>\u00a0<\/li>\n<li><strong><a href=\"https:\/\/plus.gazetalubuska.pl\/internetowa-premiera-filmu-kresy-zapraszamy-na-seans\/ar\/c1-13563526\" id=\"link-1018\" class=\"track_this_link \" rel=\"noopener noreferrer nofollow\" target=\"_blank\">Internetowa premiera filmu \u201eKresy\u201d<\/a><\/strong>\n<br \/>Hran\u00fd dokument Gazety Lubuskiej nato\u010den\u00fd podle autentick\u00fdch vzpom\u00ednek tzv. repatriant\u016f, tedy obyvatel p\u016fvodn\u011b v\u00fdchodn\u00edch \u00fazem\u00ed Polska, kte\u0159\u00ed byli po II. sv\u011btov\u00e9 v\u00e1lce vys\u00eddleni. Cca 1 hodina 22 minut v pol\u0161tin\u011b. P\u0159\u00edstupno od 16 let.\n<br \/><em>Aktualizace: 29. 11. 2019, 19:08<\/em><br \/>\u00a0<\/li>\n<li><strong><a href=\"https:\/\/www.polityka.pl\/pomocnikhistoryczny\/1674782,1,jak-odbywalo-sie-przesiedlenie-ludnosci-polskiej.read\" id=\"link-935\" class=\"track_this_link \" rel=\"noopener noreferrer nofollow\" target=\"_blank\">Jak odbywa\u0142o si\u0119 przesiedlenie ludno\u015bci polskiej<\/a><\/strong>\n<br \/>Migracj\u0119 Polak\u00f3w z Kres\u00f3w po drugiej wojnie \u015bwiatowej, potocznie okre\u015blan\u0105 mianem repatriacji, nale\u017ca\u0142oby nazwa\u0107 raczej przesiedleniem (cz\u0119sto przymusowym), a czasami wr\u0119cz wyp\u0119dzeniem. (\u010cl\u00e1nek z novin, ale dost informativn\u00ed.)\n<br \/><em>Aktualizace: 14. 8. 2019, 5:03<\/em><br \/>\u00a0<\/li>\n<li><strong><a href=\"http:\/\/www.chronologia.pl\/\" id=\"link-1009\" class=\"track_this_link \" rel=\"noopener noreferrer nofollow\" target=\"_blank\">Kalendarz historyczny, chronologia dziej\u00f3w Polski i&nbsp;\u015bwiata<\/a><\/strong>\n<br \/>P\u0159ehledn\u00fd a praktick\u00fd kalend\u00e1\u0159 historick\u00fdch ud\u00e1lost\u00ed v Polsku i ve sv\u011bt\u011b je v pol\u0161tin\u011b. Strana m\u00e1 zablokovan\u00e9 kop\u00edrov\u00e1n\u00ed obr\u00e1zk\u016f i textu, tak\u017ee nep\u016fjde p\u0159ekl\u00e1dat. (Chci-li na t\u00e9to str\u00e1nce otev\u0159\u00edt n\u011bjak\u00fd odkaz do nov\u00e9ho panelu prohl\u00ed\u017ee\u010de, mus\u00edm podr\u017eet kombinaci Ctrl+Shift a teprve pak \u0165uknout na odkaz.)\n<br \/><em>Aktualizace: 18. 8. 2019, 5:11<\/em><br \/>\u00a0<\/li>\n<li><strong><a href=\"https:\/\/kalendar.beda.cz\/kronika-povetrnosti\" id=\"link-672\" class=\"track_this_link \" rel=\"noopener noreferrer nofollow\" target=\"_blank\">Kronika pov\u011btrnosti se zvl\u00e1\u0161tn\u00edm ohledem na&nbsp;\u010cechy<\/a><\/strong>\n<br \/>Voln\u00fd p\u0159epis z\u00e1znam\u016f o po\u010das\u00ed v r\u016fzn\u00fdch letech, tak jak byly uve\u0159ejn\u011bny v Nov\u00e9m kalend\u00e1\u0159i hospod\u00e1\u0159sk\u00e9m v letech 1844\u20141847.\n<br \/><em>Aktualizace: 29. 11. 2019, 19:10<\/em><br \/>\u00a0<\/li>\n<li><strong><a href=\"http:\/\/cyfrowe.mnw.art.pl\/dmuseion\/\" id=\"link-1099\" class=\"track_this_link \" rel=\"noopener noreferrer nofollow\" target=\"_blank\">Muzeum Cyfrowe dMuseion<\/a><\/strong>\n<br \/>Fotografick\u00e1 prezentace sb\u00edrek z Muzeum Narodowe w Warszawie. Je zastoupeno i u\u017eit\u00e9 um\u011bn\u00ed, nap\u0159\u00edklad historick\u00fd n\u00e1bytek apod.\n<br \/><em>Aktualizace: 29. 11. 2019, 19:13<\/em><br \/>\u00a0<\/li>\n<li><strong><a href=\"http:\/\/naszaprzeszlosc.pl\/biblioteka-cyfrowa.html\" id=\"link-927\" class=\"track_this_link \" rel=\"noopener noreferrer nofollow\" target=\"_blank\">Nasza Przesz\u0142o\u015b\u0107<\/a><\/strong>\n<br \/>P\u0159\u00edstup k digitalizovan\u00fdm \u010d\u00edsl\u016fm (v PDF) \u010dasopisu o historii katolick\u00e9 c\u00edrkve v Polsku. Prvn\u00ed d\u00edl vy\u0161el roku 1946.\n<br \/><em>Aktualizace: 29. 11. 2019, 19:14<\/em><br \/>\u00a0<\/li>\n<li><strong><a href=\"https:\/\/openlist.wiki\/index.php\/%D0%9E%D1%82%D0%BA%D1%80%D1%8B%D1%82%D1%8B%D0%B9_%D1%81%D0%BF%D0%B8%D1%81%D0%BE%D0%BA:%D0%9E_%D0%BF%D1%80%D0%BE%D0%B5%D0%BA%D1%82%D0%B5\" id=\"link-1139\" class=\"track_this_link \" rel=\"noopener noreferrer nofollow\" target=\"_blank\">Otev\u0159en\u00fd seznam ob\u011bt\u00ed sov\u011btsk\u00fdch repres\u00ed 1917 a\u017e 1991<\/a><\/strong>\n<br \/>Otev\u0159en\u00fd seznam (\u041e\u0442\u043a\u0440\u044b\u0442\u044b\u0439 \u0441\u043f\u0438\u0441\u043e\u043a) je datab\u00e1ze ob\u011bt\u00ed politick\u00e9 represe v SSSR (1917-1991), postaven\u00e1 na principu Wikipedia. U\u017eivatel\u00e9 webu a profesion\u00e1ln\u00ed v\u011bdci denn\u011b p\u0159id\u00e1vaj\u00ed do seznamu nov\u00e1 jm\u00e9na a dopl\u0148uj\u00ed st\u00e1vaj\u00edc\u00ed reference.\n<br \/><em>Aktualizace: 21. 8. 2019, 19:56<\/em><br \/>\u00a0<\/li>\n<li><strong><a href=\"http:\/\/projekty.wimbp.rzeszow.pl\/przeszlosc\/\" id=\"link-1065\" class=\"track_this_link \" rel=\"noopener noreferrer nofollow\" target=\"_blank\">Przesz\u0142o\u015b\u0107 w pami\u0105tkach ukryta<\/a><\/strong>\n<br \/>Celem projektu \u201ePrzesz\u0142o\u015b\u0107 w pami\u0105tkach ukryta \u2013 cyfrowa prezentacja dziedzictwa kulturowego regionu z archiw\u00f3w prywatnych\u201d jest prezentacja pami\u0105tek pochodz\u0105cych z archiw\u00f3w rodzinnych mieszka\u0144c\u00f3w Rzeszowa i wojew\u00f3dztwa podkarpackiego.\n<br \/><em>Aktualizace: 29. 11. 2019, 19:19<\/em><br \/>\u00a0<\/li>\n<li><strong><a href=\"https:\/\/www.sejm-wielki.pl\/\" id=\"link-1111\" class=\"track_this_link \" rel=\"noopener noreferrer nofollow\" target=\"_blank\">Sejm-Wielki.pl<\/a><\/strong>\n<br \/>Marek Jerzy Minakowski - Genealogia Potomk\u00f3w Sejmu Wielkiego z baz\u0105 genealogiczn\u0105 potomk\u00f3w Sejmu Wielkiego i rodowodami wszystkich konfederat\u00f3w oraz ich rodze\u0144stwa.\n<br \/><em>Aktualizace: 20. 8. 2019, 5:57<\/em><br \/>\u00a0<\/li>\n<li><strong><a href=\"http:\/\/www.reabit.org.ua\/books\/lv\/\" id=\"link-818\" class=\"track_this_link \" rel=\"noopener noreferrer nofollow\" target=\"_blank\">\u0420\u0435\u0430\u0431\u0456\u043b\u0456\u0442\u043e\u0432\u0430\u043d\u0456 \u0456\u0441\u0442\u043e\u0440\u0456\u0454\u044e &#8211; \u041b\u044c\u0432\u0456\u0432\u0441\u044c\u043a\u0430 \u043e\u0431\u043b\u0430\u0441\u0442\u044c<\/a><\/strong>\n<br \/>\u041d\u0430\u0446\u0456\u043e\u043d\u0430\u043b\u044c\u043d\u0438\u0439 \u0431\u0430\u043d\u043a \u0434\u0430\u043d\u0438\u0445 \u0436\u0435\u0440\u0442\u0432 \u043f\u043e\u043b\u0456\u0442\u0438\u0447\u043d\u0438\u0445 \u0440\u0435\u043f\u0440\u0435\u0441\u0456\u0439 \u0440\u0430\u0434\u044f\u043d\u0441\u044c\u043a\u043e\u0457 \u0434\u043e\u0431\u0438 \u0432 \u0423\u043a\u0440\u0430\u0457\u043d\u0456. Seznamy na Ukrajin\u011b rehabilitovan\u00fdch ob\u011bt\u00ed sov\u011btsk\u00fdch repres\u00ed - Rehabilitovan\u00ed histori\u00ed. Odkaz vede na oblast m\u00e9ho z\u00e1jmu, na dal\u0161\u00ed oblasti se d\u00e1 dostat z menu na lev\u00e9 stran\u011b.\n<br \/><em>Aktualizace: 29. 11. 2019, 19:29<\/em><br \/>\u00a0<\/li>\n\t<\/ul>\n<\/div><!-- Div End Category -->\n<script type='text\/javascript'>\njQuery(document).ready(function()\n{\njQuery('.arrow-up').hide();\njQuery('#linklist1 a.track_this_link').click(function() {\nlinkid = this.id;\nlinkid = linkid.substring(5);\npath = '';\njQuery.ajax( {    type: 'POST',    url: 'https:\/\/www.neznamo.cz\/genealogie\/wp-admin\/admin-ajax.php',     data: { action: 'link_library_tracker',             _ajax_nonce: '6cad1d22fc',             id:linkid, xpath:path }     });\nreturn true;\n});\njQuery('#linklist1 .expandlinks').click(function() {\ntarget = '.' + jQuery(this).attr('id');\nsubcattarget = '.' + jQuery(this).attr('data-subcat');\nif ( jQuery( target ).is(':visible') ) {\njQuery(target).slideUp();\njQuery(subcattarget).slideToggle();\njQuery(this).children('img').attr('src', 'https:\/\/www.neznamo.cz\/genealogie\/wp-content\/plugins\/link-library\/icons\/expand-32.png');\n} else {\njQuery(target).slideDown();\njQuery(subcattarget).slideToggle();\njQuery(this).children('img').attr('src', 'https:\/\/www.neznamo.cz\/genealogie\/wp-content\/plugins\/link-library\/icons\/collapse-32.png');\n}\n});\njQuery('#linklist1 .linklistcatclass').click(function() {\njQuery(this).siblings('.expandlinks').click();\n});\njQuery('#linklist1 .linklistcatnamedesc').click(function() {\njQuery(this).siblings('.expandlinks').click();\n});\n});\n<\/script>\n<\/div><!-- Div Linklist -->\n<!-- End of Link Library Output -->\n\n\n","protected":false},"excerpt":{"rendered":"","protected":false},"author":1,"featured_media":0,"parent":0,"menu_order":0,"comment_status":"closed","ping_status":"closed","template":"","meta":{"footnotes":""},"class_list":["post-254","page","type-page","status-publish","hentry"],"featured_image_urls_v2":{"full":"","thumbnail":"","medium":"","medium_large":"","large":"","1536x1536":"","2048x2048":"","twentyseventeen-featured-image":"","twentyseventeen-thumbnail-avatar":""},"post_excerpt_stackable_v2":"<p>Akta grodzkie i&nbsp;ziemskie Lw\u00f3w Akta grodzkie i&nbsp;ziemskie z&nbsp;czas\u00f3w Rzeczypospolitej Polskiej z&nbsp;archiwum tak zwanego bernardy\u0144skiego we Lwowie w skutek fundacyi \u015bp. Alexandra hr. Stadnickiego. Wyd. staraniem Galicyjskiego Wydzia\u0142u Krajowego.T.1-24. Wielkopolska Biblioteka Cyfrowa. Aktualizace: 20.&nbsp;8.&nbsp;2019, 5:06\u00a0 Centrum historii miejskiej Europy \u015arodkowo-Wschodniej Str\u00e1nka p\u0159edev\u0161\u00edm o&nbsp;historii Lvova v&nbsp;pol\u0161tin\u011b, ukrajin\u0161tin\u011b a&nbsp;angli\u010dtin\u011b. Aktualizace: 18.&nbsp;8.&nbsp;2019, 5:14\u00a0 Datab\u00e1ze ob\u011bt\u00ed Voly\u0148sk\u00e9ho masakru (Rze\u017a wo\u0142y\u0144ska) v&nbsp;letech 1943 a\u017e 1944 Datab\u00e1ze, kter\u00e1 se nach\u00e1z\u00ed na&nbsp;port\u00e1lu zbrodniawolynska.pl, nyn\u00ed obsahuje asi 17 tis\u00edc osob, z&nbsp;nich je 252 \u010desk\u00e9 n\u00e1rodnosti (pr\u00e1v\u011b na&nbsp;jejich v\u00fdpis vede odkaz). Str\u00e1nky jsou v&nbsp;pol\u0161tin\u011b, angli\u010dtin\u011b a&hellip;<\/p>\n","category_list_v2":"","author_info_v2":{"name":"Monika","url":"https:\/\/www.neznamo.cz\/genealogie\/author\/monika\/"},"comments_num_v2":"0 comments","_links":{"self":[{"href":"https:\/\/www.neznamo.cz\/genealogie\/wp-json\/wp\/v2\/pages\/254","targetHints":{"allow":["GET"]}}],"collection":[{"href":"https:\/\/www.neznamo.cz\/genealogie\/wp-json\/wp\/v2\/pages"}],"about":[{"href":"https:\/\/www.neznamo.cz\/genealogie\/wp-json\/wp\/v2\/types\/page"}],"author":[{"embeddable":true,"href":"https:\/\/www.neznamo.cz\/genealogie\/wp-json\/wp\/v2\/users\/1"}],"replies":[{"embeddable":true,"href":"https:\/\/www.neznamo.cz\/genealogie\/wp-json\/wp\/v2\/comments?post=254"}],"version-history":[{"count":0,"href":"https:\/\/www.neznamo.cz\/genealogie\/wp-json\/wp\/v2\/pages\/254\/revisions"}],"wp:attachment":[{"href":"https:\/\/www.neznamo.cz\/genealogie\/wp-json\/wp\/v2\/media?parent=254"}],"curies":[{"name":"wp","href":"https:\/\/api.w.org\/{rel}","templated":true}]}}