{"id":223,"date":"2019-07-28T03:48:20","date_gmt":"2019-07-28T01:48:20","guid":{"rendered":"https:\/\/www.neznamo.cz\/genealogie\/?page_id=223"},"modified":"2019-07-28T03:48:20","modified_gmt":"2019-07-28T01:48:20","slug":"odkazy-mistopis-polsko","status":"publish","type":"page","link":"https:\/\/www.neznamo.cz\/genealogie\/odkazy-mistopis-polsko\/","title":{"rendered":"M\u00edstopis Polsko"},"content":{"rendered":"<!-- Beginning of Link Library Output --><div id='linklist1' class='linklist'><!-- Div Linklist -->\n<div class=\"LinkLibraryCat LinkLibraryCat17 level0\"><!-- Div Category -->\n\t<ul>\n<li><strong><a href=\"https:\/\/www.geshergalicia.org\/about-galicia\/a-guide-to-galician-districts\/\" id=\"link-897\" class=\"track_this_link \" rel=\"noopener noreferrer nofollow\" target=\"_blank\">A Guide to Galician Districts<\/a><\/strong>\n<br \/>P\u0159ehled v\u00fdvoje administrativn\u00edho d\u011blen\u00ed Hali\u010de od prvn\u00edho z\u00e1boru Polska 1772 a\u017e do posledn\u00ed zm\u011bny p\u0159ed II. sv\u011btovou v\u00e1lkou v roce 1921. Zve\u0159ejn\u011bno na str\u00e1nk\u00e1ch neziskov\u00e1 organizace Gesher Galicia.\n<br \/><em>Aktualizace: 13. 8. 2019, 6:15<\/em><br \/>\u00a0<\/li>\n<li><strong><a href=\"http:\/\/akon.onb.ac.at\/#center=eurypzpgxczb&#038;zoom=3\" id=\"link-517\" class=\"track_this_link \" rel=\"noopener noreferrer nofollow\" target=\"_blank\">AKON &#8211; Ansichtskarten Online<\/a><\/strong>\n<br \/>Historick\u00e9 fotografie a pohlednice r\u016fzn\u00fdch m\u00edst z cel\u00e9ho sv\u011bta, v\u010detn\u011b \u010cR a SR zve\u0159ej\u0148uje \u00d6sterreichischen Nationalbibliothek. Navigace pomoc\u00ed snadno obsluhovateln\u00e9 mapy.\n<br \/><em>Aktualizace: 4. 8. 2019, 0:22<\/em><br \/>\u00a0<\/li>\n<li><strong><a href=\"http:\/\/kami.net.pl\/kresy\/\" id=\"link-862\" class=\"track_this_link \" rel=\"noopener noreferrer nofollow\" target=\"_blank\">Baza miejscowo\u015bci kresovych<\/a><\/strong>\n<br \/>Datab\u00e1ze obc\u00ed v oblasti, kter\u00e9 se \u0159\u00edkalo polsky Kresy - rozprost\u00edr\u00e1 se na \u00fazem\u00ed nyn\u011bj\u0161\u00edch st\u00e1t\u016f Polsko, Litva, Ukrajina, B\u011blorusko. Uv\u00e1d\u00ed i \u0159\u00edmskokatolick\u00e9 a \u0159eckokatolick\u00e9 farnosti.\n<br \/><em>Aktualizace: 22. 7. 2023, 18:35<\/em><br \/>\u00a0<\/li>\n<li><strong><a href=\"http:\/\/cmentarzetarnopolskie.uksw.edu.pl\/\" id=\"link-1072\" class=\"track_this_link \" rel=\"noopener noreferrer nofollow\" target=\"_blank\">Cmentarze dawnego wojew\u00f3dztwa Tarnopolskiego<\/a><\/strong>\n<br \/>Pracownicy i studenci Instytutu Historii Sztuki Uniwersytetu Kardyna\u0142a Stefana Wyszy\u0144skiego w Warszawie prowadz\u0105 prace dokumentacyjne na cmentarzach Podola od roku 1998. Prowadzone prace obejmuj\u0105 nagrobki powsta\u0142e przed 1945 rokiem, kt\u00f3re maj\u0105 napisy zapisane w alfabecie \u0142aci\u0144skim.\n<br \/><em>Aktualizace: 14. 9. 2019, 19:59<\/em><br \/>\u00a0<\/li>\n<li><strong><a href=\"http:\/\/dir.icm.edu.pl\/pl\/Slownik_geograficzny\/\" id=\"link-1116\" class=\"track_this_link \" rel=\"noopener noreferrer nofollow\" target=\"_blank\">DIR &#8211; S\u0142ownik geograficzny Kr\u00f3lestwa Polskiego i&nbsp;innych kraj\u00f3w s\u0142owia\u0144skich<\/a><\/strong>\n<br \/>Z\u00e1kladn\u00ed patn\u00e1ctisvazkov\u00e9 d\u00edlo o m\u00edstopisu Polska (a dal\u0161\u00edch slovansk\u00fdch zem\u00ed) vydan\u00e9 n\u00e1kladem Filipa Sulimierskiego i W\u0142adys\u0142awa Walewskiego ve Var\u0161av\u011b v letech 1880 a\u017e 1914. Zve\u0159ejn\u011bno v digit\u00e1ln\u00ed knihovn\u011b Var\u0161avsk\u00e9 univerzity.\n<br \/><em>Aktualizace: 20. 8. 2019, 19:33<\/em><br \/>\u00a0<\/li>\n<li><strong><a href=\"http:\/\/dir.icm.edu.pl\/pl\/\" id=\"link-1117\" class=\"track_this_link \" rel=\"noopener noreferrer nofollow\" target=\"_blank\">DIR &#8211; Zasoby polskie<\/a><\/strong>\n<br \/>Digit\u00e1ln\u00ed knihovna Var\u0161avsk\u00e9 univerzity je cenn\u00fdm zdrojem literatury vhodn\u00e9 i pro hled\u00e1n\u00ed p\u0159edk\u016f.\n<br \/><em>Aktualizace: 20. 8. 2019, 19:34<\/em><br \/>\u00a0<\/li>\n<li><strong><a href=\"https:\/\/www.geshergalicia.org\/galician-town-locator\/\" id=\"link-899\" class=\"track_this_link \" rel=\"noopener noreferrer nofollow\" target=\"_blank\">Galician Town Locator<\/a><\/strong>\n<br \/>Skv\u011bl\u00e1 m\u00edstopisn\u00e1 pom\u016fcka ze str\u00e1nek neziskov\u00e9 organizace Gesher Galicia pom\u016f\u017ee ur\u010dit, kam v roce 1900 dan\u00e1 obec v Hali\u010di pat\u0159ila administrativn\u011b a c\u00edrkevn\u011b (krom\u011b \u017eidovsk\u00fdch n\u00e1bo\u017eensk\u00fdch center, jsou uvedeny i farnosti \u0159\u00edmskokatolick\u00e9 a \u0159eckokatolick\u00e9).\n<br \/><em>Aktualizace: 13. 8. 2019, 6:17<\/em><br \/>\u00a0<\/li>\n<li><strong><a href=\"https:\/\/genealodzy.pl\/books-index-req-view_subcat-sid-20.phtml\" id=\"link-990\" class=\"track_this_link \" rel=\"noopener noreferrer nofollow\" target=\"_blank\">Genealodzy.PL &#8211; Ksi\u0105\u017cki bibliotek cyfrowych &#8211; Galicja<\/a><\/strong>\n<br \/>Seznam odkaz\u016f na p\u0159ev\u00e1\u017en\u011b m\u00edstopisn\u00e9 digitalizovan\u00e9 knihy o Hali\u010di - adres\u00e1\u0159e, telefonn\u00ed seznamy, kalend\u00e1\u0159e apod.\n<br \/><em>Aktualizace: 18. 8. 2019, 3:56<\/em><br \/>\u00a0<\/li>\n<li><strong><a href=\"https:\/\/www.google.com\/maps\/d\/viewer?mid=1SGXSGPghlDeIkXtD0rwIACJWgZk\" id=\"link-1709\" class=\"track_this_link \" rel=\"noopener noreferrer nofollow\" target=\"_blank\">Indexe und OFBs Schlesiens<\/a><\/strong>\n<br \/>Interaktivn\u00ed google mapa obc\u00ed prusk\u00e9ho z\u00e1boru Polska. Po kliknut\u00ed na danou obec se uk\u00e1\u017eou mo\u017en\u00e9 genealogick\u00e9 zdroje.\n<br \/><em>Aktualizace: 28. 9. 2020, 15:56<\/em><br \/>\u00a0<\/li>\n<li><strong><a href=\"http:\/\/kresowemiejscowosci.pl\/\" id=\"link-2437\" class=\"track_this_link \" rel=\"noopener noreferrer nofollow\" target=\"_blank\">Kresowe miejscowo\u015bci<\/a><\/strong>\n<br \/>Towarzystwo Mi\u0142o\u015bnik\u00f3w Lwowa i Kres\u00f3w Po\u0142udniowo-Wschodnich vytvo\u0159ilo web, kter\u00fd obsahuje informace o obc\u00edch z oblasti, kter\u00e9 se \u0159\u00edkalo polsky Kresy (rozprost\u00edr\u00e1 se na \u00fazem\u00ed nyn\u011bj\u0161\u00edch st\u00e1t\u016f Polsko, Litva, Ukrajina, B\u011blorusko), o jejich historii i o jejich obyvatel\u00edch. Datab\u00e1ze st\u00e1le roste a je z\u00e1visl\u00e1 na informac\u00edch od \u0161irok\u00e9 ve\u0159ejnosti, p\u0159ev\u00e1\u017en\u011b od potomk\u016f p\u016fvodn\u00edch obyvatel.\n<br \/><em>Aktualizace: 22. 7. 2023, 18:36<\/em><br \/>\u00a0<\/li>\n<li><strong><a href=\"https:\/\/mapy.cz\/s\/gecucujave\" id=\"link-1419\" class=\"track_this_link \" rel=\"noopener noreferrer nofollow\" target=\"_blank\">Mapa Hali\u010de na&nbsp;mapy.cz<\/a><\/strong>\n<br \/>Velmi praktick\u00e1 mapa na n\u00e1m zn\u00e1m\u00e9m port\u00e1lu mapy.cz by mohla usnadnit hled\u00e1n\u00ed v okrajov\u00fdch \u010d\u00e1stech (zda obec pat\u0159ila k Hali\u010di \u010di nikoli).\n<br \/><em>Aktualizace: 23. 11. 2019, 22:10<\/em><br \/>\u00a0<\/li>\n<li><strong><a href=\"http:\/\/www.miasta-galicji.pl\/\" id=\"link-996\" class=\"track_this_link \" rel=\"noopener noreferrer nofollow\" target=\"_blank\">Na styku kultur i&nbsp;narod\u00f3w. Galicyjskie miasta i&nbsp;miasteczka w j\u00f3zefi\u0144skim katastrze gruntowym<\/a><\/strong>\n<br \/>Projekt \u201eNa styku kultur i narod\u00f3w. Galicyjskie miasta i miasteczka w j\u00f3zefi\u0144skim katastrze gruntowym\u201d zak\u0142ada osi\u0105gni\u0119cie dw\u00f3ch podstawowych cel\u00f3w: opracowanie unikatowej, dost\u0119pnej on-line bazy danych o miastach i ich mieszka\u0144cach oraz zdefiniowanie komponent\u00f3w przestrzeni spo\u0142ecznej miast i miasteczek Galicji w ko\u0144cu XVIII w.\n<br \/><em>Aktualizace: 18. 8. 2019, 4:13<\/em><br \/>\u00a0<\/li>\n<li><strong><a href=\"http:\/\/fbc.pionier.net.pl\/search#fq=!tag=dcterms_accessRightsdcterms_accessRights%3A%22Dost%C4%99p%20otwarty%22&#038;q=Nazwy%20miejscowe%20Polski%3A%20historia%2C%20pochodzenie%2C%20zmiany\" id=\"link-1106\" class=\"track_this_link \" rel=\"noopener noreferrer nofollow\" target=\"_blank\">Nazwy miejscowe Polski: historia, pochodzenie, zmiany<\/a><\/strong>\n<br \/>Digit\u00e1ln\u00ed verze jednoho ze z\u00e1kladn\u00edch m\u00edstopisn\u00fdch d\u011bl pro Polsko (v jeho sou\u010dasn\u00fdch hranic\u00edch). Knihovna jej nab\u00edz\u00ed pouze jako DjVu. Pro prohl\u00ed\u017een\u00ed ze str\u00e1nek je t\u0159eba kliknout na lev\u00e9 stran\u011b na text &quot;Opcje wy\u015bwietlania&quot; a tam vybrat &quot;DjVU - HTML5&quot;. Doporu\u010duji je\u0161t\u011b za\u0161krtnout &quot;Zapami\u0119taj m\u00f3j wyb\u00f3r.&quot;, co\u017e by m\u011blo p\u0159im\u011bt prohl\u00ed\u017ee\u010d, aby si tuto volbu na n\u011bjakou dobu zapamatoval. Pak u\u017e sta\u010d\u00ed kliknout na &quot;Pokaz&quot; a lze \u010d\u00edst. Prohl\u00ed\u017ee\u010d je trochu toporn\u00fd. Znalost pol\u0161tiny je nezbytn\u00e1 - text nelze kop\u00edrovat (do p\u0159eklada\u010de).\n<br \/><em>Aktualizace: 6. 2. 2021, 12:45<\/em><br \/>\u00a0<\/li>\n<li><strong><a href=\"https:\/\/de.wikipedia.org\/wiki\/Liste_deutscher_Bezeichnungen_polnischer_Orte\" id=\"link-1262\" class=\"track_this_link \" rel=\"noopener noreferrer nofollow\" target=\"_blank\">N\u011bmeck\u00e9 n\u00e1zvy polsk\u00fdch obc\u00ed<\/a><\/strong>\n<br \/>Liste deutscher Bezeichnungen polnischer Orte. \u0158azeno v n\u011bm\u010din\u011b.\n<br \/><em>Aktualizace: 4. 9. 2019, 3:25<\/em><br \/>\u00a0<\/li>\n<li><strong><a href=\"https:\/\/pl.wikipedia.org\/wiki\/Niemieckie_nazwy_polskich_miejscowo%C5%9Bci\" id=\"link-1261\" class=\"track_this_link \" rel=\"noopener noreferrer nofollow\" target=\"_blank\">Niemieckie nazwy polskich miejscowo\u015bci<\/a><\/strong>\n<br \/>Niemieckoj\u0119zyczne nazwy miejscowo\u015bci po\u0142o\u017conych obecnie na terenie Rzeczypospolitej Polskiej, w brzmieniu administracyjnym przed 1945 rokiem. \u0158azeno v pol\u0161tin\u011b.\n<br \/><em>Aktualizace: 4. 9. 2019, 3:25<\/em><br \/>\u00a0<\/li>\n<li><strong><a href=\"https:\/\/www.pbc.rzeszow.pl\/dlibra?language=pl\" id=\"link-1096\" class=\"track_this_link \" rel=\"noopener noreferrer nofollow\" target=\"_blank\">Podkarpacka Biblioteka Cyfrowa<\/a><\/strong>\n<br \/>Digit\u00e1ln\u00ed knohovna se v\u011bnuje p\u0159edev\u0161\u00edm regionu Podkarpat\u00ed.\n<br \/><em>Aktualizace: 20. 8. 2019, 4:37<\/em><br \/>\u00a0<\/li>\n<li><strong><a href=\"http:\/\/projekty.wimbp.rzeszow.pl\/przeszlosc\/\" id=\"link-1065\" class=\"track_this_link \" rel=\"noopener noreferrer nofollow\" target=\"_blank\">Przesz\u0142o\u015b\u0107 w pami\u0105tkach ukryta<\/a><\/strong>\n<br \/>Celem projektu \u201ePrzesz\u0142o\u015b\u0107 w pami\u0105tkach ukryta \u2013 cyfrowa prezentacja dziedzictwa kulturowego regionu z archiw\u00f3w prywatnych\u201d jest prezentacja pami\u0105tek pochodz\u0105cych z archiw\u00f3w rodzinnych mieszka\u0144c\u00f3w Rzeszowa i wojew\u00f3dztwa podkarpackiego.\n<br \/><em>Aktualizace: 29. 11. 2019, 19:19<\/em><br \/>\u00a0<\/li>\n<li><strong><a href=\"https:\/\/przodkowiezcieszyna.blogspot.com\/search\/label\/ksi%C4%99gi%20metrykalne\" id=\"link-1474\" class=\"track_this_link \" rel=\"noopener noreferrer nofollow\" target=\"_blank\">Przodkowie z&nbsp;Cieszyna &#8211; ksi\u0119gi metrykalne<\/a><\/strong>\n<br \/>Seri\u00e1l \u010dl\u00e1nk\u016f o tom, kde hledat matriky na T\u011b\u0161\u00ednsku (v \u010cR i v Polsku). Velmi n\u00e1pomocn\u00e9.\n<br \/><em>Aktualizace: 27. 12. 2019, 18:53<\/em><br \/>\u00a0<\/li>\n<li><strong><a href=\"http:\/\/ras.rzeszowska.org.pl\/\" id=\"link-1094\" class=\"track_this_link \" rel=\"noopener noreferrer nofollow\" target=\"_blank\">Rzeszowskie Archiwum Spo\u0142eczne<\/a><\/strong>\n<br \/>Rzeszowskie Archiwum Spo\u0142eczne jest multimedialn\u0105 baz\u0105 materia\u0142\u00f3w archiwalnych i \u017ar\u00f3d\u0142em historii m\u00f3wionej os\u00f3b zwi\u0105zanych z Rzeszowem i wojew\u00f3dztwem podkarpackim. Portal RAS umo\u017cliwia dzielenie si\u0119 wspomnieniami i archiwaliami w formie tekstu, obrazu, d\u017awi\u0119ku i filmu. Korzystaj swobodnie do cel\u00f3w niekomercyjnych z zasob\u00f3w dziedzictwa historyczno-kulturalnego, opublikowanych na wolnej licencji.\n<br \/><em>Aktualizace: 20. 8. 2019, 4:32<\/em><br \/>\u00a0<\/li>\n<li><strong><a href=\"https:\/\/www.wbc.poznan.pl\/dlibra\/publication\/328074\/edition\/268083\/content\" id=\"link-1733\" class=\"track_this_link \" rel=\"noopener noreferrer nofollow\" target=\"_blank\">Seznam v\u0161ech obc\u00ed Hali\u010de 1855<\/a><\/strong>\n<br \/>Seznam v\u0161ech obc\u00ed Hali\u010de z roku 1855 s jejich za\u0159azen\u00edm \u00fazemn\u011b-politick\u00fdm, soudn\u00edm i p\u0159\u00edslu\u0161nost\u00ed k farnosti a s uveden\u00edm majitel\u016f domini\u00ed. Mo\u017eno prohl\u00ed\u017eet online nebo st\u00e1hnout ve form\u00e1tu DjVu (k tomu je pak nutn\u00e9 m\u00edt nainstalovan\u00fd prohl\u00ed\u017ee\u010d tohoto typu soubor\u016f).\n<br \/><em>Aktualizace: 24. 11. 2020, 0:08<\/em><br \/>\u00a0<\/li>\n<li><strong><a href=\"http:\/\/www.gospodarka-galicji.pl\/slownik-miejscowosci\/\" id=\"link-994\" class=\"track_this_link \" rel=\"noopener noreferrer nofollow\" target=\"_blank\">S\u0142ownik miejscowo\u015bci i&nbsp;elity wiejskiej zachodniej Ma\u0142opolski w latach 1772-1815<\/a><\/strong>\n<br \/>S\u0142ownik zosta\u0142 opracowany w ramach realizacji projektu badawczego \u201eDw\u00f3r, wie\u015b i plebania w przestrzeni spo\u0142ecznej zachodniej Ma\u0142opolski w latach 1772-1815\u201d. Badaniami obj\u0119to obszar po\u0142udniowo-zachodniej cz\u0119\u015bci Ma\u0142opolski, na kt\u00f3r\u0105 w czasach przedrozbiorowych sk\u0142ada\u0142y si\u0119 dwa wojew\u00f3dztwa: krakowskie i sandomierskie (do 1795 r.), w dobie rozbior\u00f3w: zachodnia cz\u0119\u015b\u0107 Galicji (cyrku\u0142y: wadowicki, s\u0105decki, boche\u0144ski, tarnowski, rzeszowski i jasielski), w latach 1795-1809 \u2013 po\u0142udniowa i zachodnia cz\u0119\u015b\u0107 Nowej Galicji (cyrku\u0142y: krakowski, kielecki i radomski) oraz powiat cz\u0119stochowski i Nowy \u015al\u0105sk z obszaru II i III zaboru pruskiego oraz w dobie Ksi\u0119stwa Warszawskiego dwa departamenty krakowski i radomski.\n<br \/><em>Aktualizace: 29. 11. 2019, 19:23<\/em><br \/>\u00a0<\/li>\n<li><strong><a href=\"http:\/\/www.wimbp.rzeszow.pl\/e-zbiory\/\" id=\"link-1095\" class=\"track_this_link \" rel=\"noopener noreferrer nofollow\" target=\"_blank\">Wojew\u00f3dzka i&nbsp;Miejska Biblioteka Publiczna w Rzeszowie &#8211; E-zbiory<\/a><\/strong>\n<br \/>Rozcestn\u00edk k digitalizovan\u00fdm knih\u00e1m a \u010dasopis\u016fm region\u00e1ln\u00ed knihovny v Rzeszowie.\n<br \/><em>Aktualizace: 20. 8. 2019, 4:39<\/em><br \/>\u00a0<\/li>\n<li><strong><a href=\"http:\/\/serwisy.wimbp.rzeszow.pl\/wirtualna_kolekcja_czasopism.html\" id=\"link-781\" class=\"track_this_link \" rel=\"noopener noreferrer nofollow\" target=\"_blank\">Wojew\u00f3dzka i&nbsp;Miejska Biblioteka Publiczna w Rzeszowie &#8211; Wirtualna Kolekcja Czasopism Regionalnych<\/a><\/strong>\n<br \/>Seznam digitalizovan\u00fdch region\u00e1ln\u00edch \u010dasopis\u016f z Rzeszowska i s odkazy na dan\u00e9 \u010d\u00edslo.\n<br \/><em>Aktualizace: 29. 11. 2019, 19:27<\/em><br \/>\u00a0<\/li>\n<li><strong><a href=\"https:\/\/katalogi.ossolineum.pl\/\" id=\"link-1071\" class=\"track_this_link \" rel=\"noopener noreferrer nofollow\" target=\"_blank\">Zak\u0142ad Narodowy im. Ossoli\u0144skich &#8211; Katalogi<\/a><\/strong>\n<br \/>Katalogi biblioteki i zasob\u00f3w cyfrowych.\n<br \/><em>Aktualizace: 6. 2. 2021, 13:15<\/em><br \/>\u00a0<\/li>\n<li><strong><a href=\"http:\/\/bazy.oss.wroc.pl\/kzc\/view_fond.php\" id=\"link-1070\" class=\"track_this_link \" rel=\"noopener noreferrer nofollow\" target=\"_blank\">Zak\u0142ad Narodowy im. Ossoli\u0144skich &#8211; Przegl\u0105danie zbior\u00f3w lwowskich wed\u0142ug fond\u00f3w<\/a><\/strong>\n<br \/>Wyszukiwanie informacji o zasobach cyfrowych - Zak\u0142ad Narodowy im. Ossoli\u0144skich - Wroc\u0142aw, Baza Informacji o CD &amp; DVD obejmuje r\u00f3\u017cnego rodzaju zbiory zapisane na no\u015bniku cyfrowym tj.: elektroniczne publikacje samoistne wydawniczo, zbiory zdigitalizowane (r\u0119kopisy, czasopisma, stare druki), dokumenty d\u017awi\u0119kowe itp.\n<br \/><em>Aktualizace: 20. 8. 2019, 2:06<\/em><br \/>\u00a0<\/li>\n\t<\/ul>\n<\/div><!-- Div End Category -->\n<script type='text\/javascript'>\njQuery(document).ready(function()\n{\njQuery('.arrow-up').hide();\njQuery('#linklist1 a.track_this_link').click(function() {\nlinkid = this.id;\nlinkid = linkid.substring(5);\npath = '';\njQuery.ajax( {    type: 'POST',    url: 'https:\/\/www.neznamo.cz\/genealogie\/wp-admin\/admin-ajax.php',     data: { action: 'link_library_tracker',             _ajax_nonce: 'c45d89301f',             id:linkid, xpath:path }     });\nreturn true;\n});\njQuery('#linklist1 .expandlinks').click(function() {\ntarget = '.' + jQuery(this).attr('id');\nsubcattarget = '.' + jQuery(this).attr('data-subcat');\nif ( jQuery( target ).is(':visible') ) {\njQuery(target).slideUp();\njQuery(subcattarget).slideToggle();\njQuery(this).children('img').attr('src', 'https:\/\/www.neznamo.cz\/genealogie\/wp-content\/plugins\/link-library\/icons\/expand-32.png');\n} else {\njQuery(target).slideDown();\njQuery(subcattarget).slideToggle();\njQuery(this).children('img').attr('src', 'https:\/\/www.neznamo.cz\/genealogie\/wp-content\/plugins\/link-library\/icons\/collapse-32.png');\n}\n});\njQuery('#linklist1 .linklistcatclass').click(function() {\njQuery(this).siblings('.expandlinks').click();\n});\njQuery('#linklist1 .linklistcatnamedesc').click(function() {\njQuery(this).siblings('.expandlinks').click();\n});\n});\n<\/script>\n<\/div><!-- Div Linklist -->\n<!-- End of Link Library Output -->\n\n\n","protected":false},"excerpt":{"rendered":"","protected":false},"author":1,"featured_media":0,"parent":0,"menu_order":0,"comment_status":"closed","ping_status":"closed","template":"","meta":{"footnotes":""},"class_list":["post-223","page","type-page","status-publish","hentry"],"featured_image_urls_v2":{"full":"","thumbnail":"","medium":"","medium_large":"","large":"","1536x1536":"","2048x2048":"","twentyseventeen-featured-image":"","twentyseventeen-thumbnail-avatar":""},"post_excerpt_stackable_v2":"<p>A Guide to Galician Districts P\u0159ehled v\u00fdvoje administrativn\u00edho d\u011blen\u00ed Hali\u010de od&nbsp;prvn\u00edho z\u00e1boru Polska 1772 a\u017e do&nbsp;posledn\u00ed zm\u011bny p\u0159ed II. sv\u011btovou v\u00e1lkou v&nbsp;roce 1921. Zve\u0159ejn\u011bno na&nbsp;str\u00e1nk\u00e1ch neziskov\u00e1 organizace Gesher Galicia. Aktualizace: 13.&nbsp;8.&nbsp;2019, 6:15\u00a0 AKON &#8211; Ansichtskarten Online Historick\u00e9 fotografie a&nbsp;pohlednice r\u016fzn\u00fdch m\u00edst z&nbsp;cel\u00e9ho sv\u011bta, v\u010detn\u011b \u010cR a&nbsp;SR zve\u0159ej\u0148uje \u00d6sterreichischen Nationalbibliothek. Navigace pomoc\u00ed snadno obsluhovateln\u00e9 mapy. Aktualizace: 4.&nbsp;8.&nbsp;2019, 0:22\u00a0 Baza miejscowo\u015bci kresovych Datab\u00e1ze obc\u00ed v&nbsp;oblasti, kter\u00e9 se \u0159\u00edkalo polsky Kresy &#8211; rozprost\u00edr\u00e1 se na&nbsp;\u00fazem\u00ed nyn\u011bj\u0161\u00edch st\u00e1t\u016f Polsko, Litva, Ukrajina, B\u011blorusko. Uv\u00e1d\u00ed i&nbsp;\u0159\u00edmskokatolick\u00e9 a&nbsp;\u0159eckokatolick\u00e9 farnosti. Aktualizace: 22.&nbsp;7.&hellip;<\/p>\n","category_list_v2":"","author_info_v2":{"name":"Monika","url":"https:\/\/www.neznamo.cz\/genealogie\/author\/monika\/"},"comments_num_v2":"0 comments","_links":{"self":[{"href":"https:\/\/www.neznamo.cz\/genealogie\/wp-json\/wp\/v2\/pages\/223","targetHints":{"allow":["GET"]}}],"collection":[{"href":"https:\/\/www.neznamo.cz\/genealogie\/wp-json\/wp\/v2\/pages"}],"about":[{"href":"https:\/\/www.neznamo.cz\/genealogie\/wp-json\/wp\/v2\/types\/page"}],"author":[{"embeddable":true,"href":"https:\/\/www.neznamo.cz\/genealogie\/wp-json\/wp\/v2\/users\/1"}],"replies":[{"embeddable":true,"href":"https:\/\/www.neznamo.cz\/genealogie\/wp-json\/wp\/v2\/comments?post=223"}],"version-history":[{"count":0,"href":"https:\/\/www.neznamo.cz\/genealogie\/wp-json\/wp\/v2\/pages\/223\/revisions"}],"wp:attachment":[{"href":"https:\/\/www.neznamo.cz\/genealogie\/wp-json\/wp\/v2\/media?parent=223"}],"curies":[{"name":"wp","href":"https:\/\/api.w.org\/{rel}","templated":true}]}}