{"id":183,"date":"2019-07-28T01:58:44","date_gmt":"2019-07-27T23:58:44","guid":{"rendered":"https:\/\/www.neznamo.cz\/genealogie\/?page_id=183"},"modified":"2019-08-09T05:01:44","modified_gmt":"2019-08-09T03:01:44","slug":"odkazy-vojenstvi","status":"publish","type":"page","link":"https:\/\/www.neznamo.cz\/genealogie\/odkazy-vojenstvi\/","title":{"rendered":"Vojenstv\u00ed, v\u00e1lky, ob\u011bti v\u00e1lek"},"content":{"rendered":"<!-- Beginning of Link Library Output --><div id='linklist1' class='linklist'><!-- Div Linklist -->\n<div class=\"LinkLibraryCat LinkLibraryCat11 level0\"><!-- Div Category -->\n\t<ul>\n<li><strong><a href=\"https:\/\/evidencevh.army.cz\/evidence\/Default.aspx\" id=\"link-297\" class=\"track_this_link  featured\" rel=\"noopener noreferrer nofollow\" target=\"_blank\">Centr\u00e1ln\u00ed evidence v\u00e1le\u010dn\u00fdch hrob\u016f Ministerstva obrany<\/a><\/strong>\n<br \/>V\u00fdborn\u00e9 datab\u00e1ze pro hled\u00e1n\u00ed v\u00e1le\u010dn\u00fdch hrob\u016f z obou sv\u011btov\u00fdch v\u00e1lek. Datab\u00e1ze: V\u00e1le\u010dn\u00e9 hroby v \u010cR, Poh\u0159ben\u00e9 osoby v \u010cR, V\u00e1le\u010dn\u00e9 hroby v zahrani\u010d\u00ed, Osoby poh\u0159ben\u00e9 v zahrani\u010d\u00ed, Evidence padl\u00fdch; a k tomu je\u0161t\u011b vyhled\u00e1va\u010d Hled\u00e1n\u00ed v \u010cR a SR podle osobn\u00edch \u00fadaj\u016f, Hled\u00e1n\u00ed VH v \u010cR a SR, a nav\u00edc Mapa lokalit VH. Dobr\u00e1 v\u00fdchoz\u00ed datab\u00e1ze pro hled\u00e1n\u00ed.\n<br \/><em>Aktualizace: 25. 12. 2022, 15:23<\/em><br \/>\u00a0<\/li>\n<li><strong><a href=\"http:\/\/www.legie100.com\/krev-legionare\/\" id=\"link-626\" class=\"track_this_link  featured\" rel=\"noopener noreferrer nofollow\" target=\"_blank\">Legie 100 &#8211; Seznam legion\u00e1\u0159\u016f<\/a><\/strong>\n<br \/>Projekt \u010ceskoslovensk\u00e9 obce legion\u00e1\u0159sk\u00e9 (se \u0161irokou st\u00e1tn\u00ed i nest\u00e1tn\u00ed podporou) k p\u0159ipom\u00ednce \u010deskoslovensk\u00fdch legion\u00e1\u0159\u016f. Seznam legion\u00e1\u0159\u016f \u010derp\u00e1 z datab\u00e1ze VHA a i my m\u016f\u017eeme pos\u00edlat informace o na\u0161ich p\u0159edc\u00edch a p\u0159\u00edbuzn\u00fdch (nap\u0159. fotky).\n<br \/><em>Aktualizace: 29. 11. 2019, 19:11<\/em><br \/>\u00a0<\/li>\n<li><strong><a href=\"http:\/\/www.velkavalka.info\/wiki\/doku.php?id=mobilizace\" id=\"link-298\" class=\"track_this_link  featured\" rel=\"noopener noreferrer nofollow\" target=\"_blank\">Mobilizace a&nbsp;povol\u00e1v\u00e1n\u00ed za&nbsp;v\u00e1lky<\/a><\/strong>\n<br \/>P\u0159ehledn\u00e9 informace o tom, kter\u00e9 ro\u010dn\u00edky byly kdy mobilizovan\u00e9 do I. sv\u011btov\u00e9 v\u00e1lky.\n<br \/><em>Aktualizace: 29. 7. 2019, 0:55<\/em><br \/>\u00a0<\/li>\n<li><strong><a href=\"https:\/\/www.familysearch.org\/search\/catalog\/results?count=20&#038;placeId=83&#038;query=%2Bplace%3AAustria%20%2Bkeywords%3AMusterlisten%20%2Bkeywords%3Aund%20%2Bkeywords%3AStandestabellen&#038;subjectsOpen=344634-50,433094-50\" id=\"link-1461\" class=\"track_this_link  featured\" rel=\"noopener noreferrer nofollow\" target=\"_blank\">Musterlisten und Standestabellen<\/a><\/strong>\n<br \/>Evidence Rakousk\u00e9 arm\u00e1dy u\u017e od cca poloviny 18. stolet\u00ed na webu FamilySearch.\n<br \/><em>Aktualizace: 15. 12. 2019, 17:55<\/em><br \/>\u00a0<\/li>\n<li><strong><a href=\"http:\/\/www.velkavalka.info\/wiki\/doku.php?id=start\" id=\"link-299\" class=\"track_this_link  featured\" rel=\"noopener noreferrer nofollow\" target=\"_blank\">Velk\u00e1 v\u00e1lka &#8211; wiki<\/a><\/strong>\n<br \/>Otev\u0159en\u00e1 encyklopedie I. sv\u011btov\u00e9 v\u00e1lky. Zdroj mnoha zaj\u00edmav\u00fdch informac\u00ed.\n<br \/><em>Aktualizace: 29. 7. 2019, 0:56<\/em><br \/>\u00a0<\/li>\n<li><strong><a href=\"https:\/\/www.vuapraha.cz\/databaze-vha\/\" id=\"link-187\" class=\"track_this_link  featured\" rel=\"noopener noreferrer nofollow\" target=\"_blank\">VHA &#8211; Datab\u00e1ze<\/a><\/strong>\n<br \/>Datab\u00e1ze obsahuje legion\u00e1\u0159e, padl\u00e9 v obou sv\u011btov\u00fdch v\u00e1lk\u00e1ch a p\u0159\u00edslu\u0161n\u00edk\u016f \u010ds. vojensk\u00fdch jednotek v zahrani\u010d\u00ed za 2. sv. v\u00e1lky.\n<br \/><em>Aktualizace: 31. 3. 2022, 23:37<\/em><br \/>\u00a0<\/li>\n<li><strong><a href=\"http:\/\/www.vuapraha.cz\/\" id=\"link-186\" class=\"track_this_link  featured\" rel=\"noopener noreferrer nofollow\" target=\"_blank\">Vojensk\u00fd \u00fast\u0159edn\u00ed archiv<\/a><\/strong>\n<br \/>Hlavn\u00ed str\u00e1nka Vojensk\u00e9ho \u00fast\u0159edn\u00edho archivu p\u0159es kterou se d\u00e1 dostat k datab\u00e1z\u00edm i k invent\u00e1\u0159\u016fm a k digitalizovan\u00fdm materi\u00e1l\u016fm (Kartot\u00e9ka padl\u00fdch v 1. sv\u011btov\u00e9 v\u00e1lce, Vojensk\u00e9 matriky, Dokumentace p\u0159\u00edslu\u0161n\u00edk\u016f SS - str\u00e1\u017en\u00fdch v KT, Leteck\u00e9 karty \u010ds. p\u0159\u00edslu\u0161n\u00edk\u016f RAF, Osv\u011bd\u010den\u00ed podle z\u00e1kona \u010d. 255\/1946 Sb.).\n<br \/><em>Aktualizace: 28. 7. 2019, 2:00<\/em><br \/>\u00a0<\/li>\n<li><strong><a href=\"https:\/\/1914.svrt.ru\/\" id=\"link-601\" class=\"track_this_link \" rel=\"noopener noreferrer nofollow\" target=\"_blank\">1914.svrt.ru<\/a><\/strong>\n<br \/>Datab\u00e1ze voj\u00e1k\u016f evidovan\u00fdch na \u00fazem\u00ed carsk\u00e9ho Ruska, tedy i v rusk\u00e9m z\u00e1boru Polska, v dob\u011b I. sv\u011btov\u00e9 v\u00e1lky. P\u0159\u00edjmen\u00ed se p\u00ed\u0161e hned do prvn\u00ed kolonky a lze ps\u00e1t latinkou (tj. \u010desky, ale rad\u011bji bez \u010desk\u00fdch znak\u016f). Je dobr\u00e9 zkou\u0161et v\u00edce podob p\u0159\u00edjmen\u00ed. V syst\u00e9mu by nem\u011bli b\u00fdt na\u0161i zajat\u00ed, zran\u011bn\u00ed a padl\u00ed voj\u00e1ci. Rusky.\n<br \/><em>Aktualizace: 29. 11. 2019, 18:43<\/em><br \/>\u00a0<\/li>\n<li><strong><a href=\"https:\/\/astreetnearyou.org\/#=undefined&#038;lat=49.69321915687747&#038;lon=16.048278808593754&#038;zoom=8\" id=\"link-659\" class=\"track_this_link \" rel=\"noopener noreferrer nofollow\" target=\"_blank\">A Street Near You<\/a><\/strong>\n<br \/>Datab\u00e1ze voj\u00e1k\u016f Commonwealthu v I. sv\u011btov\u00e9 v\u00e1lce. Do jejich \u0159ad pat\u0159ili i n\u011bkte\u0159\u00ed na\u0161i voj\u00e1ci. Navigace podle mapy. Anglicky.\n<br \/><em>Aktualizace: 8. 8. 2019, 3:23<\/em><br \/>\u00a0<\/li>\n<li><strong><a href=\"http:\/\/www.agad.gov.pl\/pomoce\/MGGL.xml\" id=\"link-750\" class=\"track_this_link \" rel=\"noopener noreferrer nofollow\" target=\"_blank\">AGAD &#8211; Generalne Gubernatorstwo Wojskowe w Polsce<\/a><\/strong>\n<br \/>Invent\u00e1\u0159 fondu Generalne Gubernatorstwo Wojskowe w Polsce (Milit\u00e4r General Gouvernement in Polen), kter\u00fd zahrnuje i archiv\u00e1lie z Oddzia\u0142u Grob\u00f3w Wojennych (Kriegsgr\u00e4berabteilung - X). Zde budeme hledat na\u0161e padl\u00e9, zran\u011bn\u00e9, zajat\u00e9 voj\u00e1ky z I. sv\u011btov\u00e9 v\u00e1lky v okol\u00ed Lublina. Fond nen\u00ed digitalizovan\u00fd.\n<br \/><em>Aktualizace: 10. 8. 2019, 7:36<\/em><br \/>\u00a0<\/li>\n<li><strong><a href=\"https:\/\/semikovi.blogspot.com\/2013\/10\/austro-hungarian-army-records-guide-for.html\" id=\"link-453\" class=\"track_this_link \" rel=\"noopener noreferrer nofollow\" target=\"_blank\">Archivn\u00ed z\u00e1znamy rakousko-uhersk\u00e9 arm\u00e1dy<\/a><\/strong>\n<br \/>Praktick\u00fd stru\u010dn\u00fd \u010dl\u00e1nek o hled\u00e1n\u00ed p\u0159edk\u016f, kte\u0159\u00ed slou\u017eili v arm\u00e1d\u011b. Sou\u010d\u00e1st osobn\u00edho webu \u0160em\u00edkovi - Hled\u00e1n\u00ed ko\u0159en\u016f na Vyso\u010din\u011b.\n<br \/><em>Aktualizace: 3. 8. 2019, 3:45<\/em><br \/>\u00a0<\/li>\n<li><strong><a href=\"https:\/\/collections.arolsen-archives.org\/en\/search\/\" id=\"link-1329\" class=\"track_this_link \" rel=\"noopener noreferrer nofollow\" target=\"_blank\">Arolsen Archives<\/a><\/strong>\n<br \/>Datab\u00e1ze ob\u011bt\u00ed nacist\u016f za II. sv\u011btov\u00e9 v\u00e1lky - ob\u011bti holokaustu, vyvra\u017e\u010fov\u00e1n\u00ed, koncentra\u010dn\u00edch t\u00e1bor\u016f, nucen\u00fdch prac\u00ed, vys\u00eddlov\u00e1n\u00ed...\n<br \/><em>Aktualizace: 20. 9. 2019, 2:09<\/em><br \/>\u00a0<\/li>\n<li><strong><a href=\"https:\/\/www.vuapraha.cz\/badatelna\/\" id=\"link-2208\" class=\"track_this_link \" rel=\"noopener noreferrer nofollow\" target=\"_blank\">Badatelna Digit\u00e1ln\u00edho archivu Ministerstva obrany<\/a><\/strong>\n<br \/>Digit\u00e1ln\u00ed badatelna Ministerstva obrany \u010cR (DBMO) je ur\u010dena k d\u00e1lkov\u00e9mu studiu archiv\u00e1li\u00ed Vojensk\u00e9ho historick\u00e9ho archivu. Voln\u011b p\u0159\u00edstupn\u00fd obsah digit\u00e1ln\u00ed badatelny m\u016f\u017ee prohl\u00ed\u017eet jak\u00fdkoliv u\u017eivatel.\n<br \/><em>Aktualizace: 31. 3. 2022, 23:38<\/em><br \/>\u00a0<\/li>\n<li><strong><a href=\"http:\/\/armiakrajowa-lagiernicy.pl\/baza-zolnierzy-lagiernikow\/\" id=\"link-1061\" class=\"track_this_link \" rel=\"noopener noreferrer nofollow\" target=\"_blank\">Baza danych \u0142agiernik\u00f3w \u017co\u0142nierzy Armii krajowej<\/a><\/strong>\n<br \/>Datab\u00e1ze v\u011bzn\u011bn\u00fdch (v t\u00e1borech) polsk\u00fdch voj\u00e1k\u016f Armii krajowej. II. sv\u011btov\u00e1 v\u00e1lka. Vhodn\u00e9 pro hled\u00e1n\u00ed p\u0159edk\u016f poch\u00e1zej\u00edc\u00edch z \u00fazem\u00ed p\u0159edv\u00e1le\u010dn\u00e9ho Polska.\n<br \/><em>Aktualizace: 20. 8. 2019, 1:35<\/em><br \/>\u00a0<\/li>\n<li><strong><a href=\"http:\/\/www.digitalniknihovna.cz\/dsmo\/periodical\/uuid:a8134631-f8b3-43f8-b7ca-52756d49e0a6?accessibility=public\" id=\"link-1645\" class=\"track_this_link \" rel=\"noopener noreferrer nofollow\" target=\"_blank\">\u010casopis Historie a&nbsp;vojenstv\u00ed<\/a><\/strong>\n<br \/>\u010casopis Historick\u00e9ho \u00fastavu Arm\u00e1dy \u010cR. V digit\u00e1ln\u00ed knihovn\u011b jsou zve\u0159ejn\u011bna i \u010d\u00edsla po roce 1989 a\u017e skoro do sou\u010dasnosti.\n<br \/><em>Aktualizace: 9. 6. 2020, 19:22<\/em><br \/>\u00a0<\/li>\n<li><strong><a href=\"https:\/\/www.kimonibyli.pl\/centralne-archiwum-wojskowe-wyszukiwarka\/\" id=\"link-1077\" class=\"track_this_link \" rel=\"noopener noreferrer nofollow\" target=\"_blank\">Centralne Archiwum Wojskowe \u2013 wyszukiwarka<\/a><\/strong>\n<br \/>N\u00e1vod (v pol\u0161tin\u011b) jak si poradit s v\u00fdsledky vyhled\u00e1v\u00e1n\u00ed v &quot;Wojskowe Biuro Historyczne - Centralne Archiwum Wojskowe&quot;. Zve\u0159ejn\u011bno na str\u00e1nce Kim oni byli.\n<br \/><em>Aktualizace: 20. 8. 2019, 3:09<\/em><br \/>\u00a0<\/li>\n<li><strong><a href=\"http:\/\/www.cmjw.pl\/zbiory-cyfrowe\/\" id=\"link-689\" class=\"track_this_link \" rel=\"noopener noreferrer nofollow\" target=\"_blank\">Centralne Muzeum Je\u0144c\u00f3w Wojennych<\/a><\/strong>\n<br \/>Polsk\u00e9 Centr\u00e1ln\u00ed muzeum v\u00e1le\u010dn\u00fdch zajatc\u016f zve\u0159ejnilo dva fondy z II. sv\u011btov\u00e9 v\u00e1lky, kter\u00e9 mohou pomoci hledat zajatce (vojensk\u00e9 i civiln\u00ed) s polsk\u00fdm ob\u010danstv\u00edm: &quot;Deutsches Rotes Kreuz. Pr\u00e4sidium&quot; a &quot;Wehrmachtauskunftstelle f\u00fcr Kriegerverluste und Kriegsgefangene&quot;.\n<br \/><em>Aktualizace: 9. 8. 2019, 3:58<\/em><br \/>\u00a0<\/li>\n<li><strong><a href=\"https:\/\/mdc.natur.cuni.cz\/data\/datahub\/map_viewer\/student_outputs\/thematic_cartography\/2025\/straberger_036.html\" id=\"link-2657\" class=\"track_this_link \" rel=\"noopener noreferrer nofollow\" target=\"_blank\">\u010ce\u0161i v&nbsp;Rakousko-Uhersk\u00e9 arm\u00e1d\u011b na&nbsp;v\u00fdchodn\u00ed front\u011b za&nbsp;Prvn\u00ed sv\u011btov\u00e9 v\u00e1lky<\/a><\/strong>\n<br \/>Mapa ukazuje p\u016fsoben\u00ed voj\u00e1k\u016f \u010desk\u00e9 n\u00e1rodnosti v Rakousko-Uhersk\u00e9 arm\u00e1d\u011b za Prvn\u00ed sv\u011btov\u00e9 v\u00e1lky na v\u00fdchodn\u00ed front\u011b. Hlavn\u00ed mapa ukazuje polohy a data bitev, dopl\u0148kov\u00e1 mapa ukazuje tehdej\u0161\u00ed odvodov\u00e9 okresy v rozsahu dne\u0161n\u00ed \u010cR.\n<br \/><em>Aktualizace: 23. 11. 2025, 18:32<\/em><br \/>\u00a0<\/li>\n<li><strong><a href=\"https:\/\/my.mail.ru\/community\/history0\/photo\/legie\" id=\"link-2527\" class=\"track_this_link \" rel=\"noopener noreferrer nofollow\" target=\"_blank\">\u010ceskoslovensk\u00e1 &#8222;sibi\u0159sk\u00e1&#8220; arm\u00e1da tedy legion\u00e1\u0159i v&nbsp;Rusku &#8211; fotky<\/a><\/strong>\n<br \/>Fotografie \u010ds. legion\u00e1\u0159\u016f v Rusku z let 1914\u20131920 zve\u0159ejn\u011bn\u00e9 na rusk\u00e9m komunitn\u00edm webu (tedy nelze m\u00edt jistotu, jak dlouho tam vydr\u017e\u00ed).\n<br \/><em>Aktualizace: 5. 2. 2024, 0:18<\/em><br \/>\u00a0<\/li>\n<li><strong><a href=\"https:\/\/www.primaplana.cz\/news\/prehled-c-k-jezdeckych-pluku-a-jejich-cislovani-podle-jednotlivych-jezdeckych-kategorii\/\" id=\"link-2215\" class=\"track_this_link \" rel=\"noopener noreferrer nofollow\" target=\"_blank\">\u010c\u00edslov\u00e1n\u00ed c. (a) k. rakousk\u00fdch j\u00edzdn\u00edch pluk\u016f v&nbsp;letech 1769-1918 &#8211; p\u0159ehledov\u00e9 tabulky a&nbsp;seznamy<\/a><\/strong>\n<br \/>V\u00fdborn\u00fd p\u0159ehled Lubom\u00edra Uhl\u00ed\u0159e, kter\u00fd m\u016f\u017ee pomoci s hled\u00e1n\u00edm voj\u00e1k\u016f j\u00edzdy (nejen dragoun\u016f). Tabulky obsahuj\u00ed v\u00fdvoj \u010d\u00edslov\u00e1n\u00ed pluk\u016f, n\u00ed\u017ee jsou pak dal\u0161\u00ed podrobnosti i s p\u0159ehledy literatury k jednotliv\u00fdm pluk\u016fm.\n<br \/><em>Aktualizace: 20. 4. 2022, 21:24<\/em><br \/>\u00a0<\/li>\n<li><strong><a href=\"https:\/\/www.warszawa.ap.gov.pl\/cmentarze_wojenne\/cmentarze_wojenne.html\" id=\"link-933\" class=\"track_this_link \" rel=\"noopener noreferrer nofollow\" target=\"_blank\">Cmentarze Wojenne z&nbsp;okresu I. wojny \u015bwiatowej na&nbsp;terenie p\u00f3\u0142nocno-wschodniego Mazowsza<\/a><\/strong>\n<br \/>Archiwum Pa\u0144stwowe w Warszawie s mnoha obcemi z regionu p\u0159ipravili online v\u00fdstavu o vojensk\u00fdch h\u0159bitovech v t\u00e9to \u010d\u00e1sti Polska. Stru\u010dn\u00e9 informace o jednotliv\u00fdch h\u0159bitovech dopl\u0148uj\u00ed fotografie sou\u010dasn\u00e9ho stavu.\n<br \/><em>Aktualizace: 29. 11. 2019, 18:52<\/em><br \/>\u00a0<\/li>\n<li><strong><a href=\"http:\/\/www.beskid-niski-pogorze.pl\/galeria_regionu\/cmentarze_wojenne\/7\/cmentarze_galicja_srodkowa.php\" id=\"link-1060\" class=\"track_this_link \" rel=\"noopener noreferrer nofollow\" target=\"_blank\">Cmentarze z&nbsp;I&nbsp;wojny \u015bwiatowej w Galicji \u015arodkowej<\/a><\/strong>\n<br \/>V\u00e1le\u010dn\u00e9 hroby a h\u0159bitovy z I. sv\u011btov\u00e9 v\u00e1lky v centr\u00e1ln\u00ed Hali\u010di. Str\u00e1nka s informacemi a sou\u010dasn\u00fdmi fotkami.\n<br \/><em>Aktualizace: 20. 8. 2019, 1:35<\/em><br \/>\u00a0<\/li>\n<li><strong><a href=\"http:\/\/www.cmentarze.1wojna.pl\/\" id=\"link-1005\" class=\"track_this_link \" rel=\"noopener noreferrer nofollow\" target=\"_blank\">Cmentarze z&nbsp;I. wojny \u015bwiatowej<\/a><\/strong>\n<br \/>Polskojazy\u010dn\u00e1 str\u00e1nka o v\u00e1le\u010dn\u00fdch hrobech z I. sv\u011btov\u00e9 v\u00e1lky na z\u00e1pad\u011b Hali\u010de. D\u00e1 se na n\u00ed vyhled\u00e1vat podle p\u0159\u00edjmen\u00ed. H\u0159bitovy maj\u00ed n\u011bkdy tak\u00e9 sou\u010dasn\u00e9 fotografie jejich stavu. Strana m\u00e1 zablokovan\u00e9 kop\u00edrov\u00e1n\u00ed obr\u00e1zk\u016f i textu, tak\u017ee nep\u016fjde p\u0159ekl\u00e1dat. (Chci-li na t\u00e9to str\u00e1nce otev\u0159\u00edt n\u011bjak\u00fd odkaz do nov\u00e9ho panelu prohl\u00ed\u017ee\u010de, mus\u00edm podr\u017eet kombinaci Ctrl+Shift a teprve pak \u0165uknout na odkaz.)\n<br \/><em>Aktualizace: 29. 11. 2019, 18:52<\/em><br \/>\u00a0<\/li>\n<li><strong><a href=\"https:\/\/www.cwgc.org\/\" id=\"link-668\" class=\"track_this_link \" rel=\"noopener noreferrer nofollow\" target=\"_blank\">Commonwealth War Graves Commission (CWGC)<\/a><\/strong>\n<br \/>Virtu\u00e1ln\u00ed pam\u00e1tn\u00edk Komise pro v\u00e1le\u010dn\u00e9 hroby Spole\u010denstv\u00ed (CWGC) na pam\u00e1tku t\u011bm, kte\u0159\u00ed padli v obou sv\u011btov\u00fdch v\u00e1lk\u00e1ch.\n<br \/><em>Aktualizace: 8. 8. 2019, 4:24<\/em><br \/>\u00a0<\/li>\n<li><strong><a href=\"https:\/\/velkavojna.sk\/straty\/w1_ukaz.php\" id=\"link-661\" class=\"track_this_link \" rel=\"noopener noreferrer nofollow\" target=\"_blank\">Datab\u00e1za str\u00e1t z&nbsp;\u00fazemia Slovenska v&nbsp;prvej svetovej vojne<\/a><\/strong>\n<br \/>Datab\u00e1ze je na port\u00e1lu Ve\u013ek\u00e1 vojna a jde v n\u00ed vyhled\u00e1vat. I. sv\u011btov\u00e1 v\u00e1lka.\n<br \/><em>Aktualizace: 8. 8. 2019, 3:34<\/em><br \/>\u00a0<\/li>\n<li><strong><a href=\"https:\/\/www.ushmm.org\/online\/hsv\/person_advance_search.php\" id=\"link-1693\" class=\"track_this_link \" rel=\"noopener noreferrer nofollow\" target=\"_blank\">Datab\u00e1ze ob\u011bt\u00ed holokaustu &#8211; United States Holocaust Memorial Museum<\/a><\/strong>\n<br \/>U n\u011bkter\u00fdch osob je informac\u00ed v datab\u00e1zi jen minimum a u jin\u00fdch lze naj\u00edt v\u00edce. Lze \u017e\u00e1dat o zasl\u00e1n\u00ed digit\u00e1ln\u00ed kopie dokument\u016f, ale nepovedlo se mi zjistit, zda jde o placenou slu\u017ebu nebo zda je zdarma.\n<br \/><em>Aktualizace: 4. 9. 2020, 18:51<\/em><br \/>\u00a0<\/li>\n<li><strong><a href=\"https:\/\/zbrodniawolynska.pl\/zw1\/form\/247,Baza-Ofiar-zbrodni-wolynskiej.html\" id=\"link-1654\" class=\"track_this_link \" rel=\"noopener noreferrer nofollow\" target=\"_blank\">Datab\u00e1ze ob\u011bt\u00ed Voly\u0148sk\u00e9ho masakru (Rze\u017a wo\u0142y\u0144ska) v&nbsp;letech 1943 a\u017e 1944<\/a><\/strong>\n<br \/>Datab\u00e1ze, kter\u00e1 se nach\u00e1z\u00ed na port\u00e1lu zbrodniawolynska.pl, nyn\u00ed obsahuje asi 17 tis\u00edc osob, z nich je 252 \u010desk\u00e9 n\u00e1rodnosti (pr\u00e1v\u011b na jejich v\u00fdpis vede odkaz). Str\u00e1nky jsou v pol\u0161tin\u011b, angli\u010dtin\u011b a ukrajin\u0161tin\u011b, lze filtrovat podle r\u016fzn\u00fdch krit\u00e9ri\u00ed (nejen podle p\u0159\u00edjmen\u00ed; n\u011bkter\u00e9 ob\u011bti jsou bez p\u0159\u00edjmen\u00ed, ur\u010den\u00e9 t\u0159eba pr\u00e1v\u011b pouze n\u00e1rodnost\u00ed).\n<br \/><em>Aktualizace: 6. 2. 2021, 12:10<\/em><br \/>\u00a0<\/li>\n<li><strong><a href=\"http:\/\/auschwitz.org\/muzeum\/informacja-o-wiezniach\/\" id=\"link-505\" class=\"track_this_link \" rel=\"noopener noreferrer nofollow\" target=\"_blank\">Datab\u00e1ze v\u011bz\u0148\u016f KT Auschwitz-Birkenau<\/a><\/strong>\n<br \/>Pa\u0144stwowe Muzeum Auschwitz-Birkenau umo\u017e\u0148uje vyhled\u00e1v\u00e1n\u00ed v datab\u00e1zi v\u011bz\u0148\u016f. II. sv\u011btov\u00e1 v\u00e1lka.\n<br \/><em>Aktualizace: 19. 8. 2019, 3:02<\/em><br \/>\u00a0<\/li>\n<li><strong><a href=\"https:\/\/www.ustrcr.cz\/uvod\/popraveni-plotzensee\/\" id=\"link-2015\" class=\"track_this_link \" rel=\"noopener noreferrer nofollow\" target=\"_blank\">Dokumentace popraven\u00fdch \u010cechoslov\u00e1k\u016f za&nbsp;druh\u00e9 sv\u011btov\u00e9 v\u00e1lky v&nbsp;Berl\u00edn\u011b-Pl\u00f6tzensee<\/a><\/strong>\n<br \/>Datab\u00e1ze \u00dastavu pro studium totalitn\u00edch re\u017eim\u016f obsahuje: P\u0159\u00edjmen\u00ed a jm\u00e9no, zam\u011bstn\u00e1n\u00ed, datum a m\u00edsto narozen\u00ed, provin\u011bn\u00ed, datum a zp\u016fsob popravy, zdroj informac\u00ed.\n<br \/><em>Aktualizace: 30. 9. 2021, 21:24<\/em><br \/>\u00a0<\/li>\n<li><strong><a href=\"https:\/\/www.ustrcr.cz\/uvod\/dokumentace-usmrcenych-statni-hranice\/\" id=\"link-2094\" class=\"track_this_link \" rel=\"noopener noreferrer nofollow\" target=\"_blank\">Dokumentace usmrcen\u00fdch na&nbsp;\u010deskoslovensk\u00fdch st\u00e1tn\u00edch hranic\u00edch 1948\u20131989<\/a><\/strong>\n<br \/>Projekt \u00dastavu pro studium totalitn\u00edch re\u017eim\u016f (\u00daSTR) &quot;Dokumentace usmrcen\u00fdch osob na \u010deskoslovensk\u00fdch st\u00e1tn\u00edch hranic\u00edch v letech 1948 a\u017e 1989&quot;. \u010c\u00e1st v\u00fdstup\u016f z n\u011bj je dostupn\u00e1 na t\u00e9to webov\u00e9 str\u00e1nce. Najdete tam kr\u00e1tkou studii se z\u00e1kladn\u00edm vhledem do problematiky, glos\u00e1\u0159 s kl\u00ed\u010dov\u00fdmi hesly, biogramy 80 usmrcen\u00fdch osob v\u010detn\u011b v\u00fdb\u011bru archivn\u00edch materi\u00e1l\u016f, mapov\u00e9 podklady ke zdokumentovan\u00fdm incident\u016fm apod.\n<br \/><em>Aktualizace: 3. 3. 2022, 20:31<\/em><br \/>\u00a0<\/li>\n<li><strong><a href=\"https:\/\/pl.wikipedia.org\/wiki\/Dow%C3%B3dztwa_okr%C4%99g%C3%B3w_korpus%C3%B3w\" id=\"link-1003\" class=\"track_this_link \" rel=\"noopener noreferrer nofollow\" target=\"_blank\">Dow\u00f3dztwa okr\u0119g\u00f3w korpus\u00f3w<\/a><\/strong>\n<br \/>Informa\u010dn\u00ed str\u00e1nka na wikipedii (v pol\u0161tin\u011b), kter\u00e1 pod\u00e1v\u00e1 z\u00e1kladn\u00ed p\u0159ehled \u010dlen\u011bn\u00ed polsk\u00e9 arm\u00e1dy po roce 1918. Pro hled\u00e1n\u00ed na\u0161ich padl\u00fdch voj\u00e1k\u016f v dob\u011b I. sv\u011btov\u00e9 v\u00e1lky na \u00fazem\u00ed tehdej\u0161\u00edho Polska je d\u016fle\u017eit\u00e1 proto, \u017ee nov\u011b uspo\u0159\u00e1dan\u00e1 arm\u00e1da p\u0159evzala i p\u00e9\u010di o v\u00e1le\u010dn\u00e9 hroby.\n<br \/><em>Aktualizace: 18. 8. 2019, 4:47<\/em><br \/>\u00a0<\/li>\n<li><strong><a href=\"http:\/\/www.digitalniknihovna.cz\/dsmo\/uuid\/uuid:5aa49866-a06d-11e8-98d0-529269fb1459\" id=\"link-1260\" class=\"track_this_link \" rel=\"noopener noreferrer nofollow\" target=\"_blank\">Evidence ob\u011bt\u00ed Pra\u017esk\u00e9ho povst\u00e1n\u00ed Oblastn\u00ed krimin\u00e1ln\u00ed \u00fa\u0159adovny<\/a><\/strong>\n<br \/>St\u00e1tn\u00ed oblastn\u00ed archiv v Praze, fond Ran\u011bn\u00ed, mrtv\u00ed a poh\u0159e\u0161ovan\u00ed p\u0159i n\u00e1letech na Prahu v roce 1945 a p\u0159i kv\u011btnov\u00e9 revoluci v roce 1945. Digitalizovan\u00e1 kartot\u00e9ka v digit\u00e1ln\u00ed studovn\u011b Ministerstva obrany \u010cR.\n<br \/><em>Aktualizace: 4. 9. 2019, 2:43<\/em><br \/>\u00a0<\/li>\n<li><strong><a href=\"http:\/\/www.vhu.cz\/kartoteka-obeti-prazskeho-povstani-oblastni-kriminalni-uradovny-praha\/\" id=\"link-2124\" class=\"track_this_link \" rel=\"noopener noreferrer nofollow\" target=\"_blank\">Evidence ob\u011bt\u00ed Pra\u017esk\u00e9ho povst\u00e1n\u00ed Oblastn\u00ed krimin\u00e1ln\u00ed \u00fa\u0159adovny Praha<\/a><\/strong>\n<br \/>Odkaz vede na \u010dl\u00e1nek &quot;Kartot\u00e9ka ob\u011bt\u00ed Pra\u017esk\u00e9ho povst\u00e1n\u00ed Oblastn\u00ed krimin\u00e1ln\u00ed \u00fa\u0159adovny Praha&quot; (na webu Vojensk\u00e9ho historick\u00e9ho \u00fastavu Praha), kter\u00fd vysv\u011btluje vznik a obsah kartot\u00e9ky. V \u00favodn\u00ed \u010d\u00e1sti \u010dl\u00e1nku je odkaz na digitalizovanou kartot\u00e9ku.\n<br \/><em>Aktualizace: 13. 3. 2022, 20:26<\/em><br \/>\u00a0<\/li>\n<li><strong><a href=\"https:\/\/catalog.archives.gov\/id\/12044361\" id=\"link-2668\" class=\"track_this_link \" rel=\"noopener noreferrer nofollow\" target=\"_blank\">Eviden\u010dn\u00ed karty n\u011bmeck\u00e9 nacistick\u00e9 strany (NSDAP)<\/a><\/strong>\n<br \/>Americk\u00e1 N\u00e1rodn\u00ed spr\u00e1va archiv\u016f a z\u00e1znam\u016f (NARA) roku 2026 zp\u0159\u00edstupnila na sv\u00fdch webov\u00fdch str\u00e1nk\u00e1ch bezplatn\u011b t\u00e9m\u011b\u0159 11 milion\u016f kartot\u00e9\u010dn\u00edch l\u00edstk\u016f z r\u016fzn\u00fdch \u010dlensk\u00fdch karet N\u011bmeck\u00e9 nacistick\u00e9 strany (NSDAP). &quot;Records Relating to Membership in the Nationalsozialistische Deutsche Arbeiterpartei (NSDAP), 1945\u20131994&quot;\n<br \/><em>Aktualizace: 22. 3. 2026, 20:47<\/em><br \/>\u00a0<\/li>\n<li><strong><a href=\"http:\/\/grobywojenne.malopolska.uw.gov.pl\/\" id=\"link-999\" class=\"track_this_link \" rel=\"noopener noreferrer nofollow\" target=\"_blank\">Groby wojenne na&nbsp;terenie Ma\u0142opolski<\/a><\/strong>\n<br \/>Datab\u00e1ze v\u00e1le\u010dn\u00fdch hrob\u016f, h\u0159bitov\u016f a mohyl obsahuje fotografie, z\u00e1kladn\u00ed informace a mnohdy i seznamy osob. Mluv\u00ed polsky, anglicky, n\u011bmecky a rusky.\n<br \/><em>Aktualizace: 29. 11. 2019, 19:05<\/em><br \/>\u00a0<\/li>\n<li><strong><a href=\"https:\/\/www.familysearch.org\/search\/catalog\/489271?availability=Family%20History%20Library\" id=\"link-653\" class=\"track_this_link \" rel=\"noopener noreferrer nofollow\" target=\"_blank\">Grundbuchbl\u00e4tter Diverse: B\u00f6hmen, M\u00e4hren, Schlesien, 1820-1864<\/a><\/strong>\n<br \/>Na Family Search zve\u0159ejn\u011bn\u00e9 kmenov\u00e9 listy voj\u00e1k\u016f z \u010cech, Moravy a Slezska z let 1820-1864. K prohl\u00ed\u017een\u00ed sken\u016f nutn\u00e1 registrace.\n<br \/><em>Aktualizace: 7. 8. 2019, 6:01<\/em><br \/>\u00a0<\/li>\n<li><strong><a href=\"https:\/\/halic-predkove.blogspot.com\/\" id=\"link-766\" class=\"track_this_link \" rel=\"noopener noreferrer nofollow\" target=\"_blank\">Hali\u010d a&nbsp;p\u0159edkov\u00e9<\/a><\/strong>\n<br \/>M\u016fj blog o hled\u00e1n\u00ed p\u0159edk\u016f v Hali\u010di, v\u010detn\u011b na\u0161ich voj\u00e1k\u016f za I. sv\u011btov\u00e9 v\u00e1lky.\n<br \/><em>Aktualizace: 29. 11. 2019, 19:05<\/em><br \/>\u00a0<\/li>\n<li><strong><a href=\"https:\/\/www.primaplana.cz\/\" id=\"link-2216\" class=\"track_this_link \" rel=\"noopener noreferrer nofollow\" target=\"_blank\">Historie c. k. arm\u00e1dy v&nbsp;napoleonsk\u00e9 epo\u0161e<\/a><\/strong>\n<br \/>V\u00fdborn\u00fd web pro hled\u00e1n\u00ed p\u0159edk\u016f z c. k. arm\u00e1dy obecn\u011b.\n<br \/><em>Aktualizace: 20. 4. 2022, 21:25<\/em><br \/>\u00a0<\/li>\n<li><strong><a href=\"https:\/\/www.holocaust.cz\/\" id=\"link-526\" class=\"track_this_link \" rel=\"noopener noreferrer nofollow\" target=\"_blank\">holocaust.cz<\/a><\/strong>\n<br \/>Port\u00e1l, kter\u00fd provozuje Institut Terez\u00ednsk\u00e9 iniciativy, zve\u0159ej\u0148uje datab\u00e1zi ob\u011bt\u00ed a datab\u00e1zi dokument\u016f. II. sv\u011btov\u00e1 v\u00e1lka.\n<br \/><em>Aktualizace: 9. 8. 2019, 5:27<\/em><br \/>\u00a0<\/li>\n<li><strong><a href=\"https:\/\/www.holocaust.cz\/databaze-obeti\/\" id=\"link-698\" class=\"track_this_link \" rel=\"noopener noreferrer nofollow\" target=\"_blank\">holocaust.cz &#8211; datab\u00e1ze ob\u011bt\u00ed<\/a><\/strong>\n<br \/>Prvn\u00ed m\u00edsto, kam bychom m\u011bli nahl\u00e9dnou p\u0159i hled\u00e1n\u00ed nacistick\u00fdch ob\u011bt\u00ed. Odkaz vede na datab\u00e1zi ob\u011bt\u00ed. II. sv\u011btov\u00e1 v\u00e1lka.\n<br \/><em>Aktualizace: 9. 8. 2019, 5:28<\/em><br \/>\u00a0<\/li>\n<li><strong><a href=\"https:\/\/upadli.wordpress.com\/\" id=\"link-1013\" class=\"track_this_link \" rel=\"noopener noreferrer nofollow\" target=\"_blank\">I znajdziesz czasem groby w piasku, kt\u00f3rych nikt nie zna&#8230;<\/a><\/strong>\n<br \/>... I znajdziesz czasem groby w piasku, kt\u00f3rych nikt nie zna... Cmentarze i inne \u015blady Wielkiej Wojny na Roztoczu i okolicy. Hezk\u00e1 str\u00e1nka pln\u00e1 fotografi\u00ed, kter\u00e1 mapuje vojensk\u00e9 hroby z I. sv\u011btov\u00e9 v\u00e1lky na tzv. Roztoczu v Polsku.\n<br \/><em>Aktualizace: 29. 11. 2019, 19:07<\/em><br \/>\u00a0<\/li>\n<li><strong><a href=\"http:\/\/www.1wojna.pl\/\" id=\"link-1007\" class=\"track_this_link \" rel=\"noopener noreferrer nofollow\" target=\"_blank\">I. wojna \u015bwiatowa<\/a><\/strong>\n<br \/>Nep\u0159\u00edli\u0161 obs\u00e1hl\u00e1 polskojazy\u010dn\u00e1 str\u00e1nka o I. sv\u011btov\u00e9 v\u00e1lce, obsahuje zaj\u00edmav\u00fd bibliografick\u00fd seznam a encyklopedii zbran\u00ed. Strana m\u00e1 zablokovan\u00e9 kop\u00edrov\u00e1n\u00ed obr\u00e1zk\u016f i textu, tak\u017ee nep\u016fjde p\u0159ekl\u00e1dat. (Chci-li na t\u00e9to str\u00e1nce otev\u0159\u00edt n\u011bjak\u00fd odkaz do nov\u00e9ho panelu prohl\u00ed\u017ee\u010de, mus\u00edm podr\u017eet kombinaci Ctrl+Shift a teprve pak \u0165uknout na odkaz.)\n<br \/><em>Aktualizace: 29. 11. 2019, 19:07<\/em><br \/>\u00a0<\/li>\n<li><strong><a href=\"https:\/\/grandeguerre.icrc.org\/en\/File\/Search\" id=\"link-1063\" class=\"track_this_link \" rel=\"noopener noreferrer nofollow\" target=\"_blank\">ICRC historical archives &#8211; Prisoners of the first world war<\/a><\/strong>\n<br \/>V datab\u00e1zi \u010cerven\u00e9ho k\u0159\u00ed\u017ee lze hledat v\u011bzn\u011b I. sv\u011btov\u00e9 v\u00e1lky. Obsahuje v\u00edce z\u00e1znam\u016f sp\u00ed\u0161 ze z\u00e1padn\u00ed fronty ne\u017e z v\u00fdchodn\u00ed fronty.\n<br \/><em>Aktualizace: 20. 8. 2019, 1:37<\/em><br \/>\u00a0<\/li>\n<li><strong><a href=\"https:\/\/grandeguerre.icrc.org\/en\/File\/Search#\/4\/2\/112\/0\/Austro-Hungarian\/Military\/\" id=\"link-1064\" class=\"track_this_link \" rel=\"noopener noreferrer nofollow\" target=\"_blank\">ICRC historical archives &#8211; Prisoners of the first world war &#8211; Austro-Hungarian prisoners of war in Russian custody<\/a><\/strong>\n<br \/>V datab\u00e1zi \u010cerven\u00e9ho k\u0159\u00ed\u017ee lze hledat v\u011bzn\u011b I. sv\u011btov\u00e9 v\u00e1lky. Obsahuje v\u00edce z\u00e1znam\u016f sp\u00ed\u0161 ze z\u00e1padn\u00ed fronty ne\u017e z v\u00fdchodn\u00ed fronty. Odkaz vede na hled\u00e1n\u00ed R-U voj\u00e1k\u016f zajat\u00fdch na v\u00fdchodn\u00ed front\u011b. Jde snadno zm\u011bnit i na jin\u00e9 fronty.\n<br \/><em>Aktualizace: 20. 8. 2019, 1:37<\/em><br \/>\u00a0<\/li>\n<li><strong><a href=\"https:\/\/grandeguerre.icrc.org\/en\/Camps\" id=\"link-1588\" class=\"track_this_link \" rel=\"noopener noreferrer nofollow\" target=\"_blank\">ICRC historical archives \u2013 Prisoners of the first world war \u2014 List of the camps<\/a><\/strong>\n<br \/>Zajateck\u00e9 t\u00e1bory z I. sv\u011btov\u00e9 v\u00e1lky lze vyhled\u00e1vat na map\u011b nebo podle seznamu.\n<br \/><em>Aktualizace: 9. 4. 2020, 1:52<\/em><br \/>\u00a0<\/li>\n<li><strong><a href=\"https:\/\/jbc.bj.uj.edu.pl\/dlibra\/metadatasearch?action=AdvancedSearchAction&#038;type=-3&#038;val1=Subject:rejestry+zmar%C5%82ych&#038;language=pl\" id=\"link-1102\" class=\"track_this_link \" rel=\"noopener noreferrer nofollow\" target=\"_blank\">Jagiello\u0144ska Biblioteka Cyfrowa &#8211; rejestry zmar\u0142ych<\/a><\/strong>\n<br \/>Vyhled\u00e1v\u00e1n\u00ed na kl\u00ed\u010dov\u00e1 slova rejestry zmar\u0142ych ukazuje nap\u0159\u00edklad seznamy ztr\u00e1t z I. sv\u011btov\u00e9 v\u00e1lky.\n<br \/><em>Aktualizace: 20. 8. 2019, 4:53<\/em><br \/>\u00a0<\/li>\n<li><strong><a href=\"http:\/\/www.velkavalka.info\/jednotky.php\" id=\"link-301\" class=\"track_this_link \" rel=\"noopener noreferrer nofollow\" target=\"_blank\">Jednotky rakousko-uhersk\u00e9 arm\u00e1dy<\/a><\/strong>\n<br \/>Seznamy jednotek z I. sv\u011btov\u00e9 v\u00e1lky z \u00fazem\u00ed \u010ceskoslovenska.\n<br \/><em>Aktualizace: 29. 7. 2019, 0:56<\/em><br \/>\u00a0<\/li>\n<li><strong><a href=\"http:\/\/www.velkavalka.info\/mista-jednotky.php\" id=\"link-302\" class=\"track_this_link \" rel=\"noopener noreferrer nofollow\" target=\"_blank\">Kde bojoval m\u016fj prad\u011bde\u010dek?<\/a><\/strong>\n<br \/>Vyhled\u00e1va\u010d toho, do jak\u00fdch jednotek mohli b\u00fdt za\u0159azeni mu\u017ei z dan\u00e9 obce v I. sv\u011btov\u00e9 v\u00e1lce (tj. kter\u00e9 jednotky m\u011bly v dan\u00e9 obci dopl\u0148ovac\u00ed obvod).\n<br \/><em>Aktualizace: 29. 7. 2019, 0:57<\/em><br \/>\u00a0<\/li>\n<li><strong><a href=\"http:\/\/www.karelvasatko.cz\/\" id=\"link-1281\" class=\"track_this_link \" rel=\"noopener noreferrer nofollow\" target=\"_blank\">Klub p\u0159\u00e1tel pplk. Karla Va\u0161\u00e1tky \u2013 2.&nbsp;roty, 1.&nbsp;\u010cesko &#8211; Slovensk\u00e9ho st\u0159eleck\u00e9ho pluku<\/a><\/strong>\n<br \/>V\u00fdborn\u00e1 str\u00e1nka o \u010ceskoslovensk\u00fdch legi\u00edch. Doporu\u010duji.\n<br \/><em>Aktualizace: 6. 9. 2019, 4:22<\/em><br \/>\u00a0<\/li>\n<li><strong><a href=\"http:\/\/www.kvhbeskydy.sk\/\" id=\"link-662\" class=\"track_this_link \" rel=\"noopener noreferrer nofollow\" target=\"_blank\">Klub vojenskej hist\u00f3rie Beskydy<\/a><\/strong>\n<br \/>Slovensk\u00e9 str\u00e1nky KVH obsahuj\u00ed mimo jin\u00e9 i seznamy padl\u00fdch (nejen) Slov\u00e1k\u016f v I. sv\u011btov\u00e9 v\u00e1lce podle jednotliv\u00fdch \u00fatvar\u016f.\n<br \/><em>Aktualizace: 8. 8. 2019, 3:39<\/em><br \/>\u00a0<\/li>\n<li><strong><a href=\"https:\/\/www.familysearch.org\/search\/catalog\/1713234?availability=Family%20History%20Library\" id=\"link-1450\" class=\"track_this_link \" rel=\"noopener noreferrer nofollow\" target=\"_blank\">Kmenov\u00e9 listy vojensk\u00e9ho velitelstv\u00ed Lvov a&nbsp;Krakov<\/a><\/strong>\n<br \/>Na FamilySearch p\u0159\u00edstupn\u00fd fond digitalizovan\u00fdch kmenov\u00fdch list\u016f voj\u00e1k\u016f p\u0159\u00edslu\u0161n\u00fdch k vojensk\u00e9mu velitelstv\u00ed ve Lvov\u011b a pravd\u011bpodobn\u011b tak\u00e9 \u010d\u00e1ste\u010dn\u011b i k vojensk\u00e9mu velitelstv\u00ed v Krakov\u011b. Pr\u00e1v\u011b do Krakova pat\u0159ila tak\u00e9 \u010d\u00e1st Moravy a Slezska. Digitalizovan\u00e9 kmenov\u00e9 listy jsou p\u0159\u00edstupn\u00e9 po p\u0159ihl\u00e1\u0161en\u00ed.\n<br \/><em>Aktualizace: 13. 12. 2019, 4:41<\/em><br \/>\u00a0<\/li>\n<li><strong><a href=\"https:\/\/digitalnistudovna.army.cz\/uuid\/uuid:49365c6c-d16a-4722-8d7a-ceb203af13af\" id=\"link-2050\" class=\"track_this_link \" rel=\"noopener noreferrer nofollow\" target=\"_blank\">Knihy zem\u0159el\u00fdch v&nbsp;c. a&nbsp;k. poln\u00edch nemocnic\u00edch<\/a><\/strong>\n<br \/>Vojensk\u00fd archiv zve\u0159ejnil ve sv\u00e9 digit\u00e1ln\u00ed knihovn\u011b knihy zem\u0159el\u00fdch v c. a k. poln\u00edch nemocnic\u00edch s mo\u017enost\u00ed fulltextov\u011bho vyhled\u00e1v\u00e1n\u00ed.\n<br \/><em>Aktualizace: 11. 1. 2022, 17:46<\/em><br \/>\u00a0<\/li>\n<li><strong><a href=\"https:\/\/pl.wikipedia.org\/wiki\/Konflikty_zbrojne_w_historii_Polski\" id=\"link-2214\" class=\"track_this_link \" rel=\"noopener noreferrer nofollow\" target=\"_blank\">Konflikty zbrojne w historii Polski<\/a><\/strong>\n<br \/>Seznam ozbrojen\u00fdch konflikt\u016f (v\u00e1lky, bitvy, povst\u00e1n\u00ed) v cel\u00e9 historii Polska (v sou\u010dasn\u00fdch i historick\u00fdch hranic\u00edch). V pol\u0161tin\u011b.\n<br \/><em>Aktualizace: 19. 4. 2022, 22:10<\/em><br \/>\u00a0<\/li>\n<li><strong><a href=\"https:\/\/www.szukajwarchiwach.gov.pl\/jednostka\/-\/jednostka\/14706800\" id=\"link-1083\" class=\"track_this_link \" rel=\"noopener noreferrer nofollow\" target=\"_blank\">Korespondencja \u017co\u0142nierzy z&nbsp;czas\u00f3w I&nbsp;wojny \u015bwiatowej &#8211; 165 sztuk kart pocztowych, widok\u00f3wek i&nbsp;list\u00f3w<\/a><\/strong>\n<br \/>Mal\u00fd archivn\u00ed soubor korespondence voj\u00e1k\u016f z I. sv\u011btov\u00e9 v\u00e1lky, a to jak R-U voj\u00e1k\u016f (v\u010detn\u011b, \u010cech\u016f), tak i N\u011bmc\u016f. Zat\u00edm nen\u00ed digitalizovan\u00fd. Odkaz u\u017e vede na nov\u00fd port\u00e1l Szukaj w archiwach.\n<br \/><em>Aktualizace: 15. 5. 2021, 20:09<\/em><br \/>\u00a0<\/li>\n<li><strong><a href=\"https:\/\/archive.org\/details\/kronika_svetove_valky\" id=\"link-474\" class=\"track_this_link \" rel=\"noopener noreferrer nofollow\" target=\"_blank\">Kronika sv\u011btov\u00e9 v\u00e1lky 1914 &#8211; 1919<\/a><\/strong>\n<br \/>Ud\u00e1losti I. sv\u011btov\u00e9 v\u00e1lky na front\u011b i v t\u00fdlu chronologicky tak, jak \u0161ly den za dnem. Autor: Franti\u0161ek P. Vo\u017eick\u00fd, vy\u0161lo v Praze 1929 n\u00e1kladem autora. Zve\u0159ejnil archive.org. Lze listovat i st\u00e1hnout v r\u016fzn\u00fdch form\u00e1tech v\u010detn\u011b PDF.\n<br \/><em>Aktualizace: 3. 8. 2019, 6:38<\/em><br \/>\u00a0<\/li>\n<li><strong><a href=\"https:\/\/www.kz-gedenkstaette-dachau.de\/en\/research-and-collection\/information-request-for-prisoners-in-the-dachau-concentration-caml\/\" id=\"link-700\" class=\"track_this_link \" rel=\"noopener noreferrer nofollow\" target=\"_blank\">KZ-Gedenkst\u00e4tte Dachau<\/a><\/strong>\n<br \/>Odkaz vede na online formul\u00e1\u0159 \u017e\u00e1dosti o informace o konkr\u00e9tn\u00edch v\u011bzn\u00edch (anglicky). II. sv\u011btov\u00e1 v\u00e1lka.\n<br \/><em>Aktualizace: 6. 2. 2021, 12:29<\/em><br \/>\u00a0<\/li>\n<li><strong><a href=\"https:\/\/ksiega.fortytwierdzyprzemysl.pl\/pl\" id=\"link-1473\" class=\"track_this_link \" rel=\"noopener noreferrer nofollow\" target=\"_blank\">Lista Poleg\u0142ych \u017co\u0142nierzy armii Austro &#8211; W\u0119gierskiej w Twierdzy Przemy\u015bl<\/a><\/strong>\n<br \/>Z\u00e1kladn\u00ed seznam zem\u0159el\u00fdch voj\u00e1k\u016f R-U arm\u00e1dy v I. sv\u011btov\u00e9 v\u00e1lce v P\u0159emy\u0161lu (tvrz Przemy\u015bl, p\u0159i jej\u00ed obran\u011b i pak v jej\u00edch nemocnic\u00edch). Na seznamu se st\u00e1le pracuje.\n<br \/><em>Aktualizace: 25. 12. 2022, 15:31<\/em><br \/>\u00a0<\/li>\n<li><strong><a href=\"https:\/\/maps.geshergalicia.org\/galicia\/galicia-ww1-theater-1915\/\" id=\"link-890\" class=\"track_this_link \" rel=\"noopener noreferrer nofollow\" target=\"_blank\">Map of the Galician Theater of War 1915<\/a><\/strong>\n<br \/>Mapa boji\u0161t\u011b I. sv\u011btov\u00e9 v\u00e1lky v Hali\u010di v roce 1915. Br\u00e1nil-li v\u00e1\u0161 p\u0159edek pevnost Przemy\u015bl, jr na map\u011b zobrazena i ona. Mapa je v ru\u0161tin\u011b.\n<br \/><em>Aktualizace: 13. 8. 2019, 5:18<\/em><br \/>\u00a0<\/li>\n<li><strong><a href=\"https:\/\/ehri.cz\/memogis\/praha\/?l=Pocet_Zidu_v_prazskych_ctvrtich%5B5%5D%2CIncidenty_v_prostoru_mesta_Prahy%5B20%5D%2CBody_zajmu%2CBydliste_Zidu_v_Praze_v_dobe_okupace%5B25%5D%2CObeti_holokaustu_z_Prahy%2CHistoricka_mapa_Prahy&#038;bl=mapnik&#038;t=memogis_prague5_CZE.qgz&#038;c=1605459%2C6460757&#038;s=80000\" id=\"link-2062\" class=\"track_this_link \" rel=\"noopener noreferrer nofollow\" target=\"_blank\">Mapa ob\u011bt\u00ed holokaustu a&nbsp;m\u00edst v&nbsp;Praze spjat\u00fdch s&nbsp;\u00fatlakem \u017did\u016f v&nbsp;protektor\u00e1tu<\/a><\/strong>\n<br \/>Mapov\u00e1 aplikace ob\u011bt\u00ed holokaustu a m\u00edst v Praze spjat\u00fdch s \u00fatlakem \u017did\u016f v protektor\u00e1tu je v\u00fdsledkem spolupr\u00e1ce Masarykova \u00fastavu a Archivu AV, Institutu Terez\u00ednsk\u00e9 iniciativy a Multikulturn\u00edho centra Praha. Na vyzna\u010den\u00e9 body lze kliknout, otev\u0159e se ok\u00e9nko s dal\u0161\u00edmi informacemi a odkazy na jednotliv\u00e9 osoby v Datab\u00e1zi ob\u011bt\u00ed Holocaustu. Mapa je, bohu\u017eel, pom\u011brn\u011b pomal\u00e1, vypnut\u00ed vrstvy s historickou mapou ji malinko zrychlilo (st\u00e1le ale nedostate\u010dn\u011b).\n<br \/><em>Aktualizace: 27. 1. 2022, 18:44<\/em><br \/>\u00a0<\/li>\n<li><strong><a href=\"https:\/\/cs.wikipedia.org\/wiki\/Soubor:Mapa_c.k._garnizonow_(Landwehra)_1898.jpg\" id=\"link-1529\" class=\"track_this_link \" rel=\"noopener noreferrer nofollow\" target=\"_blank\">Mapa vojensk\u00fdch pos\u00e1dek rakousko-uhersk\u00e9 monarchie k&nbsp;roku 1898<\/a><\/strong>\n<br \/>V\u00fdborn\u00e1 mapa na wikipedii, kter\u00e1 ukazuje rozm\u00edst\u011bn\u00ed pos\u00e1dek zem\u011bbrany (landwehr, ma\u010farsky honv\u00e9d), tedy pluk\u016f (regiment\u016f), do nich\u017e byli odv\u00e1d\u011bni mu\u017ei na povinnou vojenskou slu\u017ebu. Mapa je dostupn\u00e1 v r\u016fzn\u00fdch velikostech.\n<br \/><em>Aktualizace: 25. 2. 2020, 16:42<\/em><br \/>\u00a0<\/li>\n<li><strong><a href=\"http:\/\/www.auschwitz.org\/muzeum\/informacja-o-wiezniach\/\" id=\"link-694\" class=\"track_this_link \" rel=\"noopener noreferrer nofollow\" target=\"_blank\">Muzeum Auschwitz-Birkenau<\/a><\/strong>\n<br \/>Odkaz vede na vyhled\u00e1v\u00e1n\u00ed v datab\u00e1zi v\u011bz\u0148\u016f. II. sv\u011btov\u00e1 v\u00e1lka.\n<br \/><em>Aktualizace: 9. 8. 2019, 5:02<\/em><br \/>\u00a0<\/li>\n<li><strong><a href=\"http:\/\/www.majdanek.eu\/pl\/prisoners\" id=\"link-696\" class=\"track_this_link \" rel=\"noopener noreferrer nofollow\" target=\"_blank\">Muzeum na&nbsp;Majdanku<\/a><\/strong>\n<br \/>Odkaz vede na vyhled\u00e1v\u00e1n\u00ed v datab\u00e1zi v\u011bz\u0148\u016f. II. sv\u011btov\u00e1 v\u00e1lka.\n<br \/><em>Aktualizace: 9. 8. 2019, 5:03<\/em><br \/>\u00a0<\/li>\n<li><strong><a href=\"https:\/\/catalog.archives.gov\/id\/6943087\" id=\"link-1079\" class=\"track_this_link \" rel=\"noopener noreferrer nofollow\" target=\"_blank\">National archives catalog &#8211; Card Register of Burials of Deceased American Soldiers, 1917 &#8211; 1922<\/a><\/strong>\n<br \/>Digitalizovan\u00e9 eviden\u010dn\u00ed karty americk\u00fdch voj\u00e1k\u016f, kte\u0159\u00ed padli nebo zem\u0159eli v I. sv\u011btov\u00e9 v\u00e1lce. Hod\u00ed se pro hled\u00e1n\u00ed p\u0159\u00edbuzn\u00fdch, kte\u0159\u00ed emigrovali do USA.\n<br \/><em>Aktualizace: 29. 11. 2019, 19:14<\/em><br \/>\u00a0<\/li>\n<li><strong><a href=\"https:\/\/catalog.archives.gov\/search?q=*:*&#038;f.ancestorNaIds=421&#038;sort=naIdSort%20asc\" id=\"link-1081\" class=\"track_this_link \" rel=\"noopener noreferrer nofollow\" target=\"_blank\">National archives catalog &#8211; Records of the Office of the Quartermaster General, 1774 &#8211; 1985<\/a><\/strong>\n<br \/>Seznam archivn\u00edch fond\u016f americk\u00fdch voj\u00e1k\u016f, kte\u0159\u00ed padli nebo zem\u0159eli v letech 1774 a\u017e 1985. Hod\u00ed se pro hled\u00e1n\u00ed p\u0159\u00edbuzn\u00fdch, kte\u0159\u00ed emigrovali do USA.\n<br \/><em>Aktualizace: 20. 8. 2019, 3:32<\/em><br \/>\u00a0<\/li>\n<li><strong><a href=\"https:\/\/noraci.cz\/\" id=\"link-2011\" class=\"track_this_link \" rel=\"noopener noreferrer nofollow\" target=\"_blank\">Nor\u00e1ci<\/a><\/strong>\n<br \/>Nor\u00e1ky se naz\u00fdvali \u010de\u0161t\u00ed mu\u017ei, kte\u0159\u00ed museli za druh\u00e9 sv\u011btov\u00e9 v\u00e1lky odej\u00edt do tot\u00e1ln\u00edho nasazen\u00ed do Norska. Str\u00e1nky obsahuj\u00ed informace, ale i datab\u00e1zi, v n\u00ed\u017e je 1366 jmen.\n<br \/><em>Aktualizace: 22. 9. 2021, 19:37<\/em><br \/>\u00a0<\/li>\n<li><strong><a href=\"https:\/\/www.zwangsarbeit-archiv.de\/cs\/\" id=\"link-2017\" class=\"track_this_link \" rel=\"noopener noreferrer nofollow\" target=\"_blank\">Nucen\u00e1 pr\u00e1ce 1939-1945 &#8211; vzpom\u00ednky a&nbsp;d\u011bjiny<\/a><\/strong>\n<br \/>V\u00fdborn\u00fd projekt Nadace P\u0159ipom\u00ednka, odpov\u011bdnost a budoucnost (Erinnerung, Verantwortung und Zukunft, EVZ) ve spolupr\u00e1ci se Svobodnou univerzitou Berl\u00edn (Freie Universit\u00e4t Berlin) a N\u011bmeck\u00fdm historick\u00fdm muzeem (Deutsches Historischesn Museum) se podrobn\u011b v\u011bnuje nucen\u00e1 pr\u00e1ci pro nacion\u00e1ln\u011b socialistick\u00e9 N\u011bmecko (&quot;tot\u00e1ln\u00ed nasazen\u00ed&quot;) v letech 1939 a\u017e 1945. Obsahuje i autentick\u00e9 vzpom\u00ednky t\u011bch, kte\u0159\u00ed byli tot\u00e1ln\u011b nasazen\u00ed.\n<br \/><em>Aktualizace: 5. 10. 2021, 21:01<\/em><br \/>\u00a0<\/li>\n<li><strong><a href=\"https:\/\/pl.wikipedia.org\/wiki\/Oddzia%C5%82_Grob%C3%B3w_Wojennych_C._i_K._Komendantury_Wojskowej_w_Krakowie#Wykaz_cmentarzy\" id=\"link-1001\" class=\"track_this_link \" rel=\"noopener noreferrer nofollow\" target=\"_blank\">Oddzia\u0142 Grob\u00f3w Wojennych C. i&nbsp;K. Komendantury Wojskowej w Krakowie<\/a><\/strong>\n<br \/>Str\u00e1nka na wikipedii (v pol\u0161tin\u011b), kter\u00e1 p\u0159ehledn\u011b shrnuje to nejpodstatn\u011bj\u0161\u00ed, co pot\u0159ebujeme v\u011bd\u011bt p\u0159i hled\u00e1n\u00ed hrob\u016f na\u0161ich voj\u00e1k\u016f, kte\u0159\u00ed padli nebo zem\u0159eli v z\u00e1padn\u00ed \u010d\u00e1sku Hali\u010de v dob\u011b I. sv\u011btov\u00e9 v\u00e1lky. Nejd\u016fle\u017eit\u011bj\u0161\u00ed pro dal\u0161\u00ed hled\u00e1n\u00ed je kapitola &quot;Wykaz cmentarzy&quot;, kam tak\u00e9 p\u0159\u00edmo vede odkaz.\n<br \/><em>Aktualizace: 18. 8. 2019, 4:43<\/em><br \/>\u00a0<\/li>\n<li><strong><a href=\"http:\/\/wicy.webd.pl\/polegli\/index.php?lng=cz\" id=\"link-931\" class=\"track_this_link \" rel=\"noopener noreferrer nofollow\" target=\"_blank\">Padli v&nbsp;Prvn\u00ed sv\u011btov\u00e9 v\u00e1lce<\/a><\/strong>\n<br \/>Polsk\u00fd web, kter\u00fd ale mluv\u00ed \u010desky (dost l\u00e1man\u011b), mapuje v\u00e1le\u010dn\u00e9 hroby a jin\u00e1 pietn\u00ed m\u00edsta a vytv\u00e1\u0159\u00ed index poh\u0159ben\u00fdch nebo zm\u00edn\u011bn\u00fdch na pam\u00e1tn\u00edc\u00edch na \u00fazem\u00ed Polska. Zahrnuje mnoho \u010desky, slovensky a ma\u010farsky zn\u011bj\u00edc\u00edch p\u0159\u00edjmen\u00ed. Doporu\u010duji p\u0159i hled\u00e1n\u00ed bu\u010f hledat sp\u00ed\u0161 podle abecedy nebo pou\u017e\u00edt v\u00edce r\u016fzn\u00fdch variant a mo\u017enost\u00ed z\u00e1pis\u016f dan\u00e9ho p\u0159\u00edjmen\u00ed (i zkomolen\u00fdch).\n<br \/><em>Aktualizace: 29. 11. 2019, 19:16<\/em><br \/>\u00a0<\/li>\n<li><strong><a href=\"https:\/\/is.cuni.cz\/webapps\/zzp\/detail\/104170\/\" id=\"link-943\" class=\"track_this_link \" rel=\"noopener noreferrer nofollow\" target=\"_blank\">P\u00e9\u010de o&nbsp;v\u00e1le\u010dn\u00e9 invalidy v&nbsp;\u010ceskoslovensku v&nbsp;letech 1918 &#8211; 1938<\/a><\/strong>\n<br \/>Diserta\u010dn\u00ed pr\u00e1ce Mgr. Marka R\u016f\u017ei\u010dky, Ph.D. I. sv\u011btov\u00e1 v\u00e1lka.\n<br \/><em>Aktualizace: 29. 11. 2019, 19:18<\/em><br \/>\u00a0<\/li>\n<li><strong><a href=\"http:\/\/www.agad.gov.pl\/cmentarze\/Cmentarze.html\" id=\"link-1062\" class=\"track_this_link \" rel=\"noopener noreferrer nofollow\" target=\"_blank\">Plany cmentarzy wojennych w zasobie Archiwum G\u0142\u00f3wnego Akt Dawnych w Warszawie<\/a><\/strong>\n<br \/>Informa\u010dn\u00ed \u010dl\u00e1nek o v\u00e1le\u010dn\u00fdch hrobech a h\u0159bitovech z I. sv\u011btov\u00e9 v\u00e1lky. Na konci jsou dva odkazy na materi\u00e1ly z fondu hrob\u016f s centrem v Lublin\u011b: str\u00e1nka se skeny pl\u00e1n\u016f n\u011bkter\u00fdch poh\u0159ebi\u0161\u0165 a seznam obc\u00ed, k nim\u017e jsou ve fondu zat\u00edm nezve\u0159ejn\u011bn\u00e9 pl\u00e1ny.\n<br \/><em>Aktualizace: 20. 8. 2019, 1:36<\/em><br \/>\u00a0<\/li>\n<li><strong><a href=\"https:\/\/www.polishroots.org\/Research\/History?PageId=261\" id=\"link-1107\" class=\"track_this_link \" rel=\"noopener noreferrer nofollow\" target=\"_blank\">PolishRoots &#8211; Cemetery of the Defenders of Lwow<\/a><\/strong>\n<br \/>Datab\u00e1ze je p\u0159episem z knihy &quot;W Obronie Lwowa i wschodnich Kresow - Polegli od 1-go listopda 1918 do 30-go czerwca 1919 R.&quot; zve\u0159ejn\u011bn\u00e9 ve Lwow\u011b roku 1926. Zat\u00edm se mi z datab\u00e1ze nepovedlo vydolovat \u017e\u00e1dn\u00e9 p\u0159\u00edjmen\u00ed a prohl\u00ed\u017een\u00ed podle abecedy nen\u00ed k dispozici. Nev\u00edm proto, zda je datab\u00e1ze funk\u010dn\u00ed.\n<br \/><em>Aktualizace: 6. 2. 2021, 12:50<\/em><br \/>\u00a0<\/li>\n<li><strong><a href=\"https:\/\/dk.upce.cz\/handle\/10195\/71579\" id=\"link-1135\" class=\"track_this_link \" rel=\"noopener noreferrer nofollow\" target=\"_blank\">Reprezentace a&nbsp;recepce v\u00e1le\u010dn\u00e9 invalidity v&nbsp;dob\u011b 1.&nbsp;sv\u011btov\u00e9 v\u00e1lky<\/a><\/strong>\n<br \/>Martin H\u00fdbl, bakal\u00e1\u0159sk\u00e1 pr\u00e1ce, Univerzita Pardubice, 2019. Z abstraktu: Pr\u00e1ce se zab\u00fdv\u00e1 p\u00e9\u010d\u00ed o v\u00e1le\u010dn\u00e9 invalidy v dob\u011b I. sv\u011btov\u00e9 v\u00e1lky a v letech n\u00e1sleduj\u00edc\u00edch. Mapuje instituce, staraj\u00edc\u00ed se o v\u00e1le\u010dn\u00e9 invalidy, d\u016fchodov\u00fd syst\u00e9m, kter\u00fd slou\u017eil k p\u0159erozd\u011blov\u00e1n\u00ed d\u016fchod\u016f pro v\u00e1le\u010dn\u00e9 invalidy, vdovy a sirotky po nich a n\u00e1sledn\u011b rozeb\u00edr\u00e1 zpr\u00e1vy o invalidech v dobov\u00fdch tiskovin\u00e1ch.\n<br \/><em>Aktualizace: 29. 11. 2019, 19:20<\/em><br \/>\u00a0<\/li>\n<li><strong><a href=\"https:\/\/cs.wikipedia.org\/wiki\/Seznam_bitev_%C4%8Desk%C3%BDch_d%C4%9Bjin\" id=\"link-623\" class=\"track_this_link \" rel=\"noopener noreferrer nofollow\" target=\"_blank\">Seznam bitev \u010desk\u00fdch d\u011bjin<\/a><\/strong>\n<br \/>V p\u0159ehledn\u00e9 tabulce na wikipedii uveden\u00fd seznam bitev, do nich\u017e se zapojili na\u0161i voj\u00e1ci. Praktick\u00e9 pro p\u0159\u00edpad, \u017ee si \u010dlov\u011bk nen\u00ed jist\u00fd, zda hledan\u00fd p\u0159edek nebo p\u0159\u00edbuzn\u00fd nemohl padnout v n\u011bjak\u00e9 bitv\u011b.\n<br \/><em>Aktualizace: 7. 8. 2019, 1:41<\/em><br \/>\u00a0<\/li>\n<li><strong><a href=\"https:\/\/cs.wikipedia.org\/wiki\/Seznam_p%C4%9B%C5%A1%C3%ADch_pluk%C5%AF_c%C3%ADsa%C5%99sko-habsbursk%C3%A9_arm%C3%A1dy\" id=\"link-1624\" class=\"track_this_link \" rel=\"noopener noreferrer nofollow\" target=\"_blank\">Seznam p\u011b\u0161\u00edch pluk\u016f c\u00edsa\u0159sko-habsbursk\u00e9 arm\u00e1dy<\/a><\/strong>\n<br \/>Orienta\u010dn\u00ed seznam na wikipedii obsahuje jen z\u00e1kladn\u00ed \u00fadaje - rok zalo\u017een\u00ed, uniformu a seznam majitel\u016f (co\u017e se dost hod\u00ed).\n<br \/><em>Aktualizace: 15. 5. 2020, 15:19<\/em><br \/>\u00a0<\/li>\n<li><strong><a href=\"https:\/\/archive.org\/details\/seznamsibirskear1364kanc\/page\/n6\" id=\"link-464\" class=\"track_this_link \" rel=\"noopener noreferrer nofollow\" target=\"_blank\">Seznam sibi\u0159sk\u00e9 arm\u00e1dy<\/a><\/strong>\n<br \/>Seznam legion\u00e1\u0159\u016f, kte\u0159\u00ed za I. sv\u011btov\u00e9 v\u00e1lky uv\u00edzli na Sibi\u0159i. Autor: Kancel\u00e1\u0159 \u010deskoslovensk\u00fdch legi\u00ed v Praze, vy\u0161lo v Praze 1919. Zve\u0159ejnil archive.org. Lze listovat i st\u00e1hnout v r\u016fzn\u00fdch form\u00e1tech v\u010detn\u011b PDF.\n<br \/><em>Aktualizace: 3. 8. 2019, 5:12<\/em><br \/>\u00a0<\/li>\n<li><strong><a href=\"http:\/\/www.digitalniknihovna.cz\/dsmo\/uuid\/uuid:6b980390-1630-11df-b3c0-0013d398622b\" id=\"link-292\" class=\"track_this_link \" rel=\"noopener noreferrer nofollow\" target=\"_blank\">Seznam ztr\u00e1t<\/a><\/strong>\n<br \/>Seznam ztr\u00e1t v I. sv\u011btov\u00e9 v\u00e1lce 12. 8. 1914 a\u017e 14. 2. 1919 (Verlustliste ausgegeben am).\n<br \/><em>Aktualizace: 28. 7. 2019, 23:59<\/em><br \/>\u00a0<\/li>\n<li><strong><a href=\"http:\/\/www.digitalniknihovna.cz\/dsmo\/uuid\/uuid:906dd640-1c6b-11df-8265-0013d398622b\" id=\"link-293\" class=\"track_this_link \" rel=\"noopener noreferrer nofollow\" target=\"_blank\">Seznam ztr\u00e1t &#8211; abecedn\u00ed seznam jmen<\/a><\/strong>\n<br \/>Seznam ztr\u00e1t v I. sv\u011btov\u00e9 v\u00e1lce 2. 9. 1914 a\u017e 24. 5. 1919 (Alphabetisches Verzeichnis der in den Verlustlisten).\n<br \/><em>Aktualizace: 29. 7. 2019, 0:00<\/em><br \/>\u00a0<\/li>\n<li><strong><a href=\"http:\/\/www.digitalniknihovna.cz\/dsmo\/uuid\/uuid:2b663490-205d-11df-a12f-0013d398622b\" id=\"link-294\" class=\"track_this_link \" rel=\"noopener noreferrer nofollow\" target=\"_blank\">Seznam ztr\u00e1t &#8211; dopl\u0148ky a&nbsp;opravy<\/a><\/strong>\n<br \/>Seznam ztr\u00e1t v I. sv\u011btov\u00e9 v\u00e1lce - dopl\u0148ky a opravy 9. 10. 1914 a\u017e 16. 7. 1915 (Erg\u00e4nzungen und Berichtigungen ausgegeben am).\n<br \/><em>Aktualizace: 29. 7. 2019, 0:01<\/em><br \/>\u00a0<\/li>\n<li><strong><a href=\"http:\/\/www.digitalniknihovna.cz\/dsmo\/uuid\/uuid:946d30a0-0c13-11df-a329-0013d398622b\" id=\"link-295\" class=\"track_this_link \" rel=\"noopener noreferrer nofollow\" target=\"_blank\">Seznam ztr\u00e1t &#8211; v\u00e1le\u010dn\u00ed zajatci<\/a><\/strong>\n<br \/>Seznam ztr\u00e1t v I. sv\u011btov\u00e9 v\u00e1lce - 25. 5. 1915 a\u017e 23. 2. 1916 uvedeni v\u00e1le\u010dn\u00ed zajatci v P\u0159emy\u0161lu, 11. 3. 1916 a\u017e 15. 4. 1918 ostatn\u00ed (Kriegsgefangene).\n<br \/><em>Aktualizace: 29. 7. 2019, 0:01<\/em><br \/>\u00a0<\/li>\n<li><strong><a href=\"http:\/\/www.digitalniknihovna.cz\/dsmo\/uuid\/uuid:0cd50310-0c14-11df-a471-0013d398622b\" id=\"link-296\" class=\"track_this_link \" rel=\"noopener noreferrer nofollow\" target=\"_blank\">Seznam ztr\u00e1t &#8211; zpr\u00e1vy o&nbsp;ran\u011bn\u00fdch a&nbsp;nemocn\u00fdch<\/a><\/strong>\n<br \/>Seznam ztr\u00e1t v I. sv\u011btov\u00e9 v\u00e1lce - 24. 8. 1914 a\u017e 23. 11. 1917 (Nachrichten \u00fcber Verwundete und Kranke ausgegeben am).\n<br \/><em>Aktualizace: 29. 7. 2019, 0:02<\/em><br \/>\u00a0<\/li>\n<li><strong><a href=\"http:\/\/des.genealogy.net\/ou1wk\/search\" id=\"link-651\" class=\"track_this_link \" rel=\"noopener noreferrer nofollow\" target=\"_blank\">Seznam ztr\u00e1t \u2013 vyhled\u00e1v\u00e1n\u00ed<\/a><\/strong>\n<br \/>Vyhled\u00e1v\u00e1n\u00ed v Seznamu ztr\u00e1t v I. sv\u011btov\u00e9 v\u00e1lce (Search results Verlustlisten \u00d6sterreich-Ungarn 1. WK). Zve\u0159ejn\u011bno na genealogy.net.\n<br \/><em>Aktualizace: 7. 8. 2019, 5:51<\/em><br \/>\u00a0<\/li>\n<li><strong><a href=\"https:\/\/velkavalka.info\/seznamyztrat\/\" id=\"link-1771\" class=\"track_this_link \" rel=\"noopener noreferrer nofollow\" target=\"_blank\">Seznam ztr\u00e1t cz \u2013 vyhled\u00e1v\u00e1n\u00ed<\/a><\/strong>\n<br \/>Vyhled\u00e1v\u00e1n\u00ed v Seznamu ztr\u00e1t v I. sv\u011btov\u00e9 v\u00e1lce. Datab\u00e1ze vznikla za pomoc\u00ed mnoha dobrovoln\u00edk\u016f ru\u010dn\u00edm p\u0159eps\u00e1n\u00edm plukovn\u00edch seznam\u016f ztr\u00e1t ulo\u017een\u00fdch ve v\u00edde\u0148sk\u00e9m Kriegsarchivu. Zve\u0159ejn\u011bno na velkavalka.info.\n<br \/><em>Aktualizace: 21. 12. 2023, 21:22<\/em><br \/>\u00a0<\/li>\n<li><strong><a href=\"https:\/\/www.ustrcr.cz\/data\/pdf\/projekty\/usmrceni-hranice\/sesit13.pdf\" id=\"link-2093\" class=\"track_this_link \" rel=\"noopener noreferrer nofollow\" target=\"_blank\">Seznamy osob usmrcen\u00fdch na&nbsp;st\u00e1tn\u00edch hranic\u00edch 1945\u20131989<\/a><\/strong>\n<br \/>Martin Pulec: Organizace a \u010dinnost ozbrojen\u00fdch pohrani\u010dn\u00edch slo\u017eek - Seznamy osob usmrcen\u00fdch na st\u00e1tn\u00edch hranic\u00edch 1945\u20131989, \u00da\u0159ad dokumentace a vy\u0161et\u0159ov\u00e1n\u00ed zlo\u010din\u016f komunismu, 2006. Publikace je dostupn\u00e1 v PDF. Tabulky obsahuj\u00ed jm\u00e9no a p\u0159\u00edjmen\u00ed, st\u00e1tn\u00ed p\u0159\u00edslu\u0161nost, datum narozen\u00ed a \u00famrt\u00ed, p\u0159\u00ed\u010dinu \u00famrt\u00ed, m\u00edsto (pop\u0159\u00edpad\u011b \u00fasek), kde do\u0161lo k \u00famrt\u00ed nebo zran\u011bn\u00ed, prameny a v pozn\u00e1mce velmi \u010dasto stru\u010dn\u00fd popis ud\u00e1losti.\n<br \/><em>Aktualizace: 3. 3. 2022, 20:18<\/em><br \/>\u00a0<\/li>\n<li><strong><a href=\"https:\/\/vhu.dynamit.sk\/search-sk.html\" id=\"link-2497\" class=\"track_this_link \" rel=\"noopener noreferrer nofollow\" target=\"_blank\">Slovensk\u00e1 datab\u00e1ze padl\u00fdch v&nbsp;1.&nbsp;sv\u011btov\u00e9 v\u00e1lce<\/a><\/strong>\n<br \/>Pracovn\u00edci Vojensk\u00e9ho historick\u00e9ho arch\u00edvu p\u0159episuj\u00ed do datab\u00e1ze celkem 267 vojensk\u00fdch matrik (ulo\u017een\u00fdch ve VHA Bratislava). V datab\u00e1zi je mo\u017en\u00e9 vyhled\u00e1vat a pak se uk\u00e1\u017ee jm\u00e9no a p\u0159\u00edjmen\u00ed, hodnost, jednotka, datum \u00famrt\u00ed, m\u00edsto poh\u0159ben\u00ed, p\u0159\u00ed\u010dina \u00famrt\u00ed, datum a m\u00edsto narozen\u00ed). Datab\u00e1ze byla zve\u0159ejn\u011bna 12. 12. 2023.\n<br \/><em>Aktualizace: 16. 12. 2023, 20:45<\/em><br \/>\u00a0<\/li>\n<li><strong><a href=\"http:\/\/wiki-de.genealogy.net\/Verlustlisten_Erster_Weltkrieg\/Dienstgrad\" id=\"link-402\" class=\"track_this_link \" rel=\"noopener noreferrer nofollow\" target=\"_blank\">Slovn\u00edk n\u011bmeck\u00fdch zkratek ze&nbsp;seznamu ztr\u00e1t<\/a><\/strong>\n<br \/>Verlustlisten Erster Weltkrieg \/ Dienstgrad. I. sv\u011btov\u00e1 v\u00e1lka. Pozor, t\u00fdk\u00e1 se N\u011bmecka, ale rakousk\u00e9 pojmy se moc neli\u0161\u00ed.\n<br \/><em>Aktualizace: 31. 7. 2019, 4:28<\/em><br \/>\u00a0<\/li>\n<li><strong><a href=\"http:\/\/wiki-de.genealogy.net\/Milit%C3%A4r\/Formationsgeschichte\/Abk%C3%BCrzungen\" id=\"link-401\" class=\"track_this_link \" rel=\"noopener noreferrer nofollow\" target=\"_blank\">Slovn\u00edk vojensk\u00fdch zkratek v&nbsp;n\u011bm\u010din\u011b<\/a><\/strong>\n<br \/>Milit\u00e4r \/ Formationsgeschichte \/ Abk\u00fcrzungen. Pozor, t\u00fdk\u00e1 se N\u011bmecka, ale rakousk\u00e9 pojmy se moc neli\u0161\u00ed.\n<br \/><em>Aktualizace: 31. 7. 2019, 4:28<\/em><br \/>\u00a0<\/li>\n<li><strong><a href=\"http:\/\/www.straty.pl\/pl\/\" id=\"link-929\" class=\"track_this_link \" rel=\"noopener noreferrer nofollow\" target=\"_blank\">Straty osobowe i&nbsp;ofiary represji pod okupacj\u0105 niemieck\u0105 w latach 1939-1945<\/a><\/strong>\n<br \/>Portal i wyszukiwarke prowadzi Instytut Pami\u0119ci Narodowej wsp\u00f3lnie z Ministerstwem Kultury i Dziedzictwa Narodowego oraz O\u015brodkiem \u201eKARTA\u201d. II. sv\u011btov\u00e1 v\u00e1lka\n<br \/><em>Aktualizace: 19. 8. 2019, 3:13<\/em><br \/>\u00a0<\/li>\n<li><strong><a href=\"http:\/\/uniformenportal.de\/index.php?\/category\/1\" id=\"link-427\" class=\"track_this_link \" rel=\"noopener noreferrer nofollow\" target=\"_blank\">Uniformy napoleonsk\u00fdch v\u00e1lek<\/a><\/strong>\n<br \/>Str\u00e1nky Napoleon Online 1792 - 1815 jsou v n\u011bm\u010din\u011b, ale n\u00e1zvy nejsou slo\u017eit\u00e9 a jde hlavn\u011b o obr\u00e1zky.\n<br \/><em>Aktualizace: 2. 8. 2019, 3:57<\/em><br \/>\u00a0<\/li>\n<li><strong><a href=\"https:\/\/cs.wikipedia.org\/wiki\/V%C3%A1lky_%C4%8Desk%C3%BDch_d%C4%9Bjin\" id=\"link-622\" class=\"track_this_link \" rel=\"noopener noreferrer nofollow\" target=\"_blank\">V\u00e1lky \u010desk\u00fdch d\u011bjin<\/a><\/strong>\n<br \/>V p\u0159ehledn\u00e9 tabulce na wikipedii uveden\u00fd seznam v\u00e1lek, do nich\u017e se zapojili na\u0161i voj\u00e1ci. Praktick\u00e9 pro p\u0159\u00edpad, \u017ee si \u010dlov\u011bk nen\u00ed jist\u00fd, zda hledan\u00fd p\u0159edek nebo p\u0159\u00edbuzn\u00fd nemohl padnout v n\u011bjak\u00e9 v\u00e1lce.\n<br \/><em>Aktualizace: 7. 8. 2019, 1:41<\/em><br \/>\u00a0<\/li>\n<li><strong><a href=\"http:\/\/www.velkavalka.info\/\" id=\"link-300\" class=\"track_this_link \" rel=\"noopener noreferrer nofollow\" target=\"_blank\">Velk\u00e1 v\u00e1lka<\/a><\/strong>\n<br \/>Jeden ze z\u00e1kladn\u00edch web\u016f o I. sv\u011btov\u00e9 v\u00e1lce.\n<br \/><em>Aktualizace: 29. 7. 2019, 0:56<\/em><br \/>\u00a0<\/li>\n<li><strong><a href=\"https:\/\/velkavojna.sk\/viewpage.php?page_id=9\" id=\"link-660\" class=\"track_this_link \" rel=\"noopener noreferrer nofollow\" target=\"_blank\">Ve\u013ek\u00e1 vojna a&nbsp;\u00fazemie Slovenska 1914 &#8211; 1918<\/a><\/strong>\n<br \/>Skv\u011bl\u00e9 slovensk\u00e9 str\u00e1nky o I. sv\u011btov\u00e9 v\u00e1lce. Odkaz vede na \u010dl\u00e1nek &quot;Zistite k ak\u00e9mu druhu jednotiek mohol by\u0165 odveden\u00fd&quot;.\n<br \/><em>Aktualizace: 8. 8. 2019, 3:33<\/em><br \/>\u00a0<\/li>\n<li><strong><a href=\"https:\/\/www.vuapraha.cz\/kartoteky\/\" id=\"link-2206\" class=\"track_this_link \" rel=\"noopener noreferrer nofollow\" target=\"_blank\">VHA &#8211; Digitalizovan\u00e9 kartot\u00e9ky<\/a><\/strong>\n<br \/>Abecedn\u011b \u0159azen\u00e9 doklady padl\u00fdch v 1. sv\u011btov\u00e9 v\u00e1lce, leteck\u00e9 karty \u010ds. p\u0159\u00edslu\u0161n\u00edk\u016f RAF a Wehrpassy (brann\u00e9 pr\u016fkazy) p\u0159\u00edslu\u0161n\u00edk\u016f SS, kte\u0159\u00ed za II. sv\u011btov\u00e9 v\u00e1lky vykon\u00e1vali vojenskou slu\u017ebu jako str\u00e1\u017en\u00ed v koncentra\u010dn\u00edch t\u00e1borech.\n<br \/><em>Aktualizace: 31. 3. 2022, 23:36<\/em><br \/>\u00a0<\/li>\n<li><strong><a href=\"https:\/\/www.vuapraha.cz\/inventare\/\" id=\"link-2207\" class=\"track_this_link \" rel=\"noopener noreferrer nofollow\" target=\"_blank\">VHA &#8211; Invent\u00e1\u0159e<\/a><\/strong>\n<br \/>Archivn\u00ed pom\u016fcky v\u011bt\u0161iny fond\u016f, dostupn\u00e9 v PDF.\n<br \/><em>Aktualizace: 31. 3. 2022, 23:38<\/em><br \/>\u00a0<\/li>\n<li><strong><a href=\"https:\/\/www.vuapraha.cz\/vojensky-historicky-archiv\/\" id=\"link-2204\" class=\"track_this_link \" rel=\"noopener noreferrer nofollow\" target=\"_blank\">VHA &#8211; Vojensk\u00fd historick\u00fd archiv<\/a><\/strong>\n<br \/>Hlavn\u00ed str\u00e1nka webu VHA. V jej\u00edm menu jsou odkazy na d\u016fle\u017eit\u00e9 slu\u017eby pro samostatn\u00e9 vyhled\u00e1v\u00e1n\u00ed.\n<br \/><em>Aktualizace: 31. 3. 2022, 23:37<\/em><br \/>\u00a0<\/li>\n<li><strong><a href=\"https:\/\/www.vuapraha.cz\/vojenske-matriky\/\" id=\"link-2209\" class=\"track_this_link \" rel=\"noopener noreferrer nofollow\" target=\"_blank\">VHA &#8211; Vyhled\u00e1n\u00ed vojensk\u00e9 matriky<\/a><\/strong>\n<br \/>Vyhled\u00e1v\u00e1n\u00ed vojensk\u00fdch matrik na webu VHA. Lze vyhled\u00e1vat, i kdy\u017e pon\u011bkud ne\u0161\u0165astn\u011b, nap\u0159\u00edklad pouze pro ur\u010dit\u00e9 roky. U v\u00fdsledku lze kliknout na ikonku oka, \u010d\u00edm\u017e se dostaneme rovnou na p\u0159\u00edslu\u0161nou matriku v Digit\u00e1ln\u00ed studovn\u011b Ministerstva obrany (kramerius).\n<br \/><em>Aktualizace: 31. 3. 2022, 23:39<\/em><br \/>\u00a0<\/li>\n<li><strong><a href=\"https:\/\/www.vuapraha.cz\/databaze-vha\/\" id=\"link-2205\" class=\"track_this_link \" rel=\"noopener noreferrer nofollow\" target=\"_blank\">VHA &#8211; Vyhled\u00e1v\u00e1n\u00ed v&nbsp;datab\u00e1z\u00edch<\/a><\/strong>\n<br \/>Vyhled\u00e1v\u00e1n\u00ed v datab\u00e1z\u00edch padl\u00fdch v I. a II. sv\u011btov\u00e9 v\u00e1lce, p\u0159\u00edslu\u0161n\u00edk\u016f \u010deskoslovensk\u00fdch zahrani\u010dn\u00edch jednotek za II. sv\u011btov\u00e9 v\u00e1lky i p\u0159\u00edslu\u0161n\u00edk\u016f \u010deskoslovensk\u00fdch legi\u00ed.\n<br \/><em>Aktualizace: 31. 3. 2022, 23:37<\/em><br \/>\u00a0<\/li>\n<li><strong><a href=\"http:\/\/www.velkavalka.info\/hrbitovy-zapHalic.php\" id=\"link-304\" class=\"track_this_link \" rel=\"noopener noreferrer nofollow\" target=\"_blank\">Voj\u00e1ci \u010desk\u00fdch a&nbsp;slovensk\u00fdch jednotek poh\u0159ben\u00ed v&nbsp;z\u00e1padn\u00ed Hali\u010di<\/a><\/strong>\n<br \/>Jedna z mnoha verz\u00ed datab\u00e1ze poh\u0159ben\u00fdch na z\u00e1pad\u011b Hali\u010de v dob\u011b I. sv\u011btov\u00e9 v\u00e1lky. Nelze vyhled\u00e1vat, je t\u0159eba prohl\u00ed\u017eet jednotky nebo h\u0159bitovy.\n<br \/><em>Aktualizace: 29. 7. 2019, 0:58<\/em><br \/>\u00a0<\/li>\n<li><strong><a href=\"http:\/\/www.velkavalka.info\/hrbitovy-CR.php\" id=\"link-303\" class=\"track_this_link \" rel=\"noopener noreferrer nofollow\" target=\"_blank\">Vojensk\u00e9 h\u0159bitovy z&nbsp;I. sv\u011btov\u00e9 v\u00e1lky v&nbsp;\u010cR<\/a><\/strong>\n<br \/>Informace o h\u0159bitovech - p\u0159edev\u0161\u00edm poloha, n\u011bkdy i fotku h\u0159bitova, sem tam odkaz na extern\u00ed str\u00e1nky, kter\u00e9 se dan\u00e9mu h\u0159bitovu v\u011bnuj\u00ed. Zat\u00edm jsou zmapovan\u00e9 p\u0159edev\u0161\u00edm h\u0159bitovy z \u00fazem\u00ed Moravy a Slezska, \u010cechy jen \u010d\u00e1ste\u010dn\u011b. Nelze vyhled\u00e1vat, je t\u0159eba prohl\u00ed\u017eet jednotky nebo h\u0159bitovy.\n<br \/><em>Aktualizace: 29. 7. 2019, 1:01<\/em><br \/>\u00a0<\/li>\n<li><strong><a href=\"http:\/\/www.velkavalka.info\/hrbitovy-zahranici.php\" id=\"link-305\" class=\"track_this_link \" rel=\"noopener noreferrer nofollow\" target=\"_blank\">Vojensk\u00e9 h\u0159bitovy z&nbsp;I. sv\u011btov\u00e9 v\u00e1lky v&nbsp;zahrani\u010d\u00ed<\/a><\/strong>\n<br \/>Informace o h\u0159bitovech obsahuj\u00ed p\u0159edev\u0161\u00edm polohu a n\u011bkdy i fotku h\u0159bitova. P\u0159ipojeny jsou i h\u0159bitovy ze z\u00e1padn\u00ed \u010d\u00e1sti Hali\u010de. Nelze vyhled\u00e1vat, je t\u0159eba prohl\u00ed\u017eet jednotky nebo h\u0159bitovy.\n<br \/><em>Aktualizace: 29. 7. 2019, 1:01<\/em><br \/>\u00a0<\/li>\n<li><strong><a href=\"http:\/\/ebadatelnavha.vhu.sk\/sk\/islandora\/search\" id=\"link-1967\" class=\"track_this_link \" rel=\"noopener noreferrer nofollow\" target=\"_blank\">Vojensk\u00fd historick\u00fd \u00fastav Bratislava &#8211; vyhled\u00e1v\u00e1n\u00ed<\/a><\/strong>\n<br \/>Vojensk\u00fd historick\u00fd \u00fastav Bratislava postupn\u011b digitalizuje vojensk\u00e9 fondy od R-U arm\u00e1dy a\u017e po sou\u010dasnost (samoz\u0159ejm\u011b s ohledem na ochranu osobn\u00edch \u00fadaj\u016f).\n<br \/><em>Aktualizace: 4. 6. 2021, 19:24<\/em><br \/>\u00a0<\/li>\n<li><strong><a href=\"https:\/\/www.volksbund.de\/cz\/graebersuche.html\" id=\"link-1059\" class=\"track_this_link \" rel=\"noopener noreferrer nofollow\" target=\"_blank\">Volksbund Deutsche Kriegsgr\u00e4berf\u00fcrsorge e.V. (N\u00e1rodn\u00ed svaz N\u011bmeck\u00e1 p\u00e9\u010de o&nbsp;v\u00e1le\u010dn\u00e9 hroby)<\/a><\/strong>\n<br \/>II. sv\u011btov\u00e1 v\u00e1lka. Odkaz vede na vyhled\u00e1va\u010d, kter\u00fd by m\u011bl b\u00fdt v \u010de\u0161tin\u011b, ale i tak je str\u00e1nka v angli\u010dtin\u011b.\n<br \/><em>Aktualizace: 19. 8. 2019, 19:45<\/em><br \/>\u00a0<\/li>\n<li><strong><a href=\"https:\/\/dlib.rsl.ru\/viewer\/01005452503?page=1#?page=1\" id=\"link-1652\" class=\"track_this_link \" rel=\"noopener noreferrer nofollow\" target=\"_blank\">V\u0161echna m\u00edsta v&nbsp;Rusku v&nbsp;letech 1895 a\u017e 1902, v\u010detn\u011b jmenn\u00fdch seznam\u016f<\/a><\/strong>\n<br \/>Rusk\u00e1 st\u00e1tn\u00ed knihovna zve\u0159ejnila digitalizovan\u00e9 rozs\u00e1hl\u00e9 d\u00edlo: &quot;\u0412\u0441\u044f \u0420\u043e\u0441\u0441\u0438\u044f : \u0420\u0443\u0441. \u043a\u043d. \u043f\u0440\u043e\u043c-\u0441\u0442\u0438, \u0442\u043e\u0440\u0433\u043e\u0432\u043b\u0438, \u0441\u0435\u043b. \u0445\u043e\u0437-\u0432\u0430 \u0438 \u0430\u0434\u043c\u0438\u043d\u0438\u0441\u0442\u0440\u0430\u0446\u0438\u0438 : \u0422\u043e\u0440\u0433.-\u043f\u0440\u043e\u043c. \u0430\u0434\u0440\u0435\u0441-\u043a\u0430\u043b\u0435\u043d\u0434\u0430\u0440\u044c \u0420\u043e\u0441. \u0438\u043c\u043f\u0435\u0440\u0438\u0438... - \u0421\u0430\u043d\u043a\u0442-\u041f\u0435\u0442\u0435\u0440\u0431\u0443\u0440\u0433 : \u0410.\u0421. \u0421\u0443\u0432\u043e\u0440\u0438\u043d, 1895-1902&quot;. Obsahuje \u010dlen\u011bn\u00ed zem\u011b podle guberni\u00ed, v jejich r\u00e1mci pak v\u0161echna m\u00edsta a tak\u00e9 jmenn\u00e9 seznamy majitel\u016f panstv\u00ed, \u00fa\u0159edn\u00edk\u016f, majitel\u016f firem apod. V\u0161e v ru\u0161tin\u011b, v\u010detn\u011b vyhled\u00e1v\u00e1n\u00ed. Mohlo by se hodit i pro vyhled\u00e1v\u00e1n\u00ed n\u011bjak\u00e9ho m\u00edsta v tehdej\u0161\u00edm Rusku (hlavn\u011b t\u0159eba pro padl\u00e9 a zajat\u00e9 voj\u00e1ky v 1. sv\u011btov\u00e9 v\u00e1lce).\n<br \/><em>Aktualizace: 2. 7. 2020, 22:23<\/em><br \/>\u00a0<\/li>\n<li><strong><a href=\"https:\/\/wbh.wp.mil.pl\/pl\/skanywyszukiwarka_zaawansowana\/\" id=\"link-702\" class=\"track_this_link \" rel=\"noopener noreferrer nofollow\" target=\"_blank\">Wojskowe Biuro Historyczne &#8211; Centralne Archiwum Wojskowe<\/a><\/strong>\n<br \/>Polsk\u00fd vojensk\u00fd archiv. Odkaz vede na vyhled\u00e1v\u00e1n\u00ed v r\u016fzn\u00fdch fondech.\n<br \/><em>Aktualizace: 29. 11. 2019, 19:27<\/em><br \/>\u00a0<\/li>\n<li><strong><a href=\"https:\/\/maps.geshergalicia.org\/special\/stanislawow-battlefront-1916\/\" id=\"link-892\" class=\"track_this_link \" rel=\"noopener noreferrer nofollow\" target=\"_blank\">World War I&nbsp;Battle Lines around Stanis\u0142aw\u00f3w, September 1916<\/a><\/strong>\n<br \/>Mapa front I. sv\u011btov\u00e9 v\u00e1lky v Hali\u010di v z\u00e1\u0159\u00ed 1916 zobrazuje ji\u017en\u00ed \u010d\u00e1st boji\u0161t\u011b za Brusilovovy ofenz\u00edvy, p\u0159i n\u00ed\u017e bylo zabito, zran\u011bno a zajato mnoho na\u0161ich voj\u00e1k\u016f.\n<br \/><em>Aktualizace: 13. 8. 2019, 5:19<\/em><br \/>\u00a0<\/li>\n<li><strong><a href=\"https:\/\/maps.geshergalicia.org\/special\/galicia-volhynia-ww1-1915\/\" id=\"link-891\" class=\"track_this_link \" rel=\"noopener noreferrer nofollow\" target=\"_blank\">World War I&nbsp;Battle Lines in Galicia &#038; Volhynia, Summer 1915<\/a><\/strong>\n<br \/>Mapa front I. sv\u011btov\u00e9 v\u00e1lky v Hali\u010di v l\u00e9t\u011b 1915.\n<br \/><em>Aktualizace: 13. 8. 2019, 5:18<\/em><br \/>\u00a0<\/li>\n<li><strong><a href=\"https:\/\/maps.geshergalicia.org\/galicia\/galicia-ww1-battle-lines-1914\/\" id=\"link-889\" class=\"track_this_link \" rel=\"noopener noreferrer nofollow\" target=\"_blank\">World War I&nbsp;Battle Lines in Galicia, Summer 1914<\/a><\/strong>\n<br \/>Mapa front I. sv\u011btov\u00e9 v\u00e1lky v Hali\u010di v l\u00e9t\u011b 1914. Byl-li v\u00e1\u0161 p\u0159edek zran\u011bn nebo zabit u Lublina nebo br\u00e1nil pevnost Przemy\u015bl, jsou na map\u011b zobrazena i tato m\u00edsta.\n<br \/><em>Aktualizace: 13. 8. 2019, 5:17<\/em><br \/>\u00a0<\/li>\n<li><strong><a href=\"http:\/\/www.digitalniknihovna.cz\/dsmo\/view\/uuid:fca27387-79bf-46c9-b13a-e2cdfd3fd38e?page=uuid:03f7cc04-3c0b-11eb-a23e-001b63bd97ba\" id=\"link-1755\" class=\"track_this_link \" rel=\"noopener noreferrer nofollow\" target=\"_blank\">Zem\u0159eli na&nbsp;Z\u00e1pad\u011b<\/a><\/strong>\n<br \/>Kniha Ji\u0159\u00ed Plach\u00fd, Ivo Pej\u010doch: Zem\u0159eli na Z\u00e1pad\u011b - ztr\u00e1ty \u010deskoslovensk\u00e9 pozemn\u00ed zahrani\u010dn\u00ed arm\u00e1dy v Polsku, Francii, na St\u0159edn\u00edm v\u00fdchod\u011b a ve Velk\u00e9 Brit\u00e1nii v letech 1939-1945, Praha: Ministerstvo obrany \u010cesk\u00e9 republiky, Odbor komunikace a propagace (OKP), 2012. Medailony p\u0159\u00edslu\u0161n\u00edk\u016f \u010deskoslovensk\u00fdch ozbrojen\u00fdch sil v Polsku, ve Francii, ve Velk\u00e9 Brit\u00e1nii a na St\u0159edn\u00edm v\u00fdchod\u011b, kte\u0159\u00ed za 2. sv\u011btov\u00e9 v\u00e1lky padli nebo zem\u0159eli. Kniha obsahuje rovn\u011b\u017e jmenn\u00e9 seznamy zem\u0159el\u00fdch a padl\u00fdch p\u0159\u00edslu\u0161n\u00edk\u016f \u010deskoslovensk\u00e9ho letectva ve Velk\u00e9 Brit\u00e1nii, p\u0159\u00edslu\u0161n\u00edk\u016f v\u00fdsadkov\u00fdch skupin z Brit\u00e1nie a voj\u00e1k\u016f \u010deskoslovensk\u00e9 samostatn\u00e9 obrn\u011bn\u00e9 brig\u00e1dy. Titul je voln\u011b dostupn\u00fd v digit\u00e1ln\u00ed knihovn\u011b.\n<br \/><em>Aktualizace: 5. 2. 2021, 16:00<\/em><br \/>\u00a0<\/li>\n<li><strong><a href=\"http:\/\/www.ztracenilide.cz\/\" id=\"link-605\" class=\"track_this_link \" rel=\"noopener noreferrer nofollow\" target=\"_blank\">Ztracen\u00ed lid\u00e9<\/a><\/strong>\n<br \/>Nada\u010dn\u00ed fond &quot;Ztracen\u00ed lid\u00e9&quot; se sna\u017e\u00ed nal\u00e9zat a identifikovat ob\u011bti napoleonsk\u00fdch v\u00e1lek, voj\u00e1k\u016f i civiln\u00edch osob, kter\u00e9 zem\u0159ely v d\u016fsledku v\u00e1le\u010dn\u00fdch ud\u00e1lost\u00ed b\u011bhem let 1793 - 1815 a byly poh\u0159beny na \u00fazem\u00ed dne\u0161n\u00ed \u010cesk\u00e9 nebo Slovensk\u00e9 republiky.\n<br \/><em>Aktualizace: 6. 8. 2019, 3:33<\/em><br \/>\u00a0<\/li>\n\t<\/ul>\n<\/div><!-- Div End Category -->\n<script type='text\/javascript'>\njQuery(document).ready(function()\n{\njQuery('.arrow-up').hide();\njQuery('#linklist1 a.track_this_link').click(function() {\nlinkid = this.id;\nlinkid = linkid.substring(5);\npath = '';\njQuery.ajax( {    type: 'POST',    url: 'https:\/\/www.neznamo.cz\/genealogie\/wp-admin\/admin-ajax.php',     data: { action: 'link_library_tracker',             _ajax_nonce: '965a04d8ae',             id:linkid, xpath:path }     });\nreturn true;\n});\njQuery('#linklist1 .expandlinks').click(function() {\ntarget = '.' + jQuery(this).attr('id');\nsubcattarget = '.' + jQuery(this).attr('data-subcat');\nif ( jQuery( target ).is(':visible') ) {\njQuery(target).slideUp();\njQuery(subcattarget).slideToggle();\njQuery(this).children('img').attr('src', 'https:\/\/www.neznamo.cz\/genealogie\/wp-content\/plugins\/link-library\/icons\/expand-32.png');\n} else {\njQuery(target).slideDown();\njQuery(subcattarget).slideToggle();\njQuery(this).children('img').attr('src', 'https:\/\/www.neznamo.cz\/genealogie\/wp-content\/plugins\/link-library\/icons\/collapse-32.png');\n}\n});\njQuery('#linklist1 .linklistcatclass').click(function() {\njQuery(this).siblings('.expandlinks').click();\n});\njQuery('#linklist1 .linklistcatnamedesc').click(function() {\njQuery(this).siblings('.expandlinks').click();\n});\n});\n<\/script>\n<\/div><!-- Div Linklist -->\n<!-- End of Link Library Output -->\n\n\n","protected":false},"excerpt":{"rendered":"","protected":false},"author":1,"featured_media":0,"parent":0,"menu_order":0,"comment_status":"closed","ping_status":"closed","template":"","meta":{"footnotes":""},"class_list":["post-183","page","type-page","status-publish","hentry"],"featured_image_urls_v2":{"full":"","thumbnail":"","medium":"","medium_large":"","large":"","1536x1536":"","2048x2048":"","twentyseventeen-featured-image":"","twentyseventeen-thumbnail-avatar":""},"post_excerpt_stackable_v2":"<p>Centr\u00e1ln\u00ed evidence v\u00e1le\u010dn\u00fdch hrob\u016f Ministerstva obrany V\u00fdborn\u00e9 datab\u00e1ze pro hled\u00e1n\u00ed v\u00e1le\u010dn\u00fdch hrob\u016f z&nbsp;obou sv\u011btov\u00fdch v\u00e1lek. Datab\u00e1ze: V\u00e1le\u010dn\u00e9 hroby v&nbsp;\u010cR, Poh\u0159ben\u00e9 osoby v&nbsp;\u010cR, V\u00e1le\u010dn\u00e9 hroby v&nbsp;zahrani\u010d\u00ed, Osoby poh\u0159ben\u00e9 v&nbsp;zahrani\u010d\u00ed, Evidence padl\u00fdch; a&nbsp;k&nbsp;tomu je\u0161t\u011b vyhled\u00e1va\u010d Hled\u00e1n\u00ed v&nbsp;\u010cR a&nbsp;SR podle osobn\u00edch \u00fadaj\u016f, Hled\u00e1n\u00ed VH v&nbsp;\u010cR a&nbsp;SR, a&nbsp;nav\u00edc Mapa lokalit VH. Dobr\u00e1 v\u00fdchoz\u00ed datab\u00e1ze pro hled\u00e1n\u00ed. Aktualizace: 25.&nbsp;12.&nbsp;2022, 15:23\u00a0 Legie 100 &#8211; Seznam legion\u00e1\u0159\u016f Projekt \u010ceskoslovensk\u00e9 obce legion\u00e1\u0159sk\u00e9 (se \u0161irokou st\u00e1tn\u00ed i&nbsp;nest\u00e1tn\u00ed podporou) k&nbsp;p\u0159ipom\u00ednce \u010deskoslovensk\u00fdch legion\u00e1\u0159\u016f. Seznam legion\u00e1\u0159\u016f \u010derp\u00e1 z&nbsp;datab\u00e1ze VHA a&nbsp;i&nbsp;my m\u016f\u017eeme pos\u00edlat informace&hellip;<\/p>\n","category_list_v2":"","author_info_v2":{"name":"Monika","url":"https:\/\/www.neznamo.cz\/genealogie\/author\/monika\/"},"comments_num_v2":"0 comments","_links":{"self":[{"href":"https:\/\/www.neznamo.cz\/genealogie\/wp-json\/wp\/v2\/pages\/183","targetHints":{"allow":["GET"]}}],"collection":[{"href":"https:\/\/www.neznamo.cz\/genealogie\/wp-json\/wp\/v2\/pages"}],"about":[{"href":"https:\/\/www.neznamo.cz\/genealogie\/wp-json\/wp\/v2\/types\/page"}],"author":[{"embeddable":true,"href":"https:\/\/www.neznamo.cz\/genealogie\/wp-json\/wp\/v2\/users\/1"}],"replies":[{"embeddable":true,"href":"https:\/\/www.neznamo.cz\/genealogie\/wp-json\/wp\/v2\/comments?post=183"}],"version-history":[{"count":0,"href":"https:\/\/www.neznamo.cz\/genealogie\/wp-json\/wp\/v2\/pages\/183\/revisions"}],"wp:attachment":[{"href":"https:\/\/www.neznamo.cz\/genealogie\/wp-json\/wp\/v2\/media?parent=183"}],"curies":[{"name":"wp","href":"https:\/\/api.w.org\/{rel}","templated":true}]}}